{"id":99,"date":"2022-06-12T22:50:22","date_gmt":"2022-06-12T20:50:22","guid":{"rendered":"http:\/\/wushuelorn.fr\/?page_id=99"},"modified":"2026-04-18T11:14:26","modified_gmt":"2026-04-18T09:14:26","slug":"news","status":"publish","type":"page","link":"https:\/\/wushuelorn.fr\/?page_id=99","title":{"rendered":"vie de l&#8217;association"},"content":{"rendered":"\n<h2 class=\"wp-block-heading\"><strong>Journ\u00e9e Sport\/Sant\u00e9 \u00e0 la Cimenterie de Landerneau <\/strong><\/h2>\n\n\n\n<p>Le jeudi 16 Avril 2026 , notre association participait \u00e0 une journ\u00e9e Sport \/sant\u00e9 \u00e0 la cimenterie de Landerneau , cette pr\u00e9sence par la tenue d&#8217;un stand \u00e0 permis quelques contacts avec des personnes ou structures en recherches d&#8217;\u00e9ventuels cours leur apportant une reprise du sport apr\u00e8s une longue p\u00e9riode d&#8217;arr\u00eat . <\/p>\n\n\n\n<figure class=\"wp-block-image size-large\"><img loading=\"lazy\" decoding=\"async\" width=\"1024\" height=\"577\" src=\"https:\/\/wushuelorn.fr\/wp-content\/uploads\/2026\/04\/20260416_140832-1-1024x577.jpg\" alt=\"\" class=\"wp-image-1078\" srcset=\"https:\/\/wushuelorn.fr\/wp-content\/uploads\/2026\/04\/20260416_140832-1-1024x577.jpg 1024w, https:\/\/wushuelorn.fr\/wp-content\/uploads\/2026\/04\/20260416_140832-1-300x169.jpg 300w, https:\/\/wushuelorn.fr\/wp-content\/uploads\/2026\/04\/20260416_140832-1-768x432.jpg 768w, https:\/\/wushuelorn.fr\/wp-content\/uploads\/2026\/04\/20260416_140832-1-1536x865.jpg 1536w, https:\/\/wushuelorn.fr\/wp-content\/uploads\/2026\/04\/20260416_140832-1-2048x1153.jpg 2048w\" sizes=\"auto, (max-width: 767px) 89vw, (max-width: 1000px) 54vw, (max-width: 1071px) 543px, 580px\" \/><\/figure>\n\n\n\n<p><strong>Photo : Anonyme <\/strong><\/p>\n\n\n\n<h2 class=\"wp-block-heading\"><strong>Rencontre des Arts Energ\u00e9tiques et Martiaux Chinois \u00e0 Quimper <\/strong><\/h2>\n\n\n\n<p><\/p>\n\n\n\n<p>Le samedi 28 mars 2026 \u00e0 l&#8217;invitation de l&#8217;association Taodet Quimper ,les clubs d&#8217;arts martiaux et \u00e9nerg\u00e9tiques chinois du Finist\u00e8re  se sont retrouv\u00e9s \u00e0 Quimper salle de la MPT de Penhars . Wushu Elorn y a brillamment particip\u00e9 avec 25 \u00e9l\u00e8ves accompagnant Renfeng SU leur Professeure principale dans des d\u00e9monstrations de Qigong ,Taiji et Kung FU . Merci \u00e0 Serge Roselier et Marie  pour leur initiative et l&#8217;accueil durant cette belle journ\u00e9e de partage .<\/p>\n\n\n\n<figure class=\"wp-block-image size-large\"><img loading=\"lazy\" decoding=\"async\" width=\"1024\" height=\"768\" src=\"https:\/\/wushuelorn.fr\/wp-content\/uploads\/2026\/03\/IMG-20260328-WA0011-1024x768.jpg\" alt=\"\" class=\"wp-image-998\" srcset=\"https:\/\/wushuelorn.fr\/wp-content\/uploads\/2026\/03\/IMG-20260328-WA0011-1024x768.jpg 1024w, https:\/\/wushuelorn.fr\/wp-content\/uploads\/2026\/03\/IMG-20260328-WA0011-300x225.jpg 300w, https:\/\/wushuelorn.fr\/wp-content\/uploads\/2026\/03\/IMG-20260328-WA0011-768x576.jpg 768w, https:\/\/wushuelorn.fr\/wp-content\/uploads\/2026\/03\/IMG-20260328-WA0011-1536x1152.jpg 1536w, https:\/\/wushuelorn.fr\/wp-content\/uploads\/2026\/03\/IMG-20260328-WA0011.jpg 1600w\" sizes=\"auto, (max-width: 767px) 89vw, (max-width: 1000px) 54vw, (max-width: 1071px) 543px, 580px\" \/><\/figure>\n\n\n\n<figure class=\"wp-block-image size-large\"><img loading=\"lazy\" decoding=\"async\" width=\"1024\" height=\"768\" src=\"https:\/\/wushuelorn.fr\/wp-content\/uploads\/2026\/03\/IMG-20260328-WA0014-1024x768.jpg\" alt=\"\" class=\"wp-image-999\" srcset=\"https:\/\/wushuelorn.fr\/wp-content\/uploads\/2026\/03\/IMG-20260328-WA0014-1024x768.jpg 1024w, https:\/\/wushuelorn.fr\/wp-content\/uploads\/2026\/03\/IMG-20260328-WA0014-300x225.jpg 300w, https:\/\/wushuelorn.fr\/wp-content\/uploads\/2026\/03\/IMG-20260328-WA0014-768x576.jpg 768w, https:\/\/wushuelorn.fr\/wp-content\/uploads\/2026\/03\/IMG-20260328-WA0014-1536x1152.jpg 1536w, https:\/\/wushuelorn.fr\/wp-content\/uploads\/2026\/03\/IMG-20260328-WA0014.jpg 1600w\" sizes=\"auto, (max-width: 767px) 89vw, (max-width: 1000px) 54vw, (max-width: 1071px) 543px, 580px\" \/><\/figure>\n\n\n\n<p><strong>Photos : Brigitte Graf<\/strong><\/p>\n\n\n\n<h2 class=\"wp-block-heading\"><strong>D\u00e9couverte du Wushu par l&#8217;association GV Forme de Loperhet<\/strong><\/h2>\n\n\n\n<p>Samedi 7 mars en matin\u00e9e Renfeng accompagn\u00e9e de Claude ont fait d\u00e9couvrir plusieurs facettes du Wushu aux adh\u00e9rents de l&#8217;association Gv Forme de Loperhet . Les quinze \u00e9l\u00e8ves pr\u00e9sents avec leur pr\u00e9sidente Lysiane Julien ont ainsi pu pratiquer le Qigong ,le taiji \u00e9ventail et quelques postures de kung fu \u00e9ventail . Le plaisir de tous \u00e9tant au rendez-vous dans cette belle salle du &#8220;Trimaran&#8221;.<\/p>\n\n\n\n<figure class=\"wp-block-image size-large\"><img loading=\"lazy\" decoding=\"async\" width=\"1024\" height=\"543\" src=\"https:\/\/wushuelorn.fr\/wp-content\/uploads\/2026\/03\/IMG-20260310-WA0018-1024x543.jpg\" alt=\"\" class=\"wp-image-991\" srcset=\"https:\/\/wushuelorn.fr\/wp-content\/uploads\/2026\/03\/IMG-20260310-WA0018-1024x543.jpg 1024w, https:\/\/wushuelorn.fr\/wp-content\/uploads\/2026\/03\/IMG-20260310-WA0018-300x159.jpg 300w, https:\/\/wushuelorn.fr\/wp-content\/uploads\/2026\/03\/IMG-20260310-WA0018-768x407.jpg 768w, https:\/\/wushuelorn.fr\/wp-content\/uploads\/2026\/03\/IMG-20260310-WA0018-1536x814.jpg 1536w, https:\/\/wushuelorn.fr\/wp-content\/uploads\/2026\/03\/IMG-20260310-WA0018.jpg 1600w\" sizes=\"auto, (max-width: 767px) 89vw, (max-width: 1000px) 54vw, (max-width: 1071px) 543px, 580px\" \/><\/figure>\n\n\n\n<figure class=\"wp-block-image size-large is-resized\"><img loading=\"lazy\" decoding=\"async\" width=\"731\" height=\"1024\" src=\"https:\/\/wushuelorn.fr\/wp-content\/uploads\/2026\/03\/IMG-20260310-WA0020-731x1024.jpg\" alt=\"\" class=\"wp-image-992\" style=\"aspect-ratio:0.7138767066611502;width:346px;height:auto\" srcset=\"https:\/\/wushuelorn.fr\/wp-content\/uploads\/2026\/03\/IMG-20260310-WA0020-731x1024.jpg 731w, https:\/\/wushuelorn.fr\/wp-content\/uploads\/2026\/03\/IMG-20260310-WA0020-214x300.jpg 214w, https:\/\/wushuelorn.fr\/wp-content\/uploads\/2026\/03\/IMG-20260310-WA0020-768x1076.jpg 768w, https:\/\/wushuelorn.fr\/wp-content\/uploads\/2026\/03\/IMG-20260310-WA0020-1096x1536.jpg 1096w, https:\/\/wushuelorn.fr\/wp-content\/uploads\/2026\/03\/IMG-20260310-WA0020.jpg 1142w\" sizes=\"auto, (max-width: 731px) 100vw, 731px\" \/><\/figure>\n\n\n\n<p><strong>Photos: association Gv Forme <\/strong><\/p>\n\n\n\n<h2 class=\"wp-block-heading\"><strong>Voyage en Asie ( Capucins 2026 )<\/strong><\/h2>\n\n\n\n<p>Le samedi 7 et dimanche 8 mars 2026 ,plusieurs \u00e9l\u00e8ves et professeurs de Wushu Elorn ont particip\u00e9s et anim\u00e9s par des d\u00e9monstrations et ateliers ,la f\u00eate de l&#8217;Asie aux ateliers des Capucins \u00e0 Brest . Devant une foule de plus de dix mille personnes sur les deux jours , ce fut une belle ambiance festive et chaleureuse . Merci \u00e0 tous les acteurs de toutes origines pr\u00e9sents pour leur dynamisme !<\/p>\n\n\n\n<figure class=\"wp-block-image size-large is-resized\"><img loading=\"lazy\" decoding=\"async\" width=\"1024\" height=\"768\" src=\"https:\/\/wushuelorn.fr\/wp-content\/uploads\/2026\/03\/IMG-20260307-WA0024-1024x768.jpg\" alt=\"\" class=\"wp-image-976\" style=\"width:436px;height:auto\" srcset=\"https:\/\/wushuelorn.fr\/wp-content\/uploads\/2026\/03\/IMG-20260307-WA0024-1024x768.jpg 1024w, https:\/\/wushuelorn.fr\/wp-content\/uploads\/2026\/03\/IMG-20260307-WA0024-300x225.jpg 300w, https:\/\/wushuelorn.fr\/wp-content\/uploads\/2026\/03\/IMG-20260307-WA0024-768x576.jpg 768w, https:\/\/wushuelorn.fr\/wp-content\/uploads\/2026\/03\/IMG-20260307-WA0024-1536x1152.jpg 1536w, https:\/\/wushuelorn.fr\/wp-content\/uploads\/2026\/03\/IMG-20260307-WA0024.jpg 1600w\" sizes=\"auto, (max-width: 767px) 89vw, (max-width: 1000px) 54vw, (max-width: 1071px) 543px, 580px\" \/><\/figure>\n\n\n\n<figure class=\"wp-block-image size-large is-resized\"><img loading=\"lazy\" decoding=\"async\" width=\"1024\" height=\"683\" src=\"https:\/\/wushuelorn.fr\/wp-content\/uploads\/2026\/03\/IMG-20260310-WA0001-1024x683.jpg\" alt=\"\" class=\"wp-image-977\" style=\"aspect-ratio:1.4992874769733413;width:431px;height:auto\" srcset=\"https:\/\/wushuelorn.fr\/wp-content\/uploads\/2026\/03\/IMG-20260310-WA0001-1024x683.jpg 1024w, https:\/\/wushuelorn.fr\/wp-content\/uploads\/2026\/03\/IMG-20260310-WA0001-300x200.jpg 300w, https:\/\/wushuelorn.fr\/wp-content\/uploads\/2026\/03\/IMG-20260310-WA0001-768x512.jpg 768w, https:\/\/wushuelorn.fr\/wp-content\/uploads\/2026\/03\/IMG-20260310-WA0001-1536x1024.jpg 1536w, https:\/\/wushuelorn.fr\/wp-content\/uploads\/2026\/03\/IMG-20260310-WA0001.jpg 2048w\" sizes=\"auto, (max-width: 767px) 89vw, (max-width: 1000px) 54vw, (max-width: 1071px) 543px, 580px\" \/><\/figure>\n\n\n\n<figure class=\"wp-block-image size-large is-resized\"><img loading=\"lazy\" decoding=\"async\" width=\"771\" height=\"1024\" src=\"https:\/\/wushuelorn.fr\/wp-content\/uploads\/2026\/03\/IMG-20260307-WA0004-1-771x1024.jpg\" alt=\"\" class=\"wp-image-981\" style=\"aspect-ratio:0.7529411764705882;width:432px;height:auto\" srcset=\"https:\/\/wushuelorn.fr\/wp-content\/uploads\/2026\/03\/IMG-20260307-WA0004-1-771x1024.jpg 771w, https:\/\/wushuelorn.fr\/wp-content\/uploads\/2026\/03\/IMG-20260307-WA0004-1-226x300.jpg 226w, https:\/\/wushuelorn.fr\/wp-content\/uploads\/2026\/03\/IMG-20260307-WA0004-1-768x1021.jpg 768w, https:\/\/wushuelorn.fr\/wp-content\/uploads\/2026\/03\/IMG-20260307-WA0004-1-1156x1536.jpg 1156w, https:\/\/wushuelorn.fr\/wp-content\/uploads\/2026\/03\/IMG-20260307-WA0004-1.jpg 1204w\" sizes=\"auto, (max-width: 767px) 89vw, (max-width: 1000px) 54vw, (max-width: 1071px) 543px, 580px\" \/><\/figure>\n\n\n\n<figure class=\"wp-block-image size-large is-resized\"><img loading=\"lazy\" decoding=\"async\" width=\"1024\" height=\"683\" src=\"https:\/\/wushuelorn.fr\/wp-content\/uploads\/2026\/03\/IMG-20260310-WA0004-1024x683.jpg\" alt=\"\" class=\"wp-image-978\" style=\"aspect-ratio:1.4992874769733413;width:435px;height:auto\" srcset=\"https:\/\/wushuelorn.fr\/wp-content\/uploads\/2026\/03\/IMG-20260310-WA0004-1024x683.jpg 1024w, https:\/\/wushuelorn.fr\/wp-content\/uploads\/2026\/03\/IMG-20260310-WA0004-300x200.jpg 300w, https:\/\/wushuelorn.fr\/wp-content\/uploads\/2026\/03\/IMG-20260310-WA0004-768x512.jpg 768w, https:\/\/wushuelorn.fr\/wp-content\/uploads\/2026\/03\/IMG-20260310-WA0004-1536x1024.jpg 1536w, https:\/\/wushuelorn.fr\/wp-content\/uploads\/2026\/03\/IMG-20260310-WA0004.jpg 1717w\" sizes=\"auto, (max-width: 767px) 89vw, (max-width: 1000px) 54vw, (max-width: 1071px) 543px, 580px\" \/><\/figure>\n\n\n\n<figure class=\"wp-block-image size-large is-resized\"><img loading=\"lazy\" decoding=\"async\" width=\"1024\" height=\"683\" src=\"https:\/\/wushuelorn.fr\/wp-content\/uploads\/2026\/03\/IMG-20260310-WA0000-1024x683.jpg\" alt=\"\" class=\"wp-image-988\" style=\"aspect-ratio:1.4992874769733413;width:440px;height:auto\" srcset=\"https:\/\/wushuelorn.fr\/wp-content\/uploads\/2026\/03\/IMG-20260310-WA0000-1024x683.jpg 1024w, https:\/\/wushuelorn.fr\/wp-content\/uploads\/2026\/03\/IMG-20260310-WA0000-300x200.jpg 300w, https:\/\/wushuelorn.fr\/wp-content\/uploads\/2026\/03\/IMG-20260310-WA0000-768x512.jpg 768w, https:\/\/wushuelorn.fr\/wp-content\/uploads\/2026\/03\/IMG-20260310-WA0000-1536x1024.jpg 1536w, https:\/\/wushuelorn.fr\/wp-content\/uploads\/2026\/03\/IMG-20260310-WA0000.jpg 1752w\" sizes=\"auto, (max-width: 767px) 89vw, (max-width: 1000px) 54vw, (max-width: 1071px) 543px, 580px\" \/><\/figure>\n\n\n\n<figure class=\"wp-block-image size-large is-resized\"><img loading=\"lazy\" decoding=\"async\" width=\"1024\" height=\"683\" src=\"https:\/\/wushuelorn.fr\/wp-content\/uploads\/2026\/03\/IMG-20260310-WA0009-1024x683.jpg\" alt=\"\" class=\"wp-image-979\" style=\"aspect-ratio:1.4992874769733413;width:440px;height:auto\" srcset=\"https:\/\/wushuelorn.fr\/wp-content\/uploads\/2026\/03\/IMG-20260310-WA0009-1024x683.jpg 1024w, https:\/\/wushuelorn.fr\/wp-content\/uploads\/2026\/03\/IMG-20260310-WA0009-300x200.jpg 300w, https:\/\/wushuelorn.fr\/wp-content\/uploads\/2026\/03\/IMG-20260310-WA0009-768x512.jpg 768w, https:\/\/wushuelorn.fr\/wp-content\/uploads\/2026\/03\/IMG-20260310-WA0009-1536x1024.jpg 1536w, https:\/\/wushuelorn.fr\/wp-content\/uploads\/2026\/03\/IMG-20260310-WA0009.jpg 1726w\" sizes=\"auto, (max-width: 767px) 89vw, (max-width: 1000px) 54vw, (max-width: 1071px) 543px, 580px\" \/><\/figure>\n\n\n\n<figure class=\"wp-block-image size-large\"><img loading=\"lazy\" decoding=\"async\" width=\"1024\" height=\"473\" src=\"https:\/\/wushuelorn.fr\/wp-content\/uploads\/2026\/03\/Screenshot_20260312_170240_Gallery-1024x473.jpg\" alt=\"\" class=\"wp-image-983\" srcset=\"https:\/\/wushuelorn.fr\/wp-content\/uploads\/2026\/03\/Screenshot_20260312_170240_Gallery-1024x473.jpg 1024w, https:\/\/wushuelorn.fr\/wp-content\/uploads\/2026\/03\/Screenshot_20260312_170240_Gallery-300x138.jpg 300w, https:\/\/wushuelorn.fr\/wp-content\/uploads\/2026\/03\/Screenshot_20260312_170240_Gallery-768x354.jpg 768w, https:\/\/wushuelorn.fr\/wp-content\/uploads\/2026\/03\/Screenshot_20260312_170240_Gallery-1536x709.jpg 1536w, https:\/\/wushuelorn.fr\/wp-content\/uploads\/2026\/03\/Screenshot_20260312_170240_Gallery-2048x945.jpg 2048w\" sizes=\"auto, (max-width: 767px) 89vw, (max-width: 1000px) 54vw, (max-width: 1071px) 543px, 580px\" \/><\/figure>\n\n\n\n<p><strong>Photos : Catherine ,Alexandre, Bao, Sandrine , Julie R et Claude<\/strong><\/p>\n\n\n\n<h2 class=\"wp-block-heading\"><strong>Nouvel an Chinois 2026 \u00e0 Ploufragan<\/strong><\/h2>\n\n\n\n<p>Le dimanche 22 f\u00e9vrier 2026 tous les clubs de Bretagne d&#8217; Arts martiaux chinois \u00e9taient invit\u00e9s \u00e0 participer \u00e0 la f\u00eate du Nouvel an chinois organis\u00e9 par la FFK Bretagne et ouvert \u00e0 tous licenci\u00e9s ou non . Cette belle f\u00eate s&#8217;est d\u00e9roul\u00e9e \u00e0 Ploufragan , dirig\u00e9e par Alexis MIK le Professeur 6\u00e8me Dan du club AKFP . Le matin se sont d\u00e9roul\u00e9s les ateliers en Qigong ,Taiji ,Kung Fu ,Bagua et l&#8217;apr\u00e8s-midi les diff\u00e9rents clubs pr\u00e9sents ont offert des d\u00e9monstration de haut vol . Wushu Elorn avait fait le d\u00e9placement avec plus de vingt \u00e9l\u00e8ves avec Josu\u00e9 JEAN_BAPTISTE comme coach . Notre d\u00e9monstration comprenant un m\u00e9lange d&#8217;arts internes et externes, notamment avec les plus jeunes , a ravi le public pr\u00e9sent . Cette r\u00e9union \u00e0 n&#8217;en pas douter en am\u00e8nera d&#8217;autres dans les ann\u00e9es \u00e0 venir .<\/p>\n\n\n\n<figure class=\"wp-block-gallery has-nested-images columns-default is-cropped wp-block-gallery-1 is-layout-flex wp-block-gallery-is-layout-flex\">\n<figure class=\"wp-block-image size-large\"><img loading=\"lazy\" decoding=\"async\" width=\"1024\" height=\"768\" data-id=\"967\" src=\"https:\/\/wushuelorn.fr\/wp-content\/uploads\/2026\/02\/IMG-20260223-WA0001-1024x768.jpg\" alt=\"\" class=\"wp-image-967\" srcset=\"https:\/\/wushuelorn.fr\/wp-content\/uploads\/2026\/02\/IMG-20260223-WA0001-1024x768.jpg 1024w, https:\/\/wushuelorn.fr\/wp-content\/uploads\/2026\/02\/IMG-20260223-WA0001-300x225.jpg 300w, https:\/\/wushuelorn.fr\/wp-content\/uploads\/2026\/02\/IMG-20260223-WA0001-768x576.jpg 768w, https:\/\/wushuelorn.fr\/wp-content\/uploads\/2026\/02\/IMG-20260223-WA0001-1536x1152.jpg 1536w, https:\/\/wushuelorn.fr\/wp-content\/uploads\/2026\/02\/IMG-20260223-WA0001.jpg 2048w\" sizes=\"auto, (max-width: 767px) 89vw, (max-width: 1000px) 54vw, (max-width: 1071px) 543px, 580px\" \/><\/figure>\n<\/figure>\n\n\n\n<figure class=\"wp-block-image size-large is-resized\"><img loading=\"lazy\" decoding=\"async\" width=\"1024\" height=\"768\" src=\"https:\/\/wushuelorn.fr\/wp-content\/uploads\/2026\/02\/IMG-20260223-WA0046-1024x768.jpg\" alt=\"\" class=\"wp-image-968\" style=\"width:484px;height:auto\" srcset=\"https:\/\/wushuelorn.fr\/wp-content\/uploads\/2026\/02\/IMG-20260223-WA0046-1024x768.jpg 1024w, https:\/\/wushuelorn.fr\/wp-content\/uploads\/2026\/02\/IMG-20260223-WA0046-300x225.jpg 300w, https:\/\/wushuelorn.fr\/wp-content\/uploads\/2026\/02\/IMG-20260223-WA0046-768x576.jpg 768w, https:\/\/wushuelorn.fr\/wp-content\/uploads\/2026\/02\/IMG-20260223-WA0046-1536x1152.jpg 1536w, https:\/\/wushuelorn.fr\/wp-content\/uploads\/2026\/02\/IMG-20260223-WA0046.jpg 1600w\" sizes=\"auto, (max-width: 767px) 89vw, (max-width: 1000px) 54vw, (max-width: 1071px) 543px, 580px\" \/><\/figure>\n\n\n\n<figure class=\"wp-block-image size-large is-resized\"><img loading=\"lazy\" decoding=\"async\" width=\"1024\" height=\"768\" src=\"https:\/\/wushuelorn.fr\/wp-content\/uploads\/2026\/02\/IMG-20260223-WA0041-1024x768.jpg\" alt=\"\" class=\"wp-image-969\" style=\"width:488px;height:auto\" srcset=\"https:\/\/wushuelorn.fr\/wp-content\/uploads\/2026\/02\/IMG-20260223-WA0041-1024x768.jpg 1024w, https:\/\/wushuelorn.fr\/wp-content\/uploads\/2026\/02\/IMG-20260223-WA0041-300x225.jpg 300w, https:\/\/wushuelorn.fr\/wp-content\/uploads\/2026\/02\/IMG-20260223-WA0041-768x576.jpg 768w, https:\/\/wushuelorn.fr\/wp-content\/uploads\/2026\/02\/IMG-20260223-WA0041-1536x1152.jpg 1536w, https:\/\/wushuelorn.fr\/wp-content\/uploads\/2026\/02\/IMG-20260223-WA0041.jpg 1600w\" sizes=\"auto, (max-width: 767px) 89vw, (max-width: 1000px) 54vw, (max-width: 1071px) 543px, 580px\" \/><\/figure>\n\n\n\n<figure class=\"wp-block-image size-large is-resized\"><img loading=\"lazy\" decoding=\"async\" width=\"1024\" height=\"768\" src=\"https:\/\/wushuelorn.fr\/wp-content\/uploads\/2026\/02\/IMG-20260223-WA0008-1024x768.jpg\" alt=\"\" class=\"wp-image-970\" style=\"width:489px;height:auto\" srcset=\"https:\/\/wushuelorn.fr\/wp-content\/uploads\/2026\/02\/IMG-20260223-WA0008-1024x768.jpg 1024w, https:\/\/wushuelorn.fr\/wp-content\/uploads\/2026\/02\/IMG-20260223-WA0008-300x225.jpg 300w, https:\/\/wushuelorn.fr\/wp-content\/uploads\/2026\/02\/IMG-20260223-WA0008-768x576.jpg 768w, https:\/\/wushuelorn.fr\/wp-content\/uploads\/2026\/02\/IMG-20260223-WA0008-1536x1152.jpg 1536w, https:\/\/wushuelorn.fr\/wp-content\/uploads\/2026\/02\/IMG-20260223-WA0008.jpg 2000w\" sizes=\"auto, (max-width: 767px) 89vw, (max-width: 1000px) 54vw, (max-width: 1071px) 543px, 580px\" \/><\/figure>\n\n\n\n<p><strong>Photos : Josu\u00e9  JEAN- BAPTISTE<\/strong><\/p>\n\n\n\n<h2 class=\"wp-block-heading\"><strong>Stage de Tuishou \u00e0 Guerledan<\/strong><\/h2>\n\n\n\n<p>Samedi 31 janvier et Dimanche 1er f\u00e9vrier ,la FFK Bretagne organisait un stage national de Tuishou \u00e0 Guerledan  , ce stage dirig\u00e9 par Ma\u00eetre HONG HAI YUAN  9 \u00e8me Dan et Ma\u00eetre Stephane MOLARD  7\u00e8me Dan suivi par  70 personnes, fut d&#8217;un haut niveau de pratique . Quatre adh\u00e9rents de Wushu Elorn : Yves ,Stephane ,Padshima et Florence y participaient . Dans les photos suivantes ( h\u00e9las pas de photo de groupe ) ,on voit bien que apr\u00e8s la dure journ\u00e9e de labeur du samedi ,le r\u00e9confort fut de mise !! <\/p>\n\n\n\n<figure class=\"wp-block-image size-large is-resized\"><img loading=\"lazy\" decoding=\"async\" width=\"577\" height=\"1024\" src=\"https:\/\/wushuelorn.fr\/wp-content\/uploads\/2026\/02\/5523323776525789059-577x1024.jpg\" alt=\"\" class=\"wp-image-949\" style=\"width:318px;height:auto\" srcset=\"https:\/\/wushuelorn.fr\/wp-content\/uploads\/2026\/02\/5523323776525789059-577x1024.jpg 577w, https:\/\/wushuelorn.fr\/wp-content\/uploads\/2026\/02\/5523323776525789059-169x300.jpg 169w, https:\/\/wushuelorn.fr\/wp-content\/uploads\/2026\/02\/5523323776525789059-768x1364.jpg 768w, https:\/\/wushuelorn.fr\/wp-content\/uploads\/2026\/02\/5523323776525789059-865x1536.jpg 865w, https:\/\/wushuelorn.fr\/wp-content\/uploads\/2026\/02\/5523323776525789059.jpg 1153w\" sizes=\"auto, (max-width: 577px) 100vw, 577px\" \/><\/figure>\n\n\n\n<figure class=\"wp-block-image size-large is-resized\"><img loading=\"lazy\" decoding=\"async\" width=\"760\" height=\"1024\" src=\"https:\/\/wushuelorn.fr\/wp-content\/uploads\/2026\/02\/Sans-titre-760x1024.png\" alt=\"\" class=\"wp-image-950\" style=\"aspect-ratio:0.7421247311827956;width:321px;height:auto\" srcset=\"https:\/\/wushuelorn.fr\/wp-content\/uploads\/2026\/02\/Sans-titre-760x1024.png 760w, https:\/\/wushuelorn.fr\/wp-content\/uploads\/2026\/02\/Sans-titre-223x300.png 223w, https:\/\/wushuelorn.fr\/wp-content\/uploads\/2026\/02\/Sans-titre-768x1035.png 768w, https:\/\/wushuelorn.fr\/wp-content\/uploads\/2026\/02\/Sans-titre.png 800w\" sizes=\"auto, (max-width: 706px) 89vw, (max-width: 767px) 82vw, 740px\" \/><\/figure>\n\n\n\n<figure class=\"wp-block-image size-full\"><img loading=\"lazy\" decoding=\"async\" width=\"794\" height=\"474\" src=\"https:\/\/wushuelorn.fr\/wp-content\/uploads\/2026\/02\/Sans-titre-3.png\" alt=\"\" class=\"wp-image-951\" srcset=\"https:\/\/wushuelorn.fr\/wp-content\/uploads\/2026\/02\/Sans-titre-3.png 794w, https:\/\/wushuelorn.fr\/wp-content\/uploads\/2026\/02\/Sans-titre-3-300x179.png 300w, https:\/\/wushuelorn.fr\/wp-content\/uploads\/2026\/02\/Sans-titre-3-768x458.png 768w\" sizes=\"auto, (max-width: 767px) 89vw, (max-width: 1000px) 54vw, (max-width: 1071px) 543px, 580px\" \/><\/figure>\n\n\n\n<p><strong>Photos : Wushu Elorn<\/strong><\/p>\n\n\n\n<h2 class=\"wp-block-heading\"><strong>Passage de Grades \u00e0 Plouaret<\/strong><\/h2>\n\n\n\n<p>Le 24 janvier 2026 se d\u00e9roulaient \u00e0 Plouaret dans les c\u00f4tes d&#8217;Armor ,les passages de grades en Wushu organis\u00e9s par La FFK Bretagne . Un \u00e9l\u00e8ve de notre association Aurelien Fercot avec comme partenaire Claude Larreur a r\u00e9ussi son examen et obtenu le Grade de 1er Dan en Wushu . F\u00e9licitation pour tout le travail effectu\u00e9 pendant des ann\u00e9es avec l&#8217;aide de Renfeng , Djoss et de tous .<\/p>\n\n\n\n<figure class=\"wp-block-image size-large is-resized\"><img loading=\"lazy\" decoding=\"async\" width=\"577\" height=\"1024\" src=\"https:\/\/wushuelorn.fr\/wp-content\/uploads\/2026\/02\/20260129_203559-577x1024.jpg\" alt=\"\" class=\"wp-image-944\" style=\"aspect-ratio:0.5634769632531245;width:393px;height:auto\" srcset=\"https:\/\/wushuelorn.fr\/wp-content\/uploads\/2026\/02\/20260129_203559-577x1024.jpg 577w, https:\/\/wushuelorn.fr\/wp-content\/uploads\/2026\/02\/20260129_203559-169x300.jpg 169w, https:\/\/wushuelorn.fr\/wp-content\/uploads\/2026\/02\/20260129_203559-768x1364.jpg 768w, https:\/\/wushuelorn.fr\/wp-content\/uploads\/2026\/02\/20260129_203559-865x1536.jpg 865w, https:\/\/wushuelorn.fr\/wp-content\/uploads\/2026\/02\/20260129_203559-1153x2048.jpg 1153w, https:\/\/wushuelorn.fr\/wp-content\/uploads\/2026\/02\/20260129_203559-scaled.jpg 1441w\" sizes=\"auto, (max-width: 577px) 100vw, 577px\" \/><\/figure>\n\n\n\n<p><strong>Photo : Wushu Elorn<\/strong><\/p>\n\n\n\n<h2 class=\"wp-block-heading\"><strong>Stage de jury des grades \u00e0 Plougragan<\/strong><\/h2>\n\n\n\n<p><\/p>\n\n\n\n<p>Dimanche 11 janvier ,se d\u00e9roulait \u00e0 Ploufragan dans les c\u00f4tes d&#8217;Armor un stage de jury de grades organis\u00e9 par la FFK Bretagne  suivi par une vingtaine de personnes dont Florence Pouppeville et Claude Larreur accompagnant Renfeng Su notre professeure Principale .Cette formation permettra au club de participer au bon d\u00e9roulement des futurs passages de grade dans les diff\u00e9rentes formes de Wushu .<\/p>\n\n\n\n<figure class=\"wp-block-image size-large\"><img loading=\"lazy\" decoding=\"async\" width=\"1024\" height=\"577\" src=\"https:\/\/wushuelorn.fr\/wp-content\/uploads\/2026\/01\/20260111_133156-1024x577.jpg\" alt=\"\" class=\"wp-image-938\" srcset=\"https:\/\/wushuelorn.fr\/wp-content\/uploads\/2026\/01\/20260111_133156-1024x577.jpg 1024w, https:\/\/wushuelorn.fr\/wp-content\/uploads\/2026\/01\/20260111_133156-300x169.jpg 300w, https:\/\/wushuelorn.fr\/wp-content\/uploads\/2026\/01\/20260111_133156-768x432.jpg 768w, https:\/\/wushuelorn.fr\/wp-content\/uploads\/2026\/01\/20260111_133156-1536x865.jpg 1536w, https:\/\/wushuelorn.fr\/wp-content\/uploads\/2026\/01\/20260111_133156-2048x1153.jpg 2048w\" sizes=\"auto, (max-width: 767px) 89vw, (max-width: 1000px) 54vw, (max-width: 1071px) 543px, 580px\" \/><\/figure>\n\n\n\n<p><strong>Photo : Claude Larreur<\/strong><\/p>\n\n\n\n<h2 class=\"wp-block-heading\"><strong>Galette des rois <\/strong><\/h2>\n\n\n\n<p>Le samedi 10 janvier et le 12 janvier 2025   les \u00e9l\u00e8ves des diff\u00e9rents cours de notre association se sont retrouv\u00e9s autour de notre pr\u00e9sidente Brigitte et  de Renfeng au Dojo et \u00e0 la salle Polyvalente pour la traditionnelle galette des rois ,les \u00e9lus de Dirinon , le Maire Mr Bodenes et la premi\u00e8re adjointe Mme Deroze -Simeray  \u00e9tant pr\u00e9sents le samedi ,merci \u00e0 eux pour leur soutient jamais d\u00e9menti depuis des ann\u00e9es .<\/p>\n\n\n\n<figure class=\"wp-block-image size-large\"><img loading=\"lazy\" decoding=\"async\" width=\"1024\" height=\"473\" src=\"https:\/\/wushuelorn.fr\/wp-content\/uploads\/2026\/01\/IMG-20260110-WA0002-1024x473.jpg\" alt=\"\" class=\"wp-image-936\" srcset=\"https:\/\/wushuelorn.fr\/wp-content\/uploads\/2026\/01\/IMG-20260110-WA0002-1024x473.jpg 1024w, https:\/\/wushuelorn.fr\/wp-content\/uploads\/2026\/01\/IMG-20260110-WA0002-300x139.jpg 300w, https:\/\/wushuelorn.fr\/wp-content\/uploads\/2026\/01\/IMG-20260110-WA0002-768x355.jpg 768w, https:\/\/wushuelorn.fr\/wp-content\/uploads\/2026\/01\/IMG-20260110-WA0002-1536x709.jpg 1536w, https:\/\/wushuelorn.fr\/wp-content\/uploads\/2026\/01\/IMG-20260110-WA0002.jpg 1600w\" sizes=\"auto, (max-width: 767px) 89vw, (max-width: 1000px) 54vw, (max-width: 1071px) 543px, 580px\" \/><\/figure>\n\n\n\n<figure class=\"wp-block-image size-large\"><img loading=\"lazy\" decoding=\"async\" width=\"1024\" height=\"577\" src=\"https:\/\/wushuelorn.fr\/wp-content\/uploads\/2026\/01\/20260112_114337-1024x577.jpg\" alt=\"\" class=\"wp-image-937\" srcset=\"https:\/\/wushuelorn.fr\/wp-content\/uploads\/2026\/01\/20260112_114337-1024x577.jpg 1024w, https:\/\/wushuelorn.fr\/wp-content\/uploads\/2026\/01\/20260112_114337-300x169.jpg 300w, https:\/\/wushuelorn.fr\/wp-content\/uploads\/2026\/01\/20260112_114337-768x432.jpg 768w, https:\/\/wushuelorn.fr\/wp-content\/uploads\/2026\/01\/20260112_114337-1536x865.jpg 1536w, https:\/\/wushuelorn.fr\/wp-content\/uploads\/2026\/01\/20260112_114337-2048x1153.jpg 2048w\" sizes=\"auto, (max-width: 767px) 89vw, (max-width: 1000px) 54vw, (max-width: 1071px) 543px, 580px\" \/><\/figure>\n\n\n\n<p><strong>Photos : Cecile Loire et Claude Larreur<\/strong><\/p>\n\n\n\n<h2 class=\"wp-block-heading\"><strong>Spectacle de feux \u00e0 Biodivy<\/strong><\/h2>\n\n\n\n<p><strong>Le vendredi 28 novembre 2025 <\/strong>,c&#8217;est avec grand plaisir que quelques \u00e9l\u00e8ves avec leurs professeurs et assistants se sont rendu \u00e0 la ferme de Biodivy au lieu dit Leslurun sur la commune du Tr\u00e9hou  . Deux \u00e9l\u00e8ves de Wushu Elorn , Bao et Aur\u00e9lien propri\u00e9taires exploitants de cette ferme Bio organisaient le premier <strong>Green  Friday<\/strong> pour d\u00e9couvrir les produits bio et leur culture . Ce f\u00fbt aussi l&#8217;occasion pour notre association de faire d\u00e9couvrir le Wushu avec des initiations en Kung Fu ,Taiji et Qigong ouvertes \u00e0 tout le public pr\u00e9sent . Apr\u00e8s des d\u00e9gustations de soupes ,cr\u00eapes et autres mets ,viendra le spectacle de feux avec Renfeng ,Djoss et le groupe de Kung Fu et Taiji \u00e9ventail . Magie des lumi\u00e8res mettant en valeur le lieu et son c\u00f4t\u00e9 vieilles pierres .Merci \u00e0 tous les pr\u00e9sents et bien s\u00fbr \u00e0 Bao et Aur\u00e9lien pour leur belle initiative . <\/p>\n\n\n\n<figure class=\"wp-block-image size-large is-resized\"><img loading=\"lazy\" decoding=\"async\" width=\"768\" height=\"1024\" src=\"https:\/\/wushuelorn.fr\/wp-content\/uploads\/2025\/12\/IMG-20251128-WA0000-768x1024.jpg\" alt=\"\" class=\"wp-image-924\" style=\"width:489px;height:auto\" srcset=\"https:\/\/wushuelorn.fr\/wp-content\/uploads\/2025\/12\/IMG-20251128-WA0000-768x1024.jpg 768w, https:\/\/wushuelorn.fr\/wp-content\/uploads\/2025\/12\/IMG-20251128-WA0000-225x300.jpg 225w, https:\/\/wushuelorn.fr\/wp-content\/uploads\/2025\/12\/IMG-20251128-WA0000-1152x1536.jpg 1152w, https:\/\/wushuelorn.fr\/wp-content\/uploads\/2025\/12\/IMG-20251128-WA0000.jpg 1500w\" sizes=\"auto, (max-width: 767px) 89vw, (max-width: 1000px) 54vw, (max-width: 1071px) 543px, 580px\" \/><\/figure>\n\n\n\n<figure class=\"wp-block-image size-large\"><img loading=\"lazy\" decoding=\"async\" width=\"1024\" height=\"576\" src=\"https:\/\/wushuelorn.fr\/wp-content\/uploads\/2025\/12\/IMG-20251128-WA0006-1024x576.jpg\" alt=\"\" class=\"wp-image-925\" srcset=\"https:\/\/wushuelorn.fr\/wp-content\/uploads\/2025\/12\/IMG-20251128-WA0006-1024x576.jpg 1024w, https:\/\/wushuelorn.fr\/wp-content\/uploads\/2025\/12\/IMG-20251128-WA0006-300x169.jpg 300w, https:\/\/wushuelorn.fr\/wp-content\/uploads\/2025\/12\/IMG-20251128-WA0006-768x432.jpg 768w, https:\/\/wushuelorn.fr\/wp-content\/uploads\/2025\/12\/IMG-20251128-WA0006-1536x864.jpg 1536w, https:\/\/wushuelorn.fr\/wp-content\/uploads\/2025\/12\/IMG-20251128-WA0006.jpg 1600w\" sizes=\"auto, (max-width: 767px) 89vw, (max-width: 1000px) 54vw, (max-width: 1071px) 543px, 580px\" \/><\/figure>\n\n\n\n<figure class=\"wp-block-image size-large is-resized\"><img loading=\"lazy\" decoding=\"async\" width=\"768\" height=\"1024\" src=\"https:\/\/wushuelorn.fr\/wp-content\/uploads\/2025\/12\/IMG-20251128-WA0012-768x1024.jpg\" alt=\"\" class=\"wp-image-926\" style=\"width:470px;height:auto\" srcset=\"https:\/\/wushuelorn.fr\/wp-content\/uploads\/2025\/12\/IMG-20251128-WA0012-768x1024.jpg 768w, https:\/\/wushuelorn.fr\/wp-content\/uploads\/2025\/12\/IMG-20251128-WA0012-225x300.jpg 225w, https:\/\/wushuelorn.fr\/wp-content\/uploads\/2025\/12\/IMG-20251128-WA0012-1152x1536.jpg 1152w, https:\/\/wushuelorn.fr\/wp-content\/uploads\/2025\/12\/IMG-20251128-WA0012.jpg 1200w\" sizes=\"auto, (max-width: 767px) 89vw, (max-width: 1000px) 54vw, (max-width: 1071px) 543px, 580px\" \/><\/figure>\n\n\n\n<figure class=\"wp-block-image size-large is-resized\"><img loading=\"lazy\" decoding=\"async\" width=\"576\" height=\"1024\" src=\"https:\/\/wushuelorn.fr\/wp-content\/uploads\/2025\/12\/IMG-20251128-WA0013-576x1024.jpg\" alt=\"\" class=\"wp-image-927\" style=\"width:453px;height:auto\" srcset=\"https:\/\/wushuelorn.fr\/wp-content\/uploads\/2025\/12\/IMG-20251128-WA0013-576x1024.jpg 576w, https:\/\/wushuelorn.fr\/wp-content\/uploads\/2025\/12\/IMG-20251128-WA0013-169x300.jpg 169w, https:\/\/wushuelorn.fr\/wp-content\/uploads\/2025\/12\/IMG-20251128-WA0013-768x1365.jpg 768w, https:\/\/wushuelorn.fr\/wp-content\/uploads\/2025\/12\/IMG-20251128-WA0013-864x1536.jpg 864w, https:\/\/wushuelorn.fr\/wp-content\/uploads\/2025\/12\/IMG-20251128-WA0013.jpg 900w\" sizes=\"auto, (max-width: 576px) 100vw, 576px\" \/><\/figure>\n\n\n\n<p><strong>Photos : Sandrine Validzic et Brigitte Graf<\/strong><\/p>\n\n\n\n<h2 class=\"wp-block-heading\"><strong>Stage de massage et stage de Taiji Eventail ( technique Fluide <\/strong>)<\/h2>\n\n\n\n<p>Les Samedi 22 et Dimanche 23 Novembre 2025 se d\u00e9roulaient \u00e0 Dirinon un stage de massage dans le cadre du Qigong et&nbsp;des Arts Energetiques Chinois ( massages des mains et des bras ) ,suivi le dimanche par un stage sur la technique de l&#8217;\u00e9ventail en taiji fluide ; ces deux stages dirig\u00e9s par Ma\u00eetre Renfeng SU 7\u00e8me Duan assist\u00e9 de&nbsp;Josu\u00e9 JEAN-BAPTISTE 3\u00e8me Duan en Wushu ont permis d&#8217;approfondir encore un peu plus la circulation de l&#8217;\u00e9nergie dans le corps . Deux autres stages suivront les samedi&nbsp;24 et dimanche 25 janvier 2026 de 9H30 \u00e0 12H30 sur Dirinon&nbsp;<\/p>\n\n\n\n<figure class=\"wp-block-image size-large\"><img loading=\"lazy\" decoding=\"async\" width=\"1024\" height=\"768\" src=\"https:\/\/wushuelorn.fr\/wp-content\/uploads\/2025\/11\/IMG-20251125-WA0003-1024x768.jpg\" alt=\"\" class=\"wp-image-918\" srcset=\"https:\/\/wushuelorn.fr\/wp-content\/uploads\/2025\/11\/IMG-20251125-WA0003-1024x768.jpg 1024w, https:\/\/wushuelorn.fr\/wp-content\/uploads\/2025\/11\/IMG-20251125-WA0003-300x225.jpg 300w, https:\/\/wushuelorn.fr\/wp-content\/uploads\/2025\/11\/IMG-20251125-WA0003-768x576.jpg 768w, https:\/\/wushuelorn.fr\/wp-content\/uploads\/2025\/11\/IMG-20251125-WA0003-1536x1152.jpg 1536w, https:\/\/wushuelorn.fr\/wp-content\/uploads\/2025\/11\/IMG-20251125-WA0003.jpg 1600w\" sizes=\"auto, (max-width: 767px) 89vw, (max-width: 1000px) 54vw, (max-width: 1071px) 543px, 580px\" \/><\/figure>\n\n\n\n<figure class=\"wp-block-image size-large\"><img loading=\"lazy\" decoding=\"async\" width=\"1024\" height=\"576\" src=\"https:\/\/wushuelorn.fr\/wp-content\/uploads\/2025\/11\/IMG-20251122-WA0000-1024x576.jpg\" alt=\"\" class=\"wp-image-919\" srcset=\"https:\/\/wushuelorn.fr\/wp-content\/uploads\/2025\/11\/IMG-20251122-WA0000-1024x576.jpg 1024w, https:\/\/wushuelorn.fr\/wp-content\/uploads\/2025\/11\/IMG-20251122-WA0000-300x169.jpg 300w, https:\/\/wushuelorn.fr\/wp-content\/uploads\/2025\/11\/IMG-20251122-WA0000-768x432.jpg 768w, https:\/\/wushuelorn.fr\/wp-content\/uploads\/2025\/11\/IMG-20251122-WA0000-1536x864.jpg 1536w, https:\/\/wushuelorn.fr\/wp-content\/uploads\/2025\/11\/IMG-20251122-WA0000.jpg 1600w\" sizes=\"auto, (max-width: 767px) 89vw, (max-width: 1000px) 54vw, (max-width: 1071px) 543px, 580px\" \/><\/figure>\n\n\n\n<figure class=\"wp-block-image size-large\"><img loading=\"lazy\" decoding=\"async\" width=\"1024\" height=\"768\" src=\"https:\/\/wushuelorn.fr\/wp-content\/uploads\/2025\/11\/IMG_9082-1024x768.jpeg\" alt=\"\" class=\"wp-image-920\" srcset=\"https:\/\/wushuelorn.fr\/wp-content\/uploads\/2025\/11\/IMG_9082-1024x768.jpeg 1024w, https:\/\/wushuelorn.fr\/wp-content\/uploads\/2025\/11\/IMG_9082-300x225.jpeg 300w, https:\/\/wushuelorn.fr\/wp-content\/uploads\/2025\/11\/IMG_9082-768x576.jpeg 768w, https:\/\/wushuelorn.fr\/wp-content\/uploads\/2025\/11\/IMG_9082-1536x1152.jpeg 1536w, https:\/\/wushuelorn.fr\/wp-content\/uploads\/2025\/11\/IMG_9082-2048x1536.jpeg 2048w\" sizes=\"auto, (max-width: 767px) 89vw, (max-width: 1000px) 54vw, (max-width: 1071px) 543px, 580px\" \/><\/figure>\n\n\n\n<p><strong>Photos : Simone Bodenes et Claude Larreur<\/strong><\/p>\n\n\n\n<h2 class=\"wp-block-heading\"><strong>1er<\/strong> <strong>Stage Taiji Sabre du cycle de Masterclass <\/strong><\/h2>\n\n\n\n<p>Le dimanche 19 octobre 2025 ,se d\u00e9roulait la premier stage du cycle de Masterclass dirig\u00e9 par Renfeng ,ce stage \u00e0 permis de d\u00e9couvrir ou d&#8217;approfondir le Taiji sabre sur base Yang . L&#8217;\u00e9nergie du sabre apportant une autre dimension dans la pratique du Taiji . les prochaines dates seront le 21\/12\/2025 et le 15\/02\/2036 \u00e0 la salle polyvalente \u00e9galement . <\/p>\n\n\n\n<figure class=\"wp-block-image size-large\"><img loading=\"lazy\" decoding=\"async\" width=\"1024\" height=\"577\" src=\"https:\/\/wushuelorn.fr\/wp-content\/uploads\/2025\/10\/20251019_095823-1024x577.jpg\" alt=\"\" class=\"wp-image-914\" srcset=\"https:\/\/wushuelorn.fr\/wp-content\/uploads\/2025\/10\/20251019_095823-1024x577.jpg 1024w, https:\/\/wushuelorn.fr\/wp-content\/uploads\/2025\/10\/20251019_095823-300x169.jpg 300w, https:\/\/wushuelorn.fr\/wp-content\/uploads\/2025\/10\/20251019_095823-768x432.jpg 768w, https:\/\/wushuelorn.fr\/wp-content\/uploads\/2025\/10\/20251019_095823-1536x865.jpg 1536w, https:\/\/wushuelorn.fr\/wp-content\/uploads\/2025\/10\/20251019_095823-2048x1153.jpg 2048w\" sizes=\"auto, (max-width: 767px) 89vw, (max-width: 1000px) 54vw, (max-width: 1071px) 543px, 580px\" \/><\/figure>\n\n\n\n<p><strong>Photo : Eric <\/strong><\/p>\n\n\n\n<h2 class=\"wp-block-heading\"><strong>Stage National de Taiji et Qigong \u00e0 Hennebont<\/strong><\/h2>\n\n\n\n<p>Le 11 et 12 Octobre 2025 se tenaient \u00e0 Hennebont deux Stages nationaux FFK  de Taiji sur les applications martiales en Yang et en Chen \u00e0 partir des 13 potentialit\u00e9s dirig\u00e9 par Ma\u00eetre St\u00e9phane MOLARD 7 \u00e8me DAN et un Stage de Qigong sur les cinq animaux dirig\u00e9 par Ma\u00eetre Renfeng SU 7\u00e8me Dan ; Ces stages furent suivi par trois \u00e9l\u00e8ves , Sandrine ,Bao et Aurelien de Wushu Elorn pr\u00e9parant des passages de Grade . <\/p>\n\n\n\n<figure class=\"wp-block-image size-large\"><img loading=\"lazy\" decoding=\"async\" width=\"1024\" height=\"768\" src=\"https:\/\/wushuelorn.fr\/wp-content\/uploads\/2025\/10\/IMG-20251020-WA0000-1024x768.jpg\" alt=\"\" class=\"wp-image-911\" srcset=\"https:\/\/wushuelorn.fr\/wp-content\/uploads\/2025\/10\/IMG-20251020-WA0000-1024x768.jpg 1024w, https:\/\/wushuelorn.fr\/wp-content\/uploads\/2025\/10\/IMG-20251020-WA0000-300x225.jpg 300w, https:\/\/wushuelorn.fr\/wp-content\/uploads\/2025\/10\/IMG-20251020-WA0000-768x576.jpg 768w, https:\/\/wushuelorn.fr\/wp-content\/uploads\/2025\/10\/IMG-20251020-WA0000-1536x1152.jpg 1536w, https:\/\/wushuelorn.fr\/wp-content\/uploads\/2025\/10\/IMG-20251020-WA0000.jpg 1600w\" sizes=\"auto, (max-width: 767px) 89vw, (max-width: 1000px) 54vw, (max-width: 1071px) 543px, 580px\" \/><\/figure>\n\n\n\n<p><strong>Photo : Herv\u00e9 Denis<\/strong><\/p>\n\n\n\n<h2 class=\"wp-block-heading\"><strong>Reprise des cours \u00e0 Wushu Elorn ,saison 2025\/2026<\/strong><\/h2>\n\n\n\n<p>C&#8217;est avec grand plaisir que la saison \u00e0 venir \u00e0 d\u00e9marr\u00e9e au Dojo ,\u00e0 la salle Polyvalente et \u00e0 la nouvelle petite salle pr\u00e8s de la mairie de Dirinon , les cours de Qigong ,Taiji et Kung Fu dirig\u00e9s par Renfeng ,Djoss ,Claude et St\u00e9phane ont vu une centaine d&#8217;adh\u00e9rents rejoindre l&#8217;association . Ce nombre symbolique montre la dynamique de groupe se perp\u00e9tuer d&#8217;ann\u00e9e en ann\u00e9e autour du Bureau\/Ca de sa Pr\u00e9sidente et des Professeurs et des assistants . La forte pr\u00e9sence de tous sur les nombreux forums y a bien contribu\u00e9 . Il y a toujours possibilit\u00e9 de nous rejoindre pour des cours d&#8217;essais et de d\u00e9couverte .<\/p>\n\n\n\n<figure class=\"wp-block-image size-large\"><img loading=\"lazy\" decoding=\"async\" width=\"1024\" height=\"577\" src=\"https:\/\/wushuelorn.fr\/wp-content\/uploads\/2025\/10\/20250929_123335-1024x577.jpg\" alt=\"\" class=\"wp-image-906\" srcset=\"https:\/\/wushuelorn.fr\/wp-content\/uploads\/2025\/10\/20250929_123335-1024x577.jpg 1024w, https:\/\/wushuelorn.fr\/wp-content\/uploads\/2025\/10\/20250929_123335-300x169.jpg 300w, https:\/\/wushuelorn.fr\/wp-content\/uploads\/2025\/10\/20250929_123335-768x432.jpg 768w, https:\/\/wushuelorn.fr\/wp-content\/uploads\/2025\/10\/20250929_123335-1536x865.jpg 1536w, https:\/\/wushuelorn.fr\/wp-content\/uploads\/2025\/10\/20250929_123335-2048x1153.jpg 2048w\" sizes=\"auto, (max-width: 767px) 89vw, (max-width: 1000px) 54vw, (max-width: 1071px) 543px, 580px\" \/><\/figure>\n\n\n\n<figure class=\"wp-block-image size-large\"><img loading=\"lazy\" decoding=\"async\" width=\"1024\" height=\"768\" src=\"https:\/\/wushuelorn.fr\/wp-content\/uploads\/2025\/10\/IMG_20251014_130639-1024x768.jpg\" alt=\"\" class=\"wp-image-907\" srcset=\"https:\/\/wushuelorn.fr\/wp-content\/uploads\/2025\/10\/IMG_20251014_130639-1024x768.jpg 1024w, https:\/\/wushuelorn.fr\/wp-content\/uploads\/2025\/10\/IMG_20251014_130639-300x225.jpg 300w, https:\/\/wushuelorn.fr\/wp-content\/uploads\/2025\/10\/IMG_20251014_130639-768x576.jpg 768w, https:\/\/wushuelorn.fr\/wp-content\/uploads\/2025\/10\/IMG_20251014_130639-1536x1152.jpg 1536w, https:\/\/wushuelorn.fr\/wp-content\/uploads\/2025\/10\/IMG_20251014_130639.jpg 1600w\" sizes=\"auto, (max-width: 767px) 89vw, (max-width: 1000px) 54vw, (max-width: 1071px) 543px, 580px\" \/><\/figure>\n\n\n\n<figure class=\"wp-block-image size-large\"><img loading=\"lazy\" decoding=\"async\" width=\"1024\" height=\"577\" src=\"https:\/\/wushuelorn.fr\/wp-content\/uploads\/2025\/10\/20250925_185924-1024x577.jpg\" alt=\"\" class=\"wp-image-908\" srcset=\"https:\/\/wushuelorn.fr\/wp-content\/uploads\/2025\/10\/20250925_185924-1024x577.jpg 1024w, https:\/\/wushuelorn.fr\/wp-content\/uploads\/2025\/10\/20250925_185924-300x169.jpg 300w, https:\/\/wushuelorn.fr\/wp-content\/uploads\/2025\/10\/20250925_185924-768x432.jpg 768w, https:\/\/wushuelorn.fr\/wp-content\/uploads\/2025\/10\/20250925_185924-1536x865.jpg 1536w, https:\/\/wushuelorn.fr\/wp-content\/uploads\/2025\/10\/20250925_185924-2048x1153.jpg 2048w\" sizes=\"auto, (max-width: 767px) 89vw, (max-width: 1000px) 54vw, (max-width: 1071px) 543px, 580px\" \/><\/figure>\n\n\n\n<p><strong>Photos : Wushu Elorn<\/strong><\/p>\n\n\n\n<h1 class=\"wp-block-heading\"><strong>Stage de Lembrun ( Lot) Village d&#8217;\u00e9t\u00e9 Ao\u00fbt 2025<\/strong><\/h1>\n\n\n\n<figure class=\"wp-block-image size-large\"><img loading=\"lazy\" decoding=\"async\" width=\"1024\" height=\"577\" src=\"http:\/\/wushuelorn.fr\/wp-content\/uploads\/2025\/08\/20250814_090554-1024x577.jpg\" alt=\"\" class=\"wp-image-859\" srcset=\"https:\/\/wushuelorn.fr\/wp-content\/uploads\/2025\/08\/20250814_090554-1024x577.jpg 1024w, https:\/\/wushuelorn.fr\/wp-content\/uploads\/2025\/08\/20250814_090554-300x169.jpg 300w, https:\/\/wushuelorn.fr\/wp-content\/uploads\/2025\/08\/20250814_090554-768x432.jpg 768w, https:\/\/wushuelorn.fr\/wp-content\/uploads\/2025\/08\/20250814_090554-1536x865.jpg 1536w, https:\/\/wushuelorn.fr\/wp-content\/uploads\/2025\/08\/20250814_090554-2048x1153.jpg 2048w\" sizes=\"auto, (max-width: 767px) 89vw, (max-width: 1000px) 54vw, (max-width: 1071px) 543px, 580px\" \/><\/figure>\n\n\n\n<figure class=\"wp-block-image size-large\"><img loading=\"lazy\" decoding=\"async\" width=\"1024\" height=\"577\" src=\"http:\/\/wushuelorn.fr\/wp-content\/uploads\/2025\/08\/20250810_183700-1024x577.jpg\" alt=\"\" class=\"wp-image-860\" srcset=\"https:\/\/wushuelorn.fr\/wp-content\/uploads\/2025\/08\/20250810_183700-1024x577.jpg 1024w, https:\/\/wushuelorn.fr\/wp-content\/uploads\/2025\/08\/20250810_183700-300x169.jpg 300w, https:\/\/wushuelorn.fr\/wp-content\/uploads\/2025\/08\/20250810_183700-768x432.jpg 768w, https:\/\/wushuelorn.fr\/wp-content\/uploads\/2025\/08\/20250810_183700-1536x865.jpg 1536w, https:\/\/wushuelorn.fr\/wp-content\/uploads\/2025\/08\/20250810_183700-2048x1153.jpg 2048w\" sizes=\"auto, (max-width: 767px) 89vw, (max-width: 1000px) 54vw, (max-width: 1071px) 543px, 580px\" \/><\/figure>\n\n\n\n<figure class=\"wp-block-image size-large is-resized\"><img loading=\"lazy\" decoding=\"async\" width=\"577\" height=\"1024\" src=\"http:\/\/wushuelorn.fr\/wp-content\/uploads\/2025\/08\/20250815_085740-577x1024.jpg\" alt=\"\" class=\"wp-image-861\" style=\"width:361px;height:auto\" srcset=\"https:\/\/wushuelorn.fr\/wp-content\/uploads\/2025\/08\/20250815_085740-577x1024.jpg 577w, https:\/\/wushuelorn.fr\/wp-content\/uploads\/2025\/08\/20250815_085740-169x300.jpg 169w, https:\/\/wushuelorn.fr\/wp-content\/uploads\/2025\/08\/20250815_085740-768x1364.jpg 768w, https:\/\/wushuelorn.fr\/wp-content\/uploads\/2025\/08\/20250815_085740-865x1536.jpg 865w, https:\/\/wushuelorn.fr\/wp-content\/uploads\/2025\/08\/20250815_085740-1153x2048.jpg 1153w, https:\/\/wushuelorn.fr\/wp-content\/uploads\/2025\/08\/20250815_085740-scaled.jpg 1441w\" sizes=\"auto, (max-width: 577px) 100vw, 577px\" \/><\/figure>\n\n\n\n<p>Photos : Claude LARREUR<\/p>\n\n\n\n<p>C&#8217;est avec grand plaisir que plusieurs adh\u00e9rents de notre association se sont retrouv\u00e9s au village des Arts Martiaux du domaine de Lembrun dans le Lot du 10 au 16 ao\u00fbt 2025 . De nombreux ateliers ont permis aux 150 personnes pr\u00e9sentes d&#8217;approfondir leurs connaissances, tant en Qigong ,Taiji, Kung Fu, M\u00e9ditation, Calligraphie ,massage Tuina &#8230;ainsi que de nombreuses conf\u00e9rences et d\u00e9bats . La nourriture de l&#8217;esprit \u00e9tant aussi importante que celle du corps ! Le tout dans une ambiance id\u00e9ale entre tous les membres venus de toute l&#8217;Europe ainsi que d&#8217;Asie . Partage et convivialit\u00e9 furent les ma\u00eetres mots de cette semaine dans ce cadre magnifique \u00e0 l&#8217;\u00e9nergie si particuli\u00e8re . A noter cette ann\u00e9e la pr\u00e9sence exceptionnelle de Ma\u00eetre <strong>Wu Dong&nbsp;<\/strong>\u6b66\u51ac Professeur au d\u00e9partement de Wushu de l&#8217;Universit\u00e9 des sports de P\u00e9kin. Les acquis appris durant ce stage rejailliront sur la pratique de tous durant la saison \u00e0 venir .<\/p>\n\n\n\n<p><\/p>\n\n\n\n<h1 class=\"wp-block-heading\"><strong>F\u00eate de l&#8217;\u00e9cole Wushu Brest<\/strong><\/h1>\n\n\n\n<figure class=\"wp-block-image size-large\"><img loading=\"lazy\" decoding=\"async\" width=\"1024\" height=\"473\" src=\"http:\/\/wushuelorn.fr\/wp-content\/uploads\/2025\/07\/fbf19bc7-3265-4fe2-9315-6c3d6a07ba04-1024x473.jpg\" alt=\"\" class=\"wp-image-846\" srcset=\"https:\/\/wushuelorn.fr\/wp-content\/uploads\/2025\/07\/fbf19bc7-3265-4fe2-9315-6c3d6a07ba04-1024x473.jpg 1024w, https:\/\/wushuelorn.fr\/wp-content\/uploads\/2025\/07\/fbf19bc7-3265-4fe2-9315-6c3d6a07ba04-300x138.jpg 300w, https:\/\/wushuelorn.fr\/wp-content\/uploads\/2025\/07\/fbf19bc7-3265-4fe2-9315-6c3d6a07ba04-768x354.jpg 768w, https:\/\/wushuelorn.fr\/wp-content\/uploads\/2025\/07\/fbf19bc7-3265-4fe2-9315-6c3d6a07ba04-1536x709.jpg 1536w, https:\/\/wushuelorn.fr\/wp-content\/uploads\/2025\/07\/fbf19bc7-3265-4fe2-9315-6c3d6a07ba04-2048x945.jpg 2048w\" sizes=\"auto, (max-width: 767px) 89vw, (max-width: 1000px) 54vw, (max-width: 1071px) 543px, 580px\" \/><\/figure>\n\n\n\n<figure class=\"wp-block-image size-large is-resized\"><img loading=\"lazy\" decoding=\"async\" width=\"768\" height=\"1024\" src=\"http:\/\/wushuelorn.fr\/wp-content\/uploads\/2025\/07\/IMG-20250701-WA0001-768x1024.jpg\" alt=\"\" class=\"wp-image-847\" style=\"width:347px;height:auto\" srcset=\"https:\/\/wushuelorn.fr\/wp-content\/uploads\/2025\/07\/IMG-20250701-WA0001-768x1024.jpg 768w, https:\/\/wushuelorn.fr\/wp-content\/uploads\/2025\/07\/IMG-20250701-WA0001-225x300.jpg 225w, https:\/\/wushuelorn.fr\/wp-content\/uploads\/2025\/07\/IMG-20250701-WA0001-1152x1536.jpg 1152w, https:\/\/wushuelorn.fr\/wp-content\/uploads\/2025\/07\/IMG-20250701-WA0001.jpg 1500w\" sizes=\"auto, (max-width: 767px) 89vw, (max-width: 1000px) 54vw, (max-width: 1071px) 543px, 580px\" \/><\/figure>\n\n\n\n<figure class=\"wp-block-image size-large is-resized\"><img loading=\"lazy\" decoding=\"async\" width=\"768\" height=\"1024\" src=\"http:\/\/wushuelorn.fr\/wp-content\/uploads\/2025\/07\/IMG-20250701-WA0006-768x1024.jpg\" alt=\"\" class=\"wp-image-848\" style=\"width:350px;height:auto\" srcset=\"https:\/\/wushuelorn.fr\/wp-content\/uploads\/2025\/07\/IMG-20250701-WA0006-768x1024.jpg 768w, https:\/\/wushuelorn.fr\/wp-content\/uploads\/2025\/07\/IMG-20250701-WA0006-225x300.jpg 225w, https:\/\/wushuelorn.fr\/wp-content\/uploads\/2025\/07\/IMG-20250701-WA0006-1152x1536.jpg 1152w, https:\/\/wushuelorn.fr\/wp-content\/uploads\/2025\/07\/IMG-20250701-WA0006.jpg 1200w\" sizes=\"auto, (max-width: 767px) 89vw, (max-width: 1000px) 54vw, (max-width: 1071px) 543px, 580px\" \/><\/figure>\n\n\n\n<p><strong>Photos : Anny MADEC et Isabelle CAP<\/strong><\/p>\n\n\n\n<p>Le Dimanche 29 juin 2025 ,se d\u00e9roulait au Gymnase FOCH \u00e0 Brest la traditionnelle f\u00eate de fin d&#8217;ann\u00e9e de l&#8217;\u00e9cole Wushu Brest organis\u00e9e par l&#8217;association Sun Wu Kong de l&#8217;\u00e9cole . Le matin \u00e9tait r\u00e9serv\u00e9 aux ateliers de d\u00e9couverte avec diff\u00e9rents Professeurs et l&#8217;apr\u00e8s-midi des d\u00e9monstrations des diff\u00e9rents styles de Kung Fu ,Taiji et Qi Gong riches en couleurs . Notre association en tant qu&#8217;association partenaire y a r\u00e9alis\u00e9e une belle participation avec tous , notamment les jeunes du Kung Fu . Merci \u00e0 eux tous pour toutes les heures de pr\u00e9paration durant l&#8217;ann\u00e9e .<\/p>\n\n\n\n<h1 class=\"wp-block-heading\"><strong>Passages de Grades en Taiji \u00e0 Fouesnant<\/strong><\/h1>\n\n\n\n<p>Samedi 14 juin 2025 se d\u00e9roulaient les passages de grades en Taiji \u00e0 la belle salle du Dojo de Fouesnant dans le sud Finist\u00e8re , Cette manifestation tr\u00e8s bien organis\u00e9e par la FFK (F\u00e9d\u00e9ration Fran\u00e7aise de Karat\u00e9 et Disciplines Associ\u00e9es ) a vu trois \u00e9l\u00e8ves de Wushu Elorn accompagn\u00e9s de Claude Larreur comme partenaire ,  passer leurs examens apr\u00e8s une une ann\u00e9e de travail et d&#8217;entra\u00eenements sp\u00e9cifiques . Florence Pouppeville obtenant le 2\u00e8me Duan ,Bao Fernandes son 1er Duan ,Aurelien Fercot devant repasser certaines parties durant la prochaine saison . Notre Professeur Renfeng SU assurait \u00e9galement le r\u00f4le de juge pour les grades sup\u00e9rieurs durant cette belle journ\u00e9e .<\/p>\n\n\n\n<figure class=\"wp-block-image size-large is-resized\"><img loading=\"lazy\" decoding=\"async\" width=\"1024\" height=\"577\" src=\"http:\/\/wushuelorn.fr\/wp-content\/uploads\/2025\/06\/20250614_125032-1024x577.jpg\" alt=\"\" class=\"wp-image-839\" style=\"width:578px;height:auto\" srcset=\"https:\/\/wushuelorn.fr\/wp-content\/uploads\/2025\/06\/20250614_125032-1024x577.jpg 1024w, https:\/\/wushuelorn.fr\/wp-content\/uploads\/2025\/06\/20250614_125032-300x169.jpg 300w, https:\/\/wushuelorn.fr\/wp-content\/uploads\/2025\/06\/20250614_125032-768x432.jpg 768w, https:\/\/wushuelorn.fr\/wp-content\/uploads\/2025\/06\/20250614_125032-1536x865.jpg 1536w, https:\/\/wushuelorn.fr\/wp-content\/uploads\/2025\/06\/20250614_125032-2048x1153.jpg 2048w\" sizes=\"auto, (max-width: 767px) 89vw, (max-width: 1000px) 54vw, (max-width: 1071px) 543px, 580px\" \/><\/figure>\n\n\n\n<figure class=\"wp-block-image size-large is-resized\"><img loading=\"lazy\" decoding=\"async\" width=\"577\" height=\"1024\" src=\"http:\/\/wushuelorn.fr\/wp-content\/uploads\/2025\/06\/20250614_124744-577x1024.jpg\" alt=\"\" class=\"wp-image-840\" style=\"width:489px;height:auto\" srcset=\"https:\/\/wushuelorn.fr\/wp-content\/uploads\/2025\/06\/20250614_124744-577x1024.jpg 577w, https:\/\/wushuelorn.fr\/wp-content\/uploads\/2025\/06\/20250614_124744-169x300.jpg 169w, https:\/\/wushuelorn.fr\/wp-content\/uploads\/2025\/06\/20250614_124744-768x1364.jpg 768w, https:\/\/wushuelorn.fr\/wp-content\/uploads\/2025\/06\/20250614_124744-865x1536.jpg 865w, https:\/\/wushuelorn.fr\/wp-content\/uploads\/2025\/06\/20250614_124744-1153x2048.jpg 1153w, https:\/\/wushuelorn.fr\/wp-content\/uploads\/2025\/06\/20250614_124744-scaled.jpg 1441w\" sizes=\"auto, (max-width: 577px) 100vw, 577px\" \/><\/figure>\n\n\n\n<figure class=\"wp-block-image size-large is-resized\"><img loading=\"lazy\" decoding=\"async\" width=\"1024\" height=\"577\" src=\"http:\/\/wushuelorn.fr\/wp-content\/uploads\/2025\/06\/20250614_130838-1024x577.jpg\" alt=\"\" class=\"wp-image-841\" style=\"width:498px;height:auto\" srcset=\"https:\/\/wushuelorn.fr\/wp-content\/uploads\/2025\/06\/20250614_130838-1024x577.jpg 1024w, https:\/\/wushuelorn.fr\/wp-content\/uploads\/2025\/06\/20250614_130838-300x169.jpg 300w, https:\/\/wushuelorn.fr\/wp-content\/uploads\/2025\/06\/20250614_130838-768x432.jpg 768w, https:\/\/wushuelorn.fr\/wp-content\/uploads\/2025\/06\/20250614_130838-1536x865.jpg 1536w, https:\/\/wushuelorn.fr\/wp-content\/uploads\/2025\/06\/20250614_130838-2048x1153.jpg 2048w\" sizes=\"auto, (max-width: 767px) 89vw, (max-width: 1000px) 54vw, (max-width: 1071px) 543px, 580px\" \/><\/figure>\n\n\n\n<p>Photos : Anonyme et Claude Larreur<\/p>\n\n\n\n<h1 class=\"wp-block-heading\"><strong>Portes Ouverte et Assembl\u00e9e G\u00e9n\u00e9rale de l&#8217;association<\/strong><\/h1>\n\n\n\n<p>       Le samedi 7 juin 2025 ,notre association organisait une porte ouverte au Dojo de Coat Mez ,occasion pour de nouvelles personnes de d\u00e9couvrir nos Arts interne et externe et \u00e0 tous de partager dans d&#8217;autres disciplines . Ce f\u00fbt \u00e9galement l&#8217;occasion d&#8217;admirer Renfeng et Djoss dans une prestation de haut vol en Taiji Chen et \u00e9p\u00e9e style Wudang . Le groupe de Kung Fu famille \u00e0 \u00e9galement r\u00e9alis\u00e9 une belle d\u00e9mo d&#8217;un m\u00e9lange de Kung Fu ,de Taiji et de Qigong . <\/p>\n\n\n\n<p>        A 17H s&#8217;est d\u00e9roul\u00e9 notre AG en pr\u00e9sente de la premi\u00e8re adjointe de Dirinon Mme DEROZE-SIMERAY , Notre Pr\u00e9sidente Brigitte a pr\u00e9sent\u00e9 le Rapport Moral de l&#8217;ann\u00e9e avec un effectif de 102 adh\u00e9rents ,Djoss notre Tr\u00e9sorier ,le Bilan Financier et Renfeng la partie P\u00e9dagogique avec les projets pour l&#8217;ann\u00e9e \u00e0 venir . le Bilan et le volet Financier \u00e9tant approuv\u00e9s par vote des adh\u00e9rents pr\u00e9sents . Ensuite les rentr\u00e9es au CA de deux personnes suppl\u00e9mentaires Mme Isabelle CAP et Mme Solenn Bocher furent \u00e9galement accept\u00e9es par vote \u00e0 l&#8217;unanimit\u00e9 . la journ\u00e9e se terminera par un pot dinatoire entre tous dans une belle ambiance festive .<\/p>\n\n\n\n<figure class=\"wp-block-image size-large\"><img loading=\"lazy\" decoding=\"async\" width=\"1024\" height=\"577\" src=\"http:\/\/wushuelorn.fr\/wp-content\/uploads\/2025\/06\/20250607_172513-1024x577.jpg\" alt=\"\" class=\"wp-image-832\" srcset=\"https:\/\/wushuelorn.fr\/wp-content\/uploads\/2025\/06\/20250607_172513-1024x577.jpg 1024w, https:\/\/wushuelorn.fr\/wp-content\/uploads\/2025\/06\/20250607_172513-300x169.jpg 300w, https:\/\/wushuelorn.fr\/wp-content\/uploads\/2025\/06\/20250607_172513-768x432.jpg 768w, https:\/\/wushuelorn.fr\/wp-content\/uploads\/2025\/06\/20250607_172513-1536x865.jpg 1536w, https:\/\/wushuelorn.fr\/wp-content\/uploads\/2025\/06\/20250607_172513-2048x1153.jpg 2048w\" sizes=\"auto, (max-width: 767px) 89vw, (max-width: 1000px) 54vw, (max-width: 1071px) 543px, 580px\" \/><\/figure>\n\n\n\n<figure class=\"wp-block-image size-large is-resized\"><img loading=\"lazy\" decoding=\"async\" width=\"577\" height=\"1024\" src=\"http:\/\/wushuelorn.fr\/wp-content\/uploads\/2025\/06\/20250607_171559-577x1024.jpg\" alt=\"\" class=\"wp-image-833\" style=\"width:304px;height:auto\" srcset=\"https:\/\/wushuelorn.fr\/wp-content\/uploads\/2025\/06\/20250607_171559-577x1024.jpg 577w, https:\/\/wushuelorn.fr\/wp-content\/uploads\/2025\/06\/20250607_171559-169x300.jpg 169w, https:\/\/wushuelorn.fr\/wp-content\/uploads\/2025\/06\/20250607_171559-768x1364.jpg 768w, https:\/\/wushuelorn.fr\/wp-content\/uploads\/2025\/06\/20250607_171559-865x1536.jpg 865w, https:\/\/wushuelorn.fr\/wp-content\/uploads\/2025\/06\/20250607_171559-1153x2048.jpg 1153w, https:\/\/wushuelorn.fr\/wp-content\/uploads\/2025\/06\/20250607_171559-scaled.jpg 1441w\" sizes=\"auto, (max-width: 577px) 100vw, 577px\" \/><\/figure>\n\n\n\n<figure class=\"wp-block-image size-large is-resized\"><img loading=\"lazy\" decoding=\"async\" width=\"1024\" height=\"577\" src=\"http:\/\/wushuelorn.fr\/wp-content\/uploads\/2025\/06\/20250607_170237-1024x577.jpg\" alt=\"\" class=\"wp-image-834\" style=\"width:390px;height:auto\" srcset=\"https:\/\/wushuelorn.fr\/wp-content\/uploads\/2025\/06\/20250607_170237-1024x577.jpg 1024w, https:\/\/wushuelorn.fr\/wp-content\/uploads\/2025\/06\/20250607_170237-300x169.jpg 300w, https:\/\/wushuelorn.fr\/wp-content\/uploads\/2025\/06\/20250607_170237-768x432.jpg 768w, https:\/\/wushuelorn.fr\/wp-content\/uploads\/2025\/06\/20250607_170237-1536x865.jpg 1536w, https:\/\/wushuelorn.fr\/wp-content\/uploads\/2025\/06\/20250607_170237-2048x1153.jpg 2048w\" sizes=\"auto, (max-width: 767px) 89vw, (max-width: 1000px) 54vw, (max-width: 1071px) 543px, 580px\" \/><\/figure>\n\n\n\n<figure class=\"wp-block-image size-large is-resized\"><img loading=\"lazy\" decoding=\"async\" width=\"1024\" height=\"577\" src=\"http:\/\/wushuelorn.fr\/wp-content\/uploads\/2025\/06\/20250607_164925-1024x577.jpg\" alt=\"\" class=\"wp-image-835\" style=\"width:391px;height:auto\" srcset=\"https:\/\/wushuelorn.fr\/wp-content\/uploads\/2025\/06\/20250607_164925-1024x577.jpg 1024w, https:\/\/wushuelorn.fr\/wp-content\/uploads\/2025\/06\/20250607_164925-300x169.jpg 300w, https:\/\/wushuelorn.fr\/wp-content\/uploads\/2025\/06\/20250607_164925-768x432.jpg 768w, https:\/\/wushuelorn.fr\/wp-content\/uploads\/2025\/06\/20250607_164925-1536x865.jpg 1536w, https:\/\/wushuelorn.fr\/wp-content\/uploads\/2025\/06\/20250607_164925-2048x1153.jpg 2048w\" sizes=\"auto, (max-width: 767px) 89vw, (max-width: 1000px) 54vw, (max-width: 1071px) 543px, 580px\" \/><\/figure>\n\n\n\n<figure class=\"wp-block-image size-large is-resized\"><img loading=\"lazy\" decoding=\"async\" width=\"1024\" height=\"577\" src=\"http:\/\/wushuelorn.fr\/wp-content\/uploads\/2025\/06\/20250607_172308-1024x577.jpg\" alt=\"\" class=\"wp-image-836\" style=\"width:393px;height:auto\" srcset=\"https:\/\/wushuelorn.fr\/wp-content\/uploads\/2025\/06\/20250607_172308-1024x577.jpg 1024w, https:\/\/wushuelorn.fr\/wp-content\/uploads\/2025\/06\/20250607_172308-300x169.jpg 300w, https:\/\/wushuelorn.fr\/wp-content\/uploads\/2025\/06\/20250607_172308-768x432.jpg 768w, https:\/\/wushuelorn.fr\/wp-content\/uploads\/2025\/06\/20250607_172308-1536x865.jpg 1536w, https:\/\/wushuelorn.fr\/wp-content\/uploads\/2025\/06\/20250607_172308-2048x1153.jpg 2048w\" sizes=\"auto, (max-width: 767px) 89vw, (max-width: 1000px) 54vw, (max-width: 1071px) 543px, 580px\" \/><\/figure>\n\n\n\n<p>Photos : Laure Lauvergeat et Claude Larreur<\/p>\n\n\n\n<h1 class=\"wp-block-heading\"><strong>Rencontre Interclubs  <\/strong><\/h1>\n\n\n\n<figure class=\"wp-block-image size-large is-resized\"><img loading=\"lazy\" decoding=\"async\" width=\"1024\" height=\"571\" src=\"http:\/\/wushuelorn.fr\/wp-content\/uploads\/2025\/04\/IMG-20250429-WA0006-1024x571.jpg\" alt=\"\" class=\"wp-image-817\" style=\"width:567px;height:auto\" srcset=\"https:\/\/wushuelorn.fr\/wp-content\/uploads\/2025\/04\/IMG-20250429-WA0006-1024x571.jpg 1024w, https:\/\/wushuelorn.fr\/wp-content\/uploads\/2025\/04\/IMG-20250429-WA0006-300x167.jpg 300w, https:\/\/wushuelorn.fr\/wp-content\/uploads\/2025\/04\/IMG-20250429-WA0006-768x428.jpg 768w, https:\/\/wushuelorn.fr\/wp-content\/uploads\/2025\/04\/IMG-20250429-WA0006.jpg 1486w\" sizes=\"auto, (max-width: 767px) 89vw, (max-width: 1000px) 54vw, (max-width: 1071px) 543px, 580px\" \/><\/figure>\n\n\n\n<figure class=\"wp-block-image size-large is-resized\"><img loading=\"lazy\" decoding=\"async\" width=\"1024\" height=\"613\" src=\"http:\/\/wushuelorn.fr\/wp-content\/uploads\/2025\/04\/IMG-20250429-WA0011-1024x613.jpg\" alt=\"\" class=\"wp-image-818\" style=\"width:566px;height:auto\" srcset=\"https:\/\/wushuelorn.fr\/wp-content\/uploads\/2025\/04\/IMG-20250429-WA0011-1024x613.jpg 1024w, https:\/\/wushuelorn.fr\/wp-content\/uploads\/2025\/04\/IMG-20250429-WA0011-300x179.jpg 300w, https:\/\/wushuelorn.fr\/wp-content\/uploads\/2025\/04\/IMG-20250429-WA0011-768x459.jpg 768w, https:\/\/wushuelorn.fr\/wp-content\/uploads\/2025\/04\/IMG-20250429-WA0011.jpg 1384w\" sizes=\"auto, (max-width: 767px) 89vw, (max-width: 1000px) 54vw, (max-width: 1071px) 543px, 580px\" \/><\/figure>\n\n\n\n<figure class=\"wp-block-image size-large is-resized\"><img loading=\"lazy\" decoding=\"async\" width=\"1024\" height=\"768\" src=\"http:\/\/wushuelorn.fr\/wp-content\/uploads\/2025\/04\/IMG-20250429-WA0015-1024x768.jpg\" alt=\"\" class=\"wp-image-819\" style=\"width:567px;height:auto\" srcset=\"https:\/\/wushuelorn.fr\/wp-content\/uploads\/2025\/04\/IMG-20250429-WA0015-1024x768.jpg 1024w, https:\/\/wushuelorn.fr\/wp-content\/uploads\/2025\/04\/IMG-20250429-WA0015-300x225.jpg 300w, https:\/\/wushuelorn.fr\/wp-content\/uploads\/2025\/04\/IMG-20250429-WA0015-768x576.jpg 768w, https:\/\/wushuelorn.fr\/wp-content\/uploads\/2025\/04\/IMG-20250429-WA0015-1536x1152.jpg 1536w, https:\/\/wushuelorn.fr\/wp-content\/uploads\/2025\/04\/IMG-20250429-WA0015.jpg 1600w\" sizes=\"auto, (max-width: 767px) 89vw, (max-width: 1000px) 54vw, (max-width: 1071px) 543px, 580px\" \/><\/figure>\n\n\n\n<figure class=\"wp-block-image size-full is-resized\"><img loading=\"lazy\" decoding=\"async\" width=\"768\" height=\"828\" src=\"http:\/\/wushuelorn.fr\/wp-content\/uploads\/2025\/04\/IMG-20250429-WA0014.jpg\" alt=\"\" class=\"wp-image-820\" style=\"width:569px;height:auto\" srcset=\"https:\/\/wushuelorn.fr\/wp-content\/uploads\/2025\/04\/IMG-20250429-WA0014.jpg 768w, https:\/\/wushuelorn.fr\/wp-content\/uploads\/2025\/04\/IMG-20250429-WA0014-278x300.jpg 278w\" sizes=\"auto, (max-width: 767px) 89vw, (max-width: 1000px) 54vw, (max-width: 1071px) 543px, 580px\" \/><\/figure>\n\n\n\n<p>Photos : Wushu Elorn<\/p>\n\n\n\n<p>Le Dimanche 27 avril 2025 , une belle \u00e9quipe de notre association s&#8217;est d\u00e9plac\u00e9e \u00e0 vannes pour la rencontre interclubs organis\u00e9e par la FFK r\u00e9gionale , elle \u00e0 permis \u00e0 notre groupe de petits dragons de montrer tout leurs talents en Kung Fu mais aussi Taiji et Qi gong sous la direction de Djoss et Julie . Djoss a aussi anim\u00e9 un atelier sur l&#8217;\u00e9ventail ouvert \u00e0 tous les participants pr\u00e9sents . Merci \u00e0 cette belle \u00e9quipe dynamique pour avoir port\u00e9 haut nos couleurs et \u00e0 la FFK pour cette solide organisation . <\/p>\n\n\n\n<h1 class=\"wp-block-heading\"><strong>Participation au Chalenge Sport et Culture <\/strong><\/h1>\n\n\n\n<figure class=\"wp-block-image size-large\"><img loading=\"lazy\" decoding=\"async\" width=\"1024\" height=\"473\" src=\"http:\/\/wushuelorn.fr\/wp-content\/uploads\/2025\/04\/IMG-20250426-WA0009-1024x473.jpg\" alt=\"\" class=\"wp-image-813\" srcset=\"https:\/\/wushuelorn.fr\/wp-content\/uploads\/2025\/04\/IMG-20250426-WA0009-1024x473.jpg 1024w, https:\/\/wushuelorn.fr\/wp-content\/uploads\/2025\/04\/IMG-20250426-WA0009-300x139.jpg 300w, https:\/\/wushuelorn.fr\/wp-content\/uploads\/2025\/04\/IMG-20250426-WA0009-768x355.jpg 768w, https:\/\/wushuelorn.fr\/wp-content\/uploads\/2025\/04\/IMG-20250426-WA0009-1536x709.jpg 1536w, https:\/\/wushuelorn.fr\/wp-content\/uploads\/2025\/04\/IMG-20250426-WA0009.jpg 1600w\" sizes=\"auto, (max-width: 767px) 89vw, (max-width: 1000px) 54vw, (max-width: 1071px) 543px, 580px\" \/><\/figure>\n\n\n\n<figure class=\"wp-block-image size-large is-resized\"><img loading=\"lazy\" decoding=\"async\" width=\"473\" height=\"1024\" src=\"http:\/\/wushuelorn.fr\/wp-content\/uploads\/2025\/04\/IMG-20250426-WA0010-473x1024.jpg\" alt=\"\" class=\"wp-image-814\" style=\"width:243px;height:auto\" srcset=\"https:\/\/wushuelorn.fr\/wp-content\/uploads\/2025\/04\/IMG-20250426-WA0010-473x1024.jpg 473w, https:\/\/wushuelorn.fr\/wp-content\/uploads\/2025\/04\/IMG-20250426-WA0010-139x300.jpg 139w, https:\/\/wushuelorn.fr\/wp-content\/uploads\/2025\/04\/IMG-20250426-WA0010-709x1536.jpg 709w, https:\/\/wushuelorn.fr\/wp-content\/uploads\/2025\/04\/IMG-20250426-WA0010.jpg 739w\" sizes=\"auto, (max-width: 473px) 100vw, 473px\" \/><\/figure>\n\n\n\n<p>Photos : Cecile LOIRE<\/p>\n\n\n\n<p>Le samedi 26 avril 2025 ,notre association a particip\u00e9 au chalenge Sport et Culture <strong>&#8221; Un temps partag\u00e9 &#8220;<\/strong> a la salle polyvalente de Dirinon ,cette belle journ\u00e9e inclusive nous a donn\u00e9e l&#8217;occasion de faire d\u00e9couvrir le Qi gong et le Taiji \u00e0 tous quelque soit le handicap ,le tout dans une belle ambiance festive ,ponctu\u00e9 par un pot offert par la municipalit\u00e9 . Un r\u00e9el succ\u00e8s vu la demande d&#8217;intervention dans diff\u00e9rents foyers qui ont suivi . merci encore aux b\u00e9n\u00e9voles pr\u00e9sents .<\/p>\n\n\n\n<h1 class=\"wp-block-heading\"><strong>Stage d&#8217;applications martiales \u00e0 Plerin<\/strong><\/h1>\n\n\n\n<figure class=\"wp-block-image size-large is-resized\"><img loading=\"lazy\" decoding=\"async\" width=\"1024\" height=\"768\" src=\"http:\/\/wushuelorn.fr\/wp-content\/uploads\/2025\/04\/IMG-20250405-WA0000-1024x768.jpg\" alt=\"\" class=\"wp-image-803\" style=\"width:589px;height:auto\" srcset=\"https:\/\/wushuelorn.fr\/wp-content\/uploads\/2025\/04\/IMG-20250405-WA0000-1024x768.jpg 1024w, https:\/\/wushuelorn.fr\/wp-content\/uploads\/2025\/04\/IMG-20250405-WA0000-300x225.jpg 300w, https:\/\/wushuelorn.fr\/wp-content\/uploads\/2025\/04\/IMG-20250405-WA0000-768x576.jpg 768w, https:\/\/wushuelorn.fr\/wp-content\/uploads\/2025\/04\/IMG-20250405-WA0000-1536x1152.jpg 1536w, https:\/\/wushuelorn.fr\/wp-content\/uploads\/2025\/04\/IMG-20250405-WA0000.jpg 1600w\" sizes=\"auto, (max-width: 767px) 89vw, (max-width: 1000px) 54vw, (max-width: 1071px) 543px, 580px\" \/><\/figure>\n\n\n\n<figure class=\"wp-block-image size-large is-resized\"><img loading=\"lazy\" decoding=\"async\" width=\"1024\" height=\"768\" src=\"http:\/\/wushuelorn.fr\/wp-content\/uploads\/2025\/04\/IMG-20250405-WA0001-1024x768.jpg\" alt=\"\" class=\"wp-image-804\" style=\"width:591px;height:auto\" srcset=\"https:\/\/wushuelorn.fr\/wp-content\/uploads\/2025\/04\/IMG-20250405-WA0001-1024x768.jpg 1024w, https:\/\/wushuelorn.fr\/wp-content\/uploads\/2025\/04\/IMG-20250405-WA0001-300x225.jpg 300w, https:\/\/wushuelorn.fr\/wp-content\/uploads\/2025\/04\/IMG-20250405-WA0001-768x576.jpg 768w, https:\/\/wushuelorn.fr\/wp-content\/uploads\/2025\/04\/IMG-20250405-WA0001-1536x1152.jpg 1536w, https:\/\/wushuelorn.fr\/wp-content\/uploads\/2025\/04\/IMG-20250405-WA0001.jpg 1600w\" sizes=\"auto, (max-width: 767px) 89vw, (max-width: 1000px) 54vw, (max-width: 1071px) 543px, 580px\" \/><\/figure>\n\n\n\n<p>Photos : Participants au Stage<\/p>\n\n\n\n<p>Le samedi 5 mars 2025 s&#8217;est d\u00e9roul\u00e9 au dojo de Plerin un stage de ligue d&#8217;applications martiales organis\u00e9 par la FFK niveau Bretagne ( F\u00e9d\u00e9ration Fran\u00e7aise de Karat\u00e9 et disciplines associ\u00e9es )  et anim\u00e9 par Bertrand Gagneux 3 \u00e8me Duan .Ce stage fut suivi par une vingtaine de participants dont trois \u00e9l\u00e8ves de Wushu Elorn ,Aurelien ,Bao et Florence ,tous trois pr\u00e9parant un passage de 1 er et 2\u00e8me Duan en juin 2025 au niveau FFK. La partie martiale \u00e9tant incontournable pour les Duans . La FFK \u00e9tant la f\u00e9d\u00e9ration d&#8217;affiliation de Wushu Elorn .<\/p>\n\n\n\n<p><\/p>\n\n\n\n<h1 class=\"wp-block-heading\"><strong>Obtention de Duan Ffaemc ( F\u00e9d\u00e9ration fran\u00e7aise des arts \u00e9nerg\u00e9tiques et martiaux chinois )<\/strong><\/h1>\n\n\n\n<p>Le dimanche 23 mars 2025 , deux \u00e9l\u00e8ves \u00e0 Wushu Elorn et \u00e9galement \u00e0 Wushu Brest passaient leur grade dans le cadre de la Ffaemc , la f\u00e9d\u00e9ration de tutelle de Wushu Brest qui organisait cette \u00e9preuve au gymnase Foch de Brest . Florence obtenait le niveau 2\u00e8me Duan en Taiji et Claude le premier Duan en Qi gong venant compl\u00e9ter son deuxi\u00e8me Duan en Taiji . L&#8217;obtention des niveaux dans les deux F\u00e9d\u00e9rations permettant une compl\u00e9mentarit\u00e9 et harmonisation future d&#8217;un possible ? regroupement des deux courants f\u00e9d\u00e9raux .<\/p>\n\n\n\n<h1 class=\"wp-block-heading\"><strong>Stage n\u00b0 2 \u00e9ventails \u00e0 Wushu Brest<\/strong><\/h1>\n\n\n\n<p>Voici deux belles photos du stage d&#8217;\u00e9ventail n\u00b02 &#8221; <strong>Harmonie du corps et du mental par l&#8217;\u00e9ventail<\/strong> &#8221; organis\u00e9 \u00e0 l&#8217;\u00e9cole Wushu Brest le 2 mars 2025 par Renfeng .<\/p>\n\n\n\n<figure class=\"wp-block-image size-large\"><img loading=\"lazy\" decoding=\"async\" width=\"1024\" height=\"576\" src=\"http:\/\/wushuelorn.fr\/wp-content\/uploads\/2025\/03\/vlcsnap-2025-03-03-15h48m21s934-1024x576.png\" alt=\"\" class=\"wp-image-781\" srcset=\"https:\/\/wushuelorn.fr\/wp-content\/uploads\/2025\/03\/vlcsnap-2025-03-03-15h48m21s934-1024x576.png 1024w, https:\/\/wushuelorn.fr\/wp-content\/uploads\/2025\/03\/vlcsnap-2025-03-03-15h48m21s934-300x169.png 300w, https:\/\/wushuelorn.fr\/wp-content\/uploads\/2025\/03\/vlcsnap-2025-03-03-15h48m21s934-768x432.png 768w, https:\/\/wushuelorn.fr\/wp-content\/uploads\/2025\/03\/vlcsnap-2025-03-03-15h48m21s934-1536x864.png 1536w, https:\/\/wushuelorn.fr\/wp-content\/uploads\/2025\/03\/vlcsnap-2025-03-03-15h48m21s934.png 1920w\" sizes=\"auto, (max-width: 767px) 89vw, (max-width: 1000px) 54vw, (max-width: 1071px) 543px, 580px\" \/><\/figure>\n\n\n\n<p>Photo : Josu\u00e9 Jean-Baptiste<\/p>\n\n\n\n<figure class=\"wp-block-image size-large\"><img loading=\"lazy\" decoding=\"async\" width=\"1024\" height=\"768\" src=\"http:\/\/wushuelorn.fr\/wp-content\/uploads\/2025\/03\/IMG-20250303-WA0004-1-1024x768.jpg\" alt=\"\" class=\"wp-image-783\" srcset=\"https:\/\/wushuelorn.fr\/wp-content\/uploads\/2025\/03\/IMG-20250303-WA0004-1-1024x768.jpg 1024w, https:\/\/wushuelorn.fr\/wp-content\/uploads\/2025\/03\/IMG-20250303-WA0004-1-300x225.jpg 300w, https:\/\/wushuelorn.fr\/wp-content\/uploads\/2025\/03\/IMG-20250303-WA0004-1-768x576.jpg 768w, https:\/\/wushuelorn.fr\/wp-content\/uploads\/2025\/03\/IMG-20250303-WA0004-1-1536x1152.jpg 1536w, https:\/\/wushuelorn.fr\/wp-content\/uploads\/2025\/03\/IMG-20250303-WA0004-1.jpg 1600w\" sizes=\"auto, (max-width: 767px) 89vw, (max-width: 1000px) 54vw, (max-width: 1071px) 543px, 580px\" \/><\/figure>\n\n\n\n<p>Photo Brigitte Graf<\/p>\n\n\n\n<h1 class=\"wp-block-heading\"><strong>Open de France 2025 de Wushu \u00e0 Muzillac<\/strong><\/h1>\n\n\n\n<p>Le dimanche 9 f\u00e9vrier 2025 ,une vingtaine d\u2019\u00e9l\u00e8ves et professeurs ont particip\u00e9&nbsp; \u00e0 l\u2019open de France \u00e0 Muzillac dans le Morbihan. Cette manifestation nationale organis\u00e9e&nbsp; par la F\u00e9d\u00e9ration Fran\u00e7aise de Karat\u00e9 \u00e0 vu notre association Wushu Elorn obtenir 15&nbsp; m\u00e9dailles d&#8217;or et 10 m\u00e9dailles d&#8217;argent en taiji mains nues ,taiji armes adultes et kung&nbsp; fu enfants et adultes . Belle moisson pour notre club de Dirinon aux 92 adh\u00e9rents,&nbsp; couronn\u00e9 par deux troph\u00e9es or et argent par \u00e9quipe.&nbsp;<\/p>\n\n\n\n<figure class=\"wp-block-image size-large is-resized\"><img loading=\"lazy\" decoding=\"async\" width=\"1024\" height=\"768\" src=\"http:\/\/wushuelorn.fr\/wp-content\/uploads\/2025\/02\/IMG-20250209-WA0002-1024x768.jpg\" alt=\"\" class=\"wp-image-765\" style=\"width:403px;height:auto\" srcset=\"https:\/\/wushuelorn.fr\/wp-content\/uploads\/2025\/02\/IMG-20250209-WA0002-1024x768.jpg 1024w, https:\/\/wushuelorn.fr\/wp-content\/uploads\/2025\/02\/IMG-20250209-WA0002-300x225.jpg 300w, https:\/\/wushuelorn.fr\/wp-content\/uploads\/2025\/02\/IMG-20250209-WA0002-768x576.jpg 768w, https:\/\/wushuelorn.fr\/wp-content\/uploads\/2025\/02\/IMG-20250209-WA0002-1536x1152.jpg 1536w, https:\/\/wushuelorn.fr\/wp-content\/uploads\/2025\/02\/IMG-20250209-WA0002.jpg 1600w\" sizes=\"auto, (max-width: 767px) 89vw, (max-width: 1000px) 54vw, (max-width: 1071px) 543px, 580px\" \/><\/figure>\n\n\n\n<p>Photo \/ Brigitte Graf<\/p>\n\n\n\n<figure class=\"wp-block-image size-large is-resized\"><img loading=\"lazy\" decoding=\"async\" width=\"1024\" height=\"768\" src=\"http:\/\/wushuelorn.fr\/wp-content\/uploads\/2025\/02\/IMG-20250209-WA0020-1024x768.jpg\" alt=\"\" class=\"wp-image-760\" style=\"width:401px;height:auto\" srcset=\"https:\/\/wushuelorn.fr\/wp-content\/uploads\/2025\/02\/IMG-20250209-WA0020-1024x768.jpg 1024w, https:\/\/wushuelorn.fr\/wp-content\/uploads\/2025\/02\/IMG-20250209-WA0020-300x225.jpg 300w, https:\/\/wushuelorn.fr\/wp-content\/uploads\/2025\/02\/IMG-20250209-WA0020-768x576.jpg 768w, https:\/\/wushuelorn.fr\/wp-content\/uploads\/2025\/02\/IMG-20250209-WA0020-1536x1152.jpg 1536w, https:\/\/wushuelorn.fr\/wp-content\/uploads\/2025\/02\/IMG-20250209-WA0020-2048x1536.jpg 2048w\" sizes=\"auto, (max-width: 767px) 89vw, (max-width: 1000px) 54vw, (max-width: 1071px) 543px, 580px\" \/><\/figure>\n\n\n\n<figure class=\"wp-block-image size-large is-resized\"><img loading=\"lazy\" decoding=\"async\" width=\"1024\" height=\"768\" src=\"http:\/\/wushuelorn.fr\/wp-content\/uploads\/2025\/02\/IMG-20250209-WA0034-1024x768.jpg\" alt=\"\" class=\"wp-image-766\" style=\"width:417px;height:auto\" srcset=\"https:\/\/wushuelorn.fr\/wp-content\/uploads\/2025\/02\/IMG-20250209-WA0034-1024x768.jpg 1024w, https:\/\/wushuelorn.fr\/wp-content\/uploads\/2025\/02\/IMG-20250209-WA0034-300x225.jpg 300w, https:\/\/wushuelorn.fr\/wp-content\/uploads\/2025\/02\/IMG-20250209-WA0034-768x576.jpg 768w, https:\/\/wushuelorn.fr\/wp-content\/uploads\/2025\/02\/IMG-20250209-WA0034-1536x1152.jpg 1536w, https:\/\/wushuelorn.fr\/wp-content\/uploads\/2025\/02\/IMG-20250209-WA0034-2048x1536.jpg 2048w\" sizes=\"auto, (max-width: 767px) 89vw, (max-width: 1000px) 54vw, (max-width: 1071px) 543px, 580px\" \/><\/figure>\n\n\n\n<p>Photos : Solenn Bocher<\/p>\n\n\n\n<figure class=\"wp-block-image size-large is-resized\"><img loading=\"lazy\" decoding=\"async\" width=\"1024\" height=\"768\" src=\"http:\/\/wushuelorn.fr\/wp-content\/uploads\/2025\/02\/IMG-20250209-WA0044-1024x768.jpg\" alt=\"\" class=\"wp-image-762\" style=\"width:414px;height:auto\" srcset=\"https:\/\/wushuelorn.fr\/wp-content\/uploads\/2025\/02\/IMG-20250209-WA0044-1024x768.jpg 1024w, https:\/\/wushuelorn.fr\/wp-content\/uploads\/2025\/02\/IMG-20250209-WA0044-300x225.jpg 300w, https:\/\/wushuelorn.fr\/wp-content\/uploads\/2025\/02\/IMG-20250209-WA0044-768x576.jpg 768w, https:\/\/wushuelorn.fr\/wp-content\/uploads\/2025\/02\/IMG-20250209-WA0044-1536x1152.jpg 1536w, https:\/\/wushuelorn.fr\/wp-content\/uploads\/2025\/02\/IMG-20250209-WA0044.jpg 1600w\" sizes=\"auto, (max-width: 767px) 89vw, (max-width: 1000px) 54vw, (max-width: 1071px) 543px, 580px\" \/><\/figure>\n\n\n\n<figure class=\"wp-block-image size-large is-resized\"><img loading=\"lazy\" decoding=\"async\" width=\"1024\" height=\"768\" src=\"http:\/\/wushuelorn.fr\/wp-content\/uploads\/2025\/02\/IMG-20250209-WA0046-1024x768.jpg\" alt=\"\" class=\"wp-image-763\" style=\"width:413px;height:auto\" srcset=\"https:\/\/wushuelorn.fr\/wp-content\/uploads\/2025\/02\/IMG-20250209-WA0046-1024x768.jpg 1024w, https:\/\/wushuelorn.fr\/wp-content\/uploads\/2025\/02\/IMG-20250209-WA0046-300x225.jpg 300w, https:\/\/wushuelorn.fr\/wp-content\/uploads\/2025\/02\/IMG-20250209-WA0046-768x576.jpg 768w, https:\/\/wushuelorn.fr\/wp-content\/uploads\/2025\/02\/IMG-20250209-WA0046-1536x1152.jpg 1536w, https:\/\/wushuelorn.fr\/wp-content\/uploads\/2025\/02\/IMG-20250209-WA0046.jpg 1600w\" sizes=\"auto, (max-width: 767px) 89vw, (max-width: 1000px) 54vw, (max-width: 1071px) 543px, 580px\" \/><\/figure>\n\n\n\n<p>Photos :Yves Quideau<\/p>\n\n\n\n<h1 class=\"wp-block-heading\"><strong>R\u00e9union lecture r\u00e8glement Grades Wushu et stage Technique<\/strong><\/h1>\n\n\n\n<p><\/p>\n\n\n\n<p>Dimanche 26 janvier 2025 s&#8217;est tenu \u00e0 Ploufragan dans les C\u00f4tes D&#8217;Armor ,une r\u00e9union et un stage technique consacr\u00e9 aux passages de Grades en Wushu . Cette journ\u00e9e organis\u00e9e par la FFK r\u00e9gionale s&#8217;est d\u00e9roul\u00e9 au Dojo Mol\u00e8ne de la ville et fut suivie par la trentaine de participants entra\u00een\u00e9s par Herv\u00e9 Denis 5\u00e8me Duan et Alexis MIK 5\u00e8me Duan . Quatre \u00e9l\u00e8ves licenci\u00e9s \u00e0 Wushu Elorn ont particip\u00e9 \u00e0 l&#8217;ensemble de la journ\u00e9e ,les connaissances techniques acquises leur serviront grandement dans leurs futurs examens .<\/p>\n\n\n\n<figure class=\"wp-block-image size-full\"><img loading=\"lazy\" decoding=\"async\" width=\"1024\" height=\"768\" src=\"http:\/\/wushuelorn.fr\/wp-content\/uploads\/2025\/01\/IMG-20250126-WA0001.jpg\" alt=\"\" class=\"wp-image-748\" srcset=\"https:\/\/wushuelorn.fr\/wp-content\/uploads\/2025\/01\/IMG-20250126-WA0001.jpg 1024w, https:\/\/wushuelorn.fr\/wp-content\/uploads\/2025\/01\/IMG-20250126-WA0001-300x225.jpg 300w, https:\/\/wushuelorn.fr\/wp-content\/uploads\/2025\/01\/IMG-20250126-WA0001-768x576.jpg 768w\" sizes=\"auto, (max-width: 767px) 89vw, (max-width: 1000px) 54vw, (max-width: 1071px) 543px, 580px\" \/><\/figure>\n\n\n\n<p>Photo : Bao Fr\u00e9d\u00e9rique FERNANDES<\/p>\n\n\n\n<h1 class=\"wp-block-heading\"><strong>Rencontre Nationale  de Tuishou \u00e0 Loudeac<\/strong><\/h1>\n\n\n\n<p>Le 18 et 19 Janvier 2025 s&#8217;est d\u00e9roul\u00e9 une rencontre Nationale de Tuishou \u00e0 Loud\u00e9ac avec deux Professeurs de Haut niveau Ma\u00eetre <strong>&nbsp;Hong Ha\u00ef Yuan<\/strong> 9\u00e8me&nbsp;duan ( le plus haut grade en Wushu )et Ma\u00eetre &nbsp;<strong>Gilles Michel Rio<\/strong> 6\u00e8me&nbsp;duan . Cette manifestation parfaitement organis\u00e9e par la FFK r\u00e9gionale a permis \u00e0 tous les participants pr\u00e9sents venus des quatre coins de France de suivre un enseignement de haut vol dans cette pratique de travail de pouss\u00e9e des mains \u00e0 deux sur les huit portes du Taiji . Cette rencontre se d\u00e9roulant sur les deux jours du week-end fut suivie par plusieurs \u00e9l\u00e8ves de Wushu Elorn et Wushu Brest .<\/p>\n\n\n\n<figure class=\"wp-block-image size-large\"><img loading=\"lazy\" decoding=\"async\" width=\"461\" height=\"1024\" src=\"http:\/\/wushuelorn.fr\/wp-content\/uploads\/2025\/01\/IMG-20250123-WA0003-461x1024.jpg\" alt=\"\" class=\"wp-image-742\" srcset=\"https:\/\/wushuelorn.fr\/wp-content\/uploads\/2025\/01\/IMG-20250123-WA0003-461x1024.jpg 461w, https:\/\/wushuelorn.fr\/wp-content\/uploads\/2025\/01\/IMG-20250123-WA0003-135x300.jpg 135w, https:\/\/wushuelorn.fr\/wp-content\/uploads\/2025\/01\/IMG-20250123-WA0003-691x1536.jpg 691w, https:\/\/wushuelorn.fr\/wp-content\/uploads\/2025\/01\/IMG-20250123-WA0003.jpg 720w\" sizes=\"auto, (max-width: 461px) 100vw, 461px\" \/><\/figure>\n\n\n\n<p>Ma\u00eetre <strong>Hong Ha\u00ef Yuan<\/strong> 9\u00e8me&nbsp;duan avec Yves <\/p>\n\n\n\n<figure class=\"wp-block-image size-large\"><img loading=\"lazy\" decoding=\"async\" width=\"1024\" height=\"577\" src=\"http:\/\/wushuelorn.fr\/wp-content\/uploads\/2025\/01\/20250122_205044-1024x577.jpg\" alt=\"\" class=\"wp-image-743\" srcset=\"https:\/\/wushuelorn.fr\/wp-content\/uploads\/2025\/01\/20250122_205044-1024x577.jpg 1024w, https:\/\/wushuelorn.fr\/wp-content\/uploads\/2025\/01\/20250122_205044-300x169.jpg 300w, https:\/\/wushuelorn.fr\/wp-content\/uploads\/2025\/01\/20250122_205044-768x432.jpg 768w, https:\/\/wushuelorn.fr\/wp-content\/uploads\/2025\/01\/20250122_205044-1536x865.jpg 1536w, https:\/\/wushuelorn.fr\/wp-content\/uploads\/2025\/01\/20250122_205044-2048x1153.jpg 2048w\" sizes=\"auto, (max-width: 767px) 89vw, (max-width: 1000px) 54vw, (max-width: 1071px) 543px, 580px\" \/><\/figure>\n\n\n\n<p>Une partie des participants \u00e0 la rencontre \u00e0 leur retour sur Brest<\/p>\n\n\n\n<p>Photos : Wushu Elorn et Claude Larreur<\/p>\n\n\n\n<h1 class=\"wp-block-heading\"><strong>Galette des Rois <\/strong><\/h1>\n\n\n\n<p>Samedi 11 janvier 2025 s&#8217;est d\u00e9roul\u00e9 la traditionnelle Galette des rois de notre association ,celle-ci a r\u00e9unie plus de trente membres pour une apr\u00e8s-midi sportive et festive au dojo de Coat Mez  avec la pr\u00e9sence amicale de Marie The Quemeneur la pr\u00e9sidente du club ami de Bourg Blanc &#8221; Dans le vent d&#8217;ouest &#8221; <\/p>\n\n\n\n<p>Photo : Association Wushu Elorn<\/p>\n\n\n\n<figure class=\"wp-block-image size-large\"><img loading=\"lazy\" decoding=\"async\" width=\"1024\" height=\"768\" src=\"http:\/\/wushuelorn.fr\/wp-content\/uploads\/2025\/01\/IMG-20241221-WA0005-1024x768.jpg\" alt=\"\" class=\"wp-image-741\" srcset=\"https:\/\/wushuelorn.fr\/wp-content\/uploads\/2025\/01\/IMG-20241221-WA0005-1024x768.jpg 1024w, https:\/\/wushuelorn.fr\/wp-content\/uploads\/2025\/01\/IMG-20241221-WA0005-300x225.jpg 300w, https:\/\/wushuelorn.fr\/wp-content\/uploads\/2025\/01\/IMG-20241221-WA0005-768x576.jpg 768w, https:\/\/wushuelorn.fr\/wp-content\/uploads\/2025\/01\/IMG-20241221-WA0005-1536x1152.jpg 1536w, https:\/\/wushuelorn.fr\/wp-content\/uploads\/2025\/01\/IMG-20241221-WA0005.jpg 1600w\" sizes=\"auto, (max-width: 767px) 89vw, (max-width: 1000px) 54vw, (max-width: 1071px) 543px, 580px\" \/><\/figure>\n\n\n\n<h2 class=\"wp-block-heading\"><strong>Pot de fin d&#8217;ann\u00e9e 2024<\/strong><\/h2>\n\n\n\n<p>Le samedi 21 d\u00e9cembre ,l&#8217;association Wushu Elorn invitait ses membres \u00e0 un pot convivial autour de sa Pr\u00e9sidente Brigitte Graff , apr\u00e8s une pratique de tous les cours en commun au Dojo de Coat Mez  . Ce moment de partage et d&#8217;\u00e9change entre tous permit \u00e0 la trentaine de personnes pr\u00e9sentes  d&#8217;appr\u00e9cier les diff\u00e9rents g\u00e2teaux offerts .<\/p>\n\n\n\n<figure class=\"wp-block-image size-large\"><img loading=\"lazy\" decoding=\"async\" width=\"1024\" height=\"768\" src=\"http:\/\/wushuelorn.fr\/wp-content\/uploads\/2024\/12\/IMG-20241221-WA0005-1024x768.jpg\" alt=\"\" class=\"wp-image-737\" srcset=\"https:\/\/wushuelorn.fr\/wp-content\/uploads\/2024\/12\/IMG-20241221-WA0005-1024x768.jpg 1024w, https:\/\/wushuelorn.fr\/wp-content\/uploads\/2024\/12\/IMG-20241221-WA0005-300x225.jpg 300w, https:\/\/wushuelorn.fr\/wp-content\/uploads\/2024\/12\/IMG-20241221-WA0005-768x576.jpg 768w, https:\/\/wushuelorn.fr\/wp-content\/uploads\/2024\/12\/IMG-20241221-WA0005-1536x1152.jpg 1536w, https:\/\/wushuelorn.fr\/wp-content\/uploads\/2024\/12\/IMG-20241221-WA0005.jpg 1600w\" sizes=\"auto, (max-width: 767px) 89vw, (max-width: 1000px) 54vw, (max-width: 1071px) 543px, 580px\" \/><\/figure>\n\n\n\n<p>Photo : Frederik Graff<\/p>\n\n\n\n<h1 class=\"wp-block-heading\"><strong>Stage de Duilian \u00e0 Plerin <\/strong><\/h1>\n\n\n\n<p>Le 14 D\u00e9cembre 2024 s&#8217;est tenu \u00e0 Pl\u00e9rin dans les C\u00f4tes D&#8217;Armor au Dojo pr\u00e9sid\u00e9 par Herv\u00e9 Denis 5\u00e8me Duan ,un stage de Duilian ( Combat souple en Duo sur un encha\u00eenement de postures de Taiji ) .Ce stage fut dirig\u00e9 par deux professeurs ,Mathias Bettan 3 \u00e8me Duan de Wushu Brest et Josu\u00e9 Jean-Baptiste 3\u00e8me Duan de Wushu Elorn ; deux \u00e9l\u00e8ves de Wushu Elorn y avaient \u00e9galement particip\u00e9 ,Florence Pouppeville et Claude Larreur . Cette formation a permis \u00e0 tous de se perfectionner en vue de futurs passages de Grades .<\/p>\n\n\n\n<figure class=\"wp-block-image size-large\"><img loading=\"lazy\" decoding=\"async\" width=\"1024\" height=\"577\" src=\"http:\/\/wushuelorn.fr\/wp-content\/uploads\/2024\/12\/20241214_140650-1024x577.jpg\" alt=\"\" class=\"wp-image-734\" srcset=\"https:\/\/wushuelorn.fr\/wp-content\/uploads\/2024\/12\/20241214_140650-1024x577.jpg 1024w, https:\/\/wushuelorn.fr\/wp-content\/uploads\/2024\/12\/20241214_140650-300x169.jpg 300w, https:\/\/wushuelorn.fr\/wp-content\/uploads\/2024\/12\/20241214_140650-768x432.jpg 768w, https:\/\/wushuelorn.fr\/wp-content\/uploads\/2024\/12\/20241214_140650-1536x865.jpg 1536w, https:\/\/wushuelorn.fr\/wp-content\/uploads\/2024\/12\/20241214_140650-2048x1153.jpg 2048w\" sizes=\"auto, (max-width: 767px) 89vw, (max-width: 1000px) 54vw, (max-width: 1071px) 543px, 580px\" \/><\/figure>\n\n\n\n<p>Photo : Claude Larreur<\/p>\n\n\n\n<h1 class=\"wp-block-heading\"><strong>Participation au Telethon 2024<\/strong><\/h1>\n\n\n\n<p>Wushu Elorn a particip\u00e9  \u00e0 deux \u00e9v\u00e8nements pour le Telethon 2024 ,tout d&#8217;abord le samedi 30 novembre aux Jardins d&#8217;Arcadie \u00e0 Brest pour une brillante d\u00e9monstration de Kung Fu par l&#8217;\u00e9quipe de Kung Fu Dragon guid\u00e9e par Renfeng  pour le plus grand plaisir des spectateurs pr\u00e9sents . Le dimanche 1er d\u00e9cembre ce f\u00fbt sur Dirinon \u00e0 la salle polyvalente qu&#8217; une initiation a \u00e9t\u00e9 propos\u00e9e ,bien suivie par une groupe motiv\u00e9 de l&#8217;EMA du foyer Laborit de Loperhet , un beau moment d&#8217;\u00e9change entre tous en Qi gong, Taiji et \u00e9ventail .En fin d&#8217;apr\u00e8s-midi une belle d\u00e9mo haute en couleur a ravi le nombreux public pr\u00e9sent ,Taiji main nue ,avec armes &#8221; b\u00e2ton et \u00e9ventail&#8221; ,Kung Fu de l&#8217;\u00e9quipe Dragon et bien s\u00fbr Qi gong  en Dawu &#8221; grande Danse &#8221; et petit b\u00e2ton&#8221; &#8220;Yang Sheng Zhang&#8221; Merci \u00e0 tous les \u00e9l\u00e8ves et professeurs de Wushu Elorn pr\u00e9sents ainsi qu&#8217;\u00e0 Marie Odile Le Roux ( responsable du Telethon \u00e0 Dirinon ) pour la belle organisation de l&#8217;\u00e9v\u00e8nement si cher aux coeur de tous .<\/p>\n\n\n\n<figure class=\"wp-block-image size-large\"><img loading=\"lazy\" decoding=\"async\" width=\"768\" height=\"1024\" src=\"http:\/\/wushuelorn.fr\/wp-content\/uploads\/2024\/12\/IMG-20241201-WA0000-768x1024.jpg\" alt=\"\" class=\"wp-image-712\" srcset=\"https:\/\/wushuelorn.fr\/wp-content\/uploads\/2024\/12\/IMG-20241201-WA0000-768x1024.jpg 768w, https:\/\/wushuelorn.fr\/wp-content\/uploads\/2024\/12\/IMG-20241201-WA0000-225x300.jpg 225w, https:\/\/wushuelorn.fr\/wp-content\/uploads\/2024\/12\/IMG-20241201-WA0000-1152x1536.jpg 1152w, https:\/\/wushuelorn.fr\/wp-content\/uploads\/2024\/12\/IMG-20241201-WA0000.jpg 1200w\" sizes=\"auto, (max-width: 767px) 89vw, (max-width: 1000px) 54vw, (max-width: 1071px) 543px, 580px\" \/><\/figure>\n\n\n\n<figure class=\"wp-block-image size-large\"><img loading=\"lazy\" decoding=\"async\" width=\"1024\" height=\"768\" src=\"http:\/\/wushuelorn.fr\/wp-content\/uploads\/2024\/12\/IMG-20241201-WA0003-1024x768.jpg\" alt=\"\" class=\"wp-image-713\" srcset=\"https:\/\/wushuelorn.fr\/wp-content\/uploads\/2024\/12\/IMG-20241201-WA0003-1024x768.jpg 1024w, https:\/\/wushuelorn.fr\/wp-content\/uploads\/2024\/12\/IMG-20241201-WA0003-300x225.jpg 300w, https:\/\/wushuelorn.fr\/wp-content\/uploads\/2024\/12\/IMG-20241201-WA0003-768x576.jpg 768w, https:\/\/wushuelorn.fr\/wp-content\/uploads\/2024\/12\/IMG-20241201-WA0003-1536x1152.jpg 1536w, https:\/\/wushuelorn.fr\/wp-content\/uploads\/2024\/12\/IMG-20241201-WA0003.jpg 1600w\" sizes=\"auto, (max-width: 767px) 89vw, (max-width: 1000px) 54vw, (max-width: 1071px) 543px, 580px\" \/><\/figure>\n\n\n\n<p>Photos : Sandrine Validzic<\/p>\n\n\n\n<h1 class=\"wp-block-heading\"><strong>Les clubs Wushu de Brest et de Landerneau-Daoulas de retour du festival europ\u00e9en de Vienne<\/strong><\/h1>\n\n\n\n<p>Le 02 octobre 2024 \u00e0 12h52<\/p>\n\n\n\n<figure class=\"wp-block-image\"><img decoding=\"async\" src=\"https:\/\/media.letelegramme.fr\/api\/v1\/images\/view\/66fd25e4a357516a825a96b9\/web_golden_xl\/66fd25e4a357516a825a96b9.1\" alt=\"La d\u00e9l\u00e9gation finist\u00e9rienne a pos\u00e9 pour une photo souvenir \u00e0 Vienne.\"\/><figcaption class=\"wp-element-caption\">La d\u00e9l\u00e9gation finist\u00e9rienne a pos\u00e9 pour une photo souvenir \u00e0 Vienne. (Photo Wushu \u00c9lorn)<\/figcaption><\/figure>\n\n\n\n<p>Du 26 au 29 septembre 2024, les deux clubs Wushu Elorn et Wushu Brest ont particip\u00e9 au sixi\u00e8me festival europ\u00e9en de Qi Gong Sant\u00e9 \u00e0 Vienne (Autriche). 26 nations \u00e9taient repr\u00e9sent\u00e9es. Pendant trois jours, des modules de formation leur ont \u00e9t\u00e9 propos\u00e9s, suivis de comp\u00e9titions individuelles et par \u00e9quipes. Encadr\u00e9e par Ma\u00eetre Renfeng Su, la d\u00e9l\u00e9gation locale \u00e9tait compos\u00e9e d\u2019une vingtaine de participants&nbsp;; elle s\u2019est distingu\u00e9e avec deux m\u00e9dailles de bronze par \u00e9quipe, quatre bronze et deux d\u2019argent en individuel, et une en or en \u00e9quipe internationale. Le prochain rassemblement est programm\u00e9 \u00e0 l\u2019automne 2025 \u00e0 Vancouver (Canada).<\/p>\n\n\n\n<p><strong> Source :T\u00e9l\u00e9gramme du 2 Octobre 2024<\/strong><\/p>\n\n\n\n<p><strong>Photo et Texte : Mr LE BOT<\/strong><\/p>\n\n\n\n<h1 class=\"wp-block-heading\"><strong>Village des Arts Martiaux Chinois LEMBRUN 2024<\/strong><\/h1>\n\n\n\n<figure class=\"wp-block-image size-large\"><img loading=\"lazy\" decoding=\"async\" width=\"1024\" height=\"683\" src=\"http:\/\/wushuelorn.fr\/wp-content\/uploads\/2024\/09\/20240815_DSC07864-1-1024x683.jpg\" alt=\"\" class=\"wp-image-661\" srcset=\"https:\/\/wushuelorn.fr\/wp-content\/uploads\/2024\/09\/20240815_DSC07864-1-1024x683.jpg 1024w, https:\/\/wushuelorn.fr\/wp-content\/uploads\/2024\/09\/20240815_DSC07864-1-300x200.jpg 300w, https:\/\/wushuelorn.fr\/wp-content\/uploads\/2024\/09\/20240815_DSC07864-1-768x512.jpg 768w, https:\/\/wushuelorn.fr\/wp-content\/uploads\/2024\/09\/20240815_DSC07864-1-1536x1024.jpg 1536w, https:\/\/wushuelorn.fr\/wp-content\/uploads\/2024\/09\/20240815_DSC07864-1-2048x1365.jpg 2048w\" sizes=\"auto, (max-width: 767px) 89vw, (max-width: 1000px) 54vw, (max-width: 1071px) 543px, 580px\" \/><\/figure>\n\n\n\n<figure class=\"wp-block-image size-large is-resized\"><img loading=\"lazy\" decoding=\"async\" width=\"1024\" height=\"768\" src=\"http:\/\/wushuelorn.fr\/wp-content\/uploads\/2024\/09\/20240815_PGH57846-1024x768.jpg\" alt=\"\" class=\"wp-image-656\" style=\"width:675px;height:auto\" srcset=\"https:\/\/wushuelorn.fr\/wp-content\/uploads\/2024\/09\/20240815_PGH57846-1024x768.jpg 1024w, https:\/\/wushuelorn.fr\/wp-content\/uploads\/2024\/09\/20240815_PGH57846-300x225.jpg 300w, https:\/\/wushuelorn.fr\/wp-content\/uploads\/2024\/09\/20240815_PGH57846-768x576.jpg 768w, https:\/\/wushuelorn.fr\/wp-content\/uploads\/2024\/09\/20240815_PGH57846-1536x1152.jpg 1536w, https:\/\/wushuelorn.fr\/wp-content\/uploads\/2024\/09\/20240815_PGH57846-2048x1536.jpg 2048w\" sizes=\"auto, (max-width: 767px) 89vw, (max-width: 1000px) 54vw, (max-width: 1071px) 543px, 580px\" \/><\/figure>\n\n\n\n<p>Photos: Organisation<\/p>\n\n\n\n<figure class=\"wp-block-image size-large is-resized\"><img loading=\"lazy\" decoding=\"async\" width=\"1024\" height=\"473\" src=\"http:\/\/wushuelorn.fr\/wp-content\/uploads\/2024\/09\/20240813_195222-1024x473.jpg\" alt=\"\" class=\"wp-image-653\" style=\"width:674px;height:auto\" srcset=\"https:\/\/wushuelorn.fr\/wp-content\/uploads\/2024\/09\/20240813_195222-1024x473.jpg 1024w, https:\/\/wushuelorn.fr\/wp-content\/uploads\/2024\/09\/20240813_195222-300x139.jpg 300w, https:\/\/wushuelorn.fr\/wp-content\/uploads\/2024\/09\/20240813_195222-768x355.jpg 768w, https:\/\/wushuelorn.fr\/wp-content\/uploads\/2024\/09\/20240813_195222-1536x709.jpg 1536w, https:\/\/wushuelorn.fr\/wp-content\/uploads\/2024\/09\/20240813_195222-2048x946.jpg 2048w\" sizes=\"auto, (max-width: 767px) 89vw, (max-width: 1000px) 54vw, (max-width: 1071px) 543px, 580px\" \/><\/figure>\n\n\n\n<p>Photo : Mathias BETTAN<\/p>\n\n\n\n<p>C&#8217;est avec grand plaisir que notre petite troupe de Wushu Elorn accompagn\u00e9e des enfants de Florence s&#8217;est retrouv\u00e9e autour de Djoss et Renfeng pour la semaine de pratique dans le lieu magique du Domaine de Lembrun dans le Lot . Convivialit\u00e9 fut le ma\u00eetre mot entre les 140 participants . Le plaisir de partager avec d&#8217;autres ma\u00eetres et professeurs ,tant au niveau physique ,\u00e9nerg\u00e9tique qu&#8217; intellectuel par le biais de nombreuses conf\u00e9rences et ateliers .<\/p>\n\n\n\n<p>Libre \u00e0 chacun d&#8217;organiser ses activit\u00e9s en arts internes ,externes ,m\u00e9ditation ,massage ,conf\u00e9rences ,calligraphie \u2026. Bref ,comme tous le disent le plus dur fut de choisir ,tant l&#8217;offre est grande . Merci \u00e0 vous les Professeurs et tous les intervenants pour cette semaine passionnante et en dehors du temps .&nbsp;<\/p>\n\n\n\n<h1 class=\"wp-block-heading\"><strong>F\u00eate de Wushu Brest<\/strong><\/h1>\n\n\n\n<p>Le dimanche 30 juin 2024 ,se tenait la grande f\u00eate de l&#8217;\u00e9cole Wushu Brest au gymnase Foch \u00e0 Brest ,en pr\u00e9sence de nombreux \u00e9l\u00e8ves de l&#8217;\u00e9cole mais aussi des participants et spectateurs de Wushu Elorn ,des ateliers de d\u00e9couverte pour tous ont eu lieu en matin\u00e9e ,apr\u00e8s une pause m\u00e9ridienne le spectacle des diff\u00e9rents cours ,Taiji ,QiGong, Kung Fu et armes  a \u00e9maill\u00e9 l&#8217;apr\u00e8s-midi devant un public nombreux avant la repr\u00e9sentation finale avec les cinq Professeurs principaux de l&#8217;\u00e9cole ,pour une prestation de tr\u00e8s haut vol qui \u00e0 ravi petits et grands . <\/p>\n\n\n\n<p>Wushu Elorn \u00e9tant un partenaire historique de Wushu Brest depuis de nombreuses ann\u00e9e.<\/p>\n\n\n\n<figure class=\"wp-block-image size-large\"><img loading=\"lazy\" decoding=\"async\" width=\"1024\" height=\"473\" src=\"http:\/\/wushuelorn.fr\/wp-content\/uploads\/2024\/07\/20240630_164338-1024x473.jpg\" alt=\"\" class=\"wp-image-630\" srcset=\"https:\/\/wushuelorn.fr\/wp-content\/uploads\/2024\/07\/20240630_164338-1024x473.jpg 1024w, https:\/\/wushuelorn.fr\/wp-content\/uploads\/2024\/07\/20240630_164338-300x139.jpg 300w, https:\/\/wushuelorn.fr\/wp-content\/uploads\/2024\/07\/20240630_164338-768x355.jpg 768w, https:\/\/wushuelorn.fr\/wp-content\/uploads\/2024\/07\/20240630_164338-1536x709.jpg 1536w, https:\/\/wushuelorn.fr\/wp-content\/uploads\/2024\/07\/20240630_164338-2048x946.jpg 2048w\" sizes=\"auto, (max-width: 767px) 89vw, (max-width: 1000px) 54vw, (max-width: 1071px) 543px, 580px\" \/><\/figure>\n\n\n\n<figure class=\"wp-block-image size-large\"><img loading=\"lazy\" decoding=\"async\" width=\"1024\" height=\"473\" src=\"http:\/\/wushuelorn.fr\/wp-content\/uploads\/2024\/07\/20240630_165843-1024x473.jpg\" alt=\"\" class=\"wp-image-631\" srcset=\"https:\/\/wushuelorn.fr\/wp-content\/uploads\/2024\/07\/20240630_165843-1024x473.jpg 1024w, https:\/\/wushuelorn.fr\/wp-content\/uploads\/2024\/07\/20240630_165843-300x139.jpg 300w, https:\/\/wushuelorn.fr\/wp-content\/uploads\/2024\/07\/20240630_165843-768x355.jpg 768w, https:\/\/wushuelorn.fr\/wp-content\/uploads\/2024\/07\/20240630_165843-1536x709.jpg 1536w, https:\/\/wushuelorn.fr\/wp-content\/uploads\/2024\/07\/20240630_165843-2048x946.jpg 2048w\" sizes=\"auto, (max-width: 767px) 89vw, (max-width: 1000px) 54vw, (max-width: 1071px) 543px, 580px\" \/><\/figure>\n\n\n\n<p>Photos:Claude LARREUR<\/p>\n\n\n\n<h1 class=\"wp-block-heading\"><strong>Passage de Grades ( Duans)<\/strong><\/h1>\n\n\n\n<p>Le samedi 29 juin 2024 se d\u00e9roulaient les passages de grades Wushu pour la r\u00e9gion Bretagne ,organis\u00e9s par la FFKDA ( f\u00e9d\u00e9ration Fran\u00e7aise de Karat\u00e9 et disciplines Associ\u00e9es) niveau ligue de Bretagne et du comit\u00e9 d\u00e9partemental CDK 22 ,au Dojo de PLERIN dans les C\u00f4tes d&#8217;Armor . Trois \u00e9l\u00e8ves de Wushu Elorn passaient leurs examens, qui furent couronn\u00e9s de succ\u00e8s ,gr\u00e2ce aussi \u00e0 la pr\u00e9sence de Florence Pouppeville comme partenaire de deux candidats depuis plusieurs mois . Myl\u00e8ne Montana et Stephane Corre obtenant leurs ceintures noires 1er Duan et Claude Larreur le 2 \u00e8me Duan . Ces grades sanctionnant de longues ann\u00e9es de pratique sous l&#8217;\u00e9gide de leurs Professeurs de Wushu Elorn, Renfeng SU et Josu\u00e9 JEAN-BAPTISTE ainsi que des Professeurs de Wushu Brest ,Yvan VELARD et Mathias BETTAN pour la partie martiale , Tuishou et Dui lian . Ces grades rejaissant \u00e9galement sur la notori\u00e9t\u00e9 de l&#8217;\u00e9cole et de leurs Professeurs aupr\u00e8s des futurs \u00e9l\u00e8ves .<\/p>\n\n\n\n<figure class=\"wp-block-image size-large\"><img loading=\"lazy\" decoding=\"async\" width=\"1024\" height=\"473\" src=\"http:\/\/wushuelorn.fr\/wp-content\/uploads\/2024\/07\/20240629_181914-1024x473.jpg\" alt=\"\" class=\"wp-image-626\" srcset=\"https:\/\/wushuelorn.fr\/wp-content\/uploads\/2024\/07\/20240629_181914-1024x473.jpg 1024w, https:\/\/wushuelorn.fr\/wp-content\/uploads\/2024\/07\/20240629_181914-300x139.jpg 300w, https:\/\/wushuelorn.fr\/wp-content\/uploads\/2024\/07\/20240629_181914-768x355.jpg 768w, https:\/\/wushuelorn.fr\/wp-content\/uploads\/2024\/07\/20240629_181914-1536x709.jpg 1536w, https:\/\/wushuelorn.fr\/wp-content\/uploads\/2024\/07\/20240629_181914-2048x946.jpg 2048w\" sizes=\"auto, (max-width: 767px) 89vw, (max-width: 1000px) 54vw, (max-width: 1071px) 543px, 580px\" \/><\/figure>\n\n\n\n<p>Photo : Herv\u00e9 DENIS<\/p>\n\n\n\n<h1 class=\"wp-block-heading\"><strong>F\u00eate des jeux olympiques ( Deux \u00e9v\u00e8nements )<\/strong><\/h1>\n\n\n\n<p>1 <strong>Salle Polyvalente de Dirinon<\/strong><\/p>\n\n\n\n<p>Le Samedi 15 juin 2024 se d\u00e9roulait \u00e0 la salle Polyvalente ,des d\u00e9fis par \u00e9quipe pour gagner des points sur de nombreuses activit\u00e9s sportives ,dans une bonne humeur contagieuse ,Wushu Elorn tenait un stand ou chacun petits et grands tentait leur chance ,merci \u00e0 Brigitte,St\u00e9phane ,Florence, Djoss et Renfeng pour leur active pr\u00e9sence face cette horde de comp\u00e9titeurs acharn\u00e9s !!!<\/p>\n\n\n\n<figure class=\"wp-block-image size-large\"><img loading=\"lazy\" decoding=\"async\" width=\"1024\" height=\"768\" src=\"http:\/\/wushuelorn.fr\/wp-content\/uploads\/2024\/06\/IMG-20240617-WA0029-1024x768.jpg\" alt=\"\" class=\"wp-image-587\" srcset=\"https:\/\/wushuelorn.fr\/wp-content\/uploads\/2024\/06\/IMG-20240617-WA0029-1024x768.jpg 1024w, https:\/\/wushuelorn.fr\/wp-content\/uploads\/2024\/06\/IMG-20240617-WA0029-300x225.jpg 300w, https:\/\/wushuelorn.fr\/wp-content\/uploads\/2024\/06\/IMG-20240617-WA0029-768x576.jpg 768w, https:\/\/wushuelorn.fr\/wp-content\/uploads\/2024\/06\/IMG-20240617-WA0029-1536x1152.jpg 1536w, https:\/\/wushuelorn.fr\/wp-content\/uploads\/2024\/06\/IMG-20240617-WA0029.jpg 1600w\" sizes=\"auto, (max-width: 767px) 89vw, (max-width: 1000px) 54vw, (max-width: 1071px) 543px, 580px\" \/><\/figure>\n\n\n\n<figure class=\"wp-block-image size-large\"><img loading=\"lazy\" decoding=\"async\" width=\"1024\" height=\"768\" src=\"http:\/\/wushuelorn.fr\/wp-content\/uploads\/2024\/06\/IMG-20240617-WA0001-1024x768.jpg\" alt=\"\" class=\"wp-image-589\" srcset=\"https:\/\/wushuelorn.fr\/wp-content\/uploads\/2024\/06\/IMG-20240617-WA0001-1024x768.jpg 1024w, https:\/\/wushuelorn.fr\/wp-content\/uploads\/2024\/06\/IMG-20240617-WA0001-300x225.jpg 300w, https:\/\/wushuelorn.fr\/wp-content\/uploads\/2024\/06\/IMG-20240617-WA0001-768x576.jpg 768w, https:\/\/wushuelorn.fr\/wp-content\/uploads\/2024\/06\/IMG-20240617-WA0001-1536x1152.jpg 1536w, https:\/\/wushuelorn.fr\/wp-content\/uploads\/2024\/06\/IMG-20240617-WA0001.jpg 1600w\" sizes=\"auto, (max-width: 767px) 89vw, (max-width: 1000px) 54vw, (max-width: 1071px) 543px, 580px\" \/><\/figure>\n\n\n\n<figure class=\"wp-block-image size-large\"><img loading=\"lazy\" decoding=\"async\" width=\"1024\" height=\"768\" src=\"http:\/\/wushuelorn.fr\/wp-content\/uploads\/2024\/06\/IMG-20240617-WA0032-1024x768.jpg\" alt=\"\" class=\"wp-image-590\" srcset=\"https:\/\/wushuelorn.fr\/wp-content\/uploads\/2024\/06\/IMG-20240617-WA0032-1024x768.jpg 1024w, https:\/\/wushuelorn.fr\/wp-content\/uploads\/2024\/06\/IMG-20240617-WA0032-300x225.jpg 300w, https:\/\/wushuelorn.fr\/wp-content\/uploads\/2024\/06\/IMG-20240617-WA0032-768x576.jpg 768w, https:\/\/wushuelorn.fr\/wp-content\/uploads\/2024\/06\/IMG-20240617-WA0032-1536x1152.jpg 1536w, https:\/\/wushuelorn.fr\/wp-content\/uploads\/2024\/06\/IMG-20240617-WA0032.jpg 1600w\" sizes=\"auto, (max-width: 767px) 89vw, (max-width: 1000px) 54vw, (max-width: 1071px) 543px, 580px\" \/><\/figure>\n\n\n\n<p>Photos : Brigitte GRAF<\/p>\n\n\n\n<p><strong>2  Ecole Publique de Dirinon<\/strong><\/p>\n\n\n\n<p>Le lundi 10 juin 2024 pour la f\u00eate des jeux olympique s&#8217;est d\u00e9roul\u00e9 une initiation avec le concours des jeunes de l&#8217;\u00e9cole publique Jean Rouxel de Dirinon . Sous l&#8217;oeil aguerri  de Renfeng les abdos &#8221; en b\u00e9ton? &#8221; de Djoss ont \u00e9t\u00e9 mis \u00e0 rude \u00e9preuve ,pour le plus grand plaisir des enfants qui ont ador\u00e9s cette d\u00e9couverte . Merci au Staff de Wushu Elorn pr\u00e9sent !<\/p>\n\n\n\n<figure class=\"wp-block-image size-large\"><img loading=\"lazy\" decoding=\"async\" width=\"768\" height=\"1024\" src=\"http:\/\/wushuelorn.fr\/wp-content\/uploads\/2024\/06\/IMG_3419-768x1024.jpg\" alt=\"\" class=\"wp-image-586\" srcset=\"https:\/\/wushuelorn.fr\/wp-content\/uploads\/2024\/06\/IMG_3419-768x1024.jpg 768w, https:\/\/wushuelorn.fr\/wp-content\/uploads\/2024\/06\/IMG_3419-225x300.jpg 225w, https:\/\/wushuelorn.fr\/wp-content\/uploads\/2024\/06\/IMG_3419-1152x1536.jpg 1152w, https:\/\/wushuelorn.fr\/wp-content\/uploads\/2024\/06\/IMG_3419-1536x2048.jpg 1536w, https:\/\/wushuelorn.fr\/wp-content\/uploads\/2024\/06\/IMG_3419-scaled.jpg 1920w\" sizes=\"auto, (max-width: 767px) 89vw, (max-width: 1000px) 54vw, (max-width: 1071px) 543px, 580px\" \/><\/figure>\n\n\n\n<p>Photo : Brigitte GRAF<\/p>\n\n\n\n<h1 class=\"wp-block-heading\"><strong>Troph\u00e9e du Dragon <\/strong><\/h1>\n\n\n\n<p>Le lendemain de notre f\u00eate du Wushu le 26 mai 2024 ,une troupe de petits dragons non rassasi\u00e9s s&#8217;est rendu \u00e0 Brest pour <strong>Le troph\u00e9e du Dragon<\/strong> organis\u00e9 au Gymnase Foch par l&#8217;\u00e9cole Wushu Brest sous l&#8217;\u00e9gide de la f\u00e9d\u00e9ration FFAEMC ( F\u00e9d\u00e9ration Fran\u00e7aise des Arts Energ\u00e9tiques et Martiaux Chinois ) 10 \u00e9quipes de minimum 8 personnes venues de toute la France s&#8217;affrontaient sous l&#8217;\u00e9gide des Juges de la FFAEMC. Wushu Elorn \u00e0 bien brill\u00e9 gr\u00e2ce \u00e0 une belle Chor\u00e9graphie de Kung Fu durement pr\u00e9par\u00e9e durant les semaines pr\u00e9c\u00e9dentes .Merci \u00e0 eux et \u00e0 Renfeng &#8220;leur capitaine &#8221; pour leur tr\u00e8s belle cinqui\u00e8me place .<\/p>\n\n\n\n<p><\/p>\n\n\n\n<p><\/p>\n\n\n\n<figure class=\"wp-block-image size-large\"><img loading=\"lazy\" decoding=\"async\" width=\"1024\" height=\"1019\" src=\"http:\/\/wushuelorn.fr\/wp-content\/uploads\/2024\/06\/image1-1024x1019.jpeg\" alt=\"\" class=\"wp-image-491\" srcset=\"https:\/\/wushuelorn.fr\/wp-content\/uploads\/2024\/06\/image1-1024x1019.jpeg 1024w, https:\/\/wushuelorn.fr\/wp-content\/uploads\/2024\/06\/image1-300x300.jpeg 300w, https:\/\/wushuelorn.fr\/wp-content\/uploads\/2024\/06\/image1-150x150.jpeg 150w, https:\/\/wushuelorn.fr\/wp-content\/uploads\/2024\/06\/image1-768x764.jpeg 768w, https:\/\/wushuelorn.fr\/wp-content\/uploads\/2024\/06\/image1-1536x1529.jpeg 1536w, https:\/\/wushuelorn.fr\/wp-content\/uploads\/2024\/06\/image1-2048x2039.jpeg 2048w, https:\/\/wushuelorn.fr\/wp-content\/uploads\/2024\/06\/image1-100x100.jpeg 100w\" sizes=\"auto, (max-width: 767px) 89vw, (max-width: 1000px) 54vw, (max-width: 1071px) 543px, 580px\" \/><\/figure>\n\n\n\n<figure class=\"wp-block-image size-large is-resized\"><img loading=\"lazy\" decoding=\"async\" width=\"1024\" height=\"768\" src=\"http:\/\/wushuelorn.fr\/wp-content\/uploads\/2024\/06\/image2-1024x768.jpeg\" alt=\"\" class=\"wp-image-492\" style=\"width:675px;height:auto\" srcset=\"https:\/\/wushuelorn.fr\/wp-content\/uploads\/2024\/06\/image2-1024x768.jpeg 1024w, https:\/\/wushuelorn.fr\/wp-content\/uploads\/2024\/06\/image2-300x225.jpeg 300w, https:\/\/wushuelorn.fr\/wp-content\/uploads\/2024\/06\/image2-768x576.jpeg 768w, https:\/\/wushuelorn.fr\/wp-content\/uploads\/2024\/06\/image2-1536x1152.jpeg 1536w, https:\/\/wushuelorn.fr\/wp-content\/uploads\/2024\/06\/image2-2048x1536.jpeg 2048w\" sizes=\"auto, (max-width: 767px) 89vw, (max-width: 1000px) 54vw, (max-width: 1071px) 543px, 580px\" \/><\/figure>\n\n\n\n<p>Photos : Brigitte GRAF<\/p>\n\n\n\n<h1 class=\"wp-block-heading\"><strong>Assembl\u00e9e G\u00e9n\u00e9rale de Wushu Elorn<\/strong><\/h1>\n\n\n\n<p>Le 25 Mai 2024 ,s&#8217;est tenue notre notre AG au Dojo de Coat Mez ,avec la pr\u00e9sence de Mr le Maire de Dirinon Mr Bodenez et de la premi\u00e8re Adjointe Mme Deroze-Simeray .Brigitte notre Pr\u00e9sidente a pr\u00e9sent\u00e9 le bilan moral de la saison \u00e9coul\u00e9e ,riche en \u00e9v\u00e8nements ,Djoss notre Tr\u00e9sorier a ensuite d\u00e9taill\u00e9 le bilan financier , Renfeng \u00e0 d\u00e9taill\u00e9 les projets pour la saison \u00e0 venir . Nous sommes ensuite pass\u00e9 aux votes ,accept\u00e9s \u00e0 l&#8217;unanimit\u00e9 des adh\u00e9rents pr\u00e9sents . Venait ensuite la proposition d&#8217;entr\u00e9e au CA de Florence Pouppeville et Julie Sarrassat en remplacement de G\u00e9rard Cadec et Janine Le Gall ne se repr\u00e9sentant pas . Il est \u00e0 noter que Janine et G\u00e9rard \u00e9taient pr\u00e9sents au CA depuis la cr\u00e9ation de l&#8217;association en 2016 ,on peut ici les en remercier chaleureusement . Le vote des deux entr\u00e9es au CA est vot\u00e9 \u00e0 l&#8217;unanimit\u00e9 des pr\u00e9sents \u00e9galement . L&#8217;Ag s&#8217;est termin\u00e9e par un pot convivial<\/p>\n\n\n\n<figure class=\"wp-block-gallery has-nested-images columns-default is-cropped wp-block-gallery-2 is-layout-flex wp-block-gallery-is-layout-flex\">\n<figure class=\"wp-block-image size-large\"><img loading=\"lazy\" decoding=\"async\" width=\"1024\" height=\"473\" data-id=\"553\" src=\"http:\/\/wushuelorn.fr\/wp-content\/uploads\/2024\/06\/IMG-20240610-WA0012-1024x473.jpg\" alt=\"\" class=\"wp-image-553\" srcset=\"https:\/\/wushuelorn.fr\/wp-content\/uploads\/2024\/06\/IMG-20240610-WA0012-1024x473.jpg 1024w, https:\/\/wushuelorn.fr\/wp-content\/uploads\/2024\/06\/IMG-20240610-WA0012-300x139.jpg 300w, https:\/\/wushuelorn.fr\/wp-content\/uploads\/2024\/06\/IMG-20240610-WA0012-768x355.jpg 768w, https:\/\/wushuelorn.fr\/wp-content\/uploads\/2024\/06\/IMG-20240610-WA0012-1536x709.jpg 1536w, https:\/\/wushuelorn.fr\/wp-content\/uploads\/2024\/06\/IMG-20240610-WA0012.jpg 1600w\" sizes=\"auto, (max-width: 767px) 89vw, (max-width: 1000px) 54vw, (max-width: 1071px) 543px, 580px\" \/><\/figure>\n<\/figure>\n\n\n\n<p>Photo : Cecile LOIRE<\/p>\n\n\n\n<h1 class=\"wp-block-heading\"><strong>F\u00eate de Wushu Elorn &#8221; Le Sixi\u00e8me \u00e9l\u00e9ment &#8220;<\/strong><\/h1>\n\n\n\n<p>Le 25 mai 2024 s&#8217;est tenu notre grande f\u00eate du Wushu \u00e0 la salle Polyvalente de Dirinon devant un public nombreux . L&#8217;installation des expos et du mat\u00e9riel s&#8217;est faite le matin ainsi que des derniers entra\u00eenements des \u00e9l\u00e8ves et Professeurs . A 14H30 une conf\u00e9rence sur &#8220;les Arts Chinois du Corps &#8221; propos\u00e9e par Renfeng \u00e0 captiv\u00e9e l&#8217;auditoire ,de 15H \u00e0 16H des massages Tuina dispens\u00e9s par Renfeng et Yves firent le bonheurs des chanceux car les places \u00e9taient limit\u00e9es ! De 16 \u00e0 17H30 divers ateliers d&#8217;initiation furent propos\u00e9s au Public pr\u00e9sent en masse en QiGong, Taiji et Kung Fu ,merci \u00e0 Sterenn ,Djoss, Stephane ,Fred , Claude et tous les personnes volontaires . A 17H30 place au spectacle ,<strong>feu d&#8217;artifice de couleurs et de styles<\/strong> , Taiji Chen,yang 24 et 40 ,Taiji \u00e9ventails ,b\u00e2ton ,\u00e9p\u00e9e ,Kung Fu avec les petits dragons . Toute la journ\u00e9e \u00e9galement des animations pour les enfants ,coloriages ,jeux et maquillages, une tr\u00e8s belle exposition de Vivianne notre Botaniste sur les arbres qui nous entourent venus de Chine . Un stand de peinture Chinoise tr\u00e8s pris\u00e9 \u00e9galement avec Mylene notre artiste peintre . Une belle exposition de tableaux invitant \u00e0 la r\u00eaverie propos\u00e9 par Renfeng \u00e9galement .<\/p>\n\n\n\n<p>Ce beau moment de f\u00eate n&#8217;aurait pas eu lieu sans la participation de tous autour de nos Professeurs et de Brigitte ,merci \u00e9galement \u00e0 nos amis de Wushu Brest pour leur pr\u00e9sence active et leur aide pr\u00e9cieuse ; enfin un grand merci aux personnes ayant pris de leur temps pour la confection de g\u00e2teaux ,<\/p>\n\n\n\n<p>Un r\u00e9el succ\u00e8s ce sera le dernier mot !!<\/p>\n\n\n\n<figure class=\"wp-block-image size-large\"><img loading=\"lazy\" decoding=\"async\" width=\"970\" height=\"1024\" src=\"http:\/\/wushuelorn.fr\/wp-content\/uploads\/2024\/06\/fete-wushu-2024-134-970x1024.jpg\" alt=\"\" class=\"wp-image-478\" srcset=\"https:\/\/wushuelorn.fr\/wp-content\/uploads\/2024\/06\/fete-wushu-2024-134-970x1024.jpg 970w, https:\/\/wushuelorn.fr\/wp-content\/uploads\/2024\/06\/fete-wushu-2024-134-284x300.jpg 284w, https:\/\/wushuelorn.fr\/wp-content\/uploads\/2024\/06\/fete-wushu-2024-134-768x811.jpg 768w, https:\/\/wushuelorn.fr\/wp-content\/uploads\/2024\/06\/fete-wushu-2024-134-1455x1536.jpg 1455w, https:\/\/wushuelorn.fr\/wp-content\/uploads\/2024\/06\/fete-wushu-2024-134-1940x2048.jpg 1940w\" sizes=\"auto, (max-width: 767px) 89vw, (max-width: 1000px) 54vw, (max-width: 1071px) 543px, 580px\" \/><\/figure>\n\n\n\n<figure class=\"wp-block-image size-large\"><img loading=\"lazy\" decoding=\"async\" width=\"1024\" height=\"684\" src=\"http:\/\/wushuelorn.fr\/wp-content\/uploads\/2024\/06\/fete-wushu-2024-63-1024x684.jpg\" alt=\"\" class=\"wp-image-479\" srcset=\"https:\/\/wushuelorn.fr\/wp-content\/uploads\/2024\/06\/fete-wushu-2024-63-1024x684.jpg 1024w, https:\/\/wushuelorn.fr\/wp-content\/uploads\/2024\/06\/fete-wushu-2024-63-300x200.jpg 300w, https:\/\/wushuelorn.fr\/wp-content\/uploads\/2024\/06\/fete-wushu-2024-63-768x513.jpg 768w, https:\/\/wushuelorn.fr\/wp-content\/uploads\/2024\/06\/fete-wushu-2024-63-1536x1025.jpg 1536w, https:\/\/wushuelorn.fr\/wp-content\/uploads\/2024\/06\/fete-wushu-2024-63-2048x1367.jpg 2048w\" sizes=\"auto, (max-width: 767px) 89vw, (max-width: 1000px) 54vw, (max-width: 1071px) 543px, 580px\" \/><\/figure>\n\n\n\n<figure class=\"wp-block-image size-large\"><img loading=\"lazy\" decoding=\"async\" width=\"1024\" height=\"453\" src=\"http:\/\/wushuelorn.fr\/wp-content\/uploads\/2024\/06\/fete-wushu-2024-125-1024x453.jpg\" alt=\"\" class=\"wp-image-480\" srcset=\"https:\/\/wushuelorn.fr\/wp-content\/uploads\/2024\/06\/fete-wushu-2024-125-1024x453.jpg 1024w, https:\/\/wushuelorn.fr\/wp-content\/uploads\/2024\/06\/fete-wushu-2024-125-300x133.jpg 300w, https:\/\/wushuelorn.fr\/wp-content\/uploads\/2024\/06\/fete-wushu-2024-125-768x340.jpg 768w, https:\/\/wushuelorn.fr\/wp-content\/uploads\/2024\/06\/fete-wushu-2024-125-1536x680.jpg 1536w, https:\/\/wushuelorn.fr\/wp-content\/uploads\/2024\/06\/fete-wushu-2024-125-2048x907.jpg 2048w\" sizes=\"auto, (max-width: 767px) 89vw, (max-width: 1000px) 54vw, (max-width: 1071px) 543px, 580px\" \/><\/figure>\n\n\n\n<figure class=\"wp-block-image size-large\"><img loading=\"lazy\" decoding=\"async\" width=\"682\" height=\"1024\" src=\"http:\/\/wushuelorn.fr\/wp-content\/uploads\/2024\/06\/fete-wushu-2024-72-682x1024.jpg\" alt=\"\" class=\"wp-image-481\" srcset=\"https:\/\/wushuelorn.fr\/wp-content\/uploads\/2024\/06\/fete-wushu-2024-72-682x1024.jpg 682w, https:\/\/wushuelorn.fr\/wp-content\/uploads\/2024\/06\/fete-wushu-2024-72-200x300.jpg 200w, https:\/\/wushuelorn.fr\/wp-content\/uploads\/2024\/06\/fete-wushu-2024-72-768x1154.jpg 768w, https:\/\/wushuelorn.fr\/wp-content\/uploads\/2024\/06\/fete-wushu-2024-72-1022x1536.jpg 1022w, https:\/\/wushuelorn.fr\/wp-content\/uploads\/2024\/06\/fete-wushu-2024-72-1363x2048.jpg 1363w, https:\/\/wushuelorn.fr\/wp-content\/uploads\/2024\/06\/fete-wushu-2024-72-scaled.jpg 1704w\" sizes=\"auto, (max-width: 682px) 100vw, 682px\" \/><\/figure>\n\n\n\n<figure class=\"wp-block-image size-large\"><img loading=\"lazy\" decoding=\"async\" width=\"1024\" height=\"644\" src=\"http:\/\/wushuelorn.fr\/wp-content\/uploads\/2024\/06\/fete-wushu-2024-61-1024x644.jpg\" alt=\"\" class=\"wp-image-482\" srcset=\"https:\/\/wushuelorn.fr\/wp-content\/uploads\/2024\/06\/fete-wushu-2024-61-1024x644.jpg 1024w, https:\/\/wushuelorn.fr\/wp-content\/uploads\/2024\/06\/fete-wushu-2024-61-300x189.jpg 300w, https:\/\/wushuelorn.fr\/wp-content\/uploads\/2024\/06\/fete-wushu-2024-61-768x483.jpg 768w, https:\/\/wushuelorn.fr\/wp-content\/uploads\/2024\/06\/fete-wushu-2024-61-1536x966.jpg 1536w, https:\/\/wushuelorn.fr\/wp-content\/uploads\/2024\/06\/fete-wushu-2024-61-2048x1288.jpg 2048w\" sizes=\"auto, (max-width: 767px) 89vw, (max-width: 1000px) 54vw, (max-width: 1071px) 543px, 580px\" \/><\/figure>\n\n\n\n<figure class=\"wp-block-image size-large\"><img loading=\"lazy\" decoding=\"async\" width=\"1024\" height=\"684\" src=\"http:\/\/wushuelorn.fr\/wp-content\/uploads\/2024\/06\/fete-wushu-2024-75-1024x684.jpg\" alt=\"\" class=\"wp-image-483\" srcset=\"https:\/\/wushuelorn.fr\/wp-content\/uploads\/2024\/06\/fete-wushu-2024-75-1024x684.jpg 1024w, https:\/\/wushuelorn.fr\/wp-content\/uploads\/2024\/06\/fete-wushu-2024-75-300x200.jpg 300w, https:\/\/wushuelorn.fr\/wp-content\/uploads\/2024\/06\/fete-wushu-2024-75-768x513.jpg 768w, https:\/\/wushuelorn.fr\/wp-content\/uploads\/2024\/06\/fete-wushu-2024-75-1536x1025.jpg 1536w, https:\/\/wushuelorn.fr\/wp-content\/uploads\/2024\/06\/fete-wushu-2024-75-2048x1367.jpg 2048w\" sizes=\"auto, (max-width: 767px) 89vw, (max-width: 1000px) 54vw, (max-width: 1071px) 543px, 580px\" \/><\/figure>\n\n\n\n<figure class=\"wp-block-image size-large\"><img loading=\"lazy\" decoding=\"async\" width=\"1024\" height=\"684\" src=\"http:\/\/wushuelorn.fr\/wp-content\/uploads\/2024\/06\/fete-wushu-2024-112-1024x684.jpg\" alt=\"\" class=\"wp-image-484\" srcset=\"https:\/\/wushuelorn.fr\/wp-content\/uploads\/2024\/06\/fete-wushu-2024-112-1024x684.jpg 1024w, https:\/\/wushuelorn.fr\/wp-content\/uploads\/2024\/06\/fete-wushu-2024-112-300x200.jpg 300w, https:\/\/wushuelorn.fr\/wp-content\/uploads\/2024\/06\/fete-wushu-2024-112-768x513.jpg 768w, https:\/\/wushuelorn.fr\/wp-content\/uploads\/2024\/06\/fete-wushu-2024-112-1536x1025.jpg 1536w, https:\/\/wushuelorn.fr\/wp-content\/uploads\/2024\/06\/fete-wushu-2024-112-2048x1367.jpg 2048w\" sizes=\"auto, (max-width: 767px) 89vw, (max-width: 1000px) 54vw, (max-width: 1071px) 543px, 580px\" \/><\/figure>\n\n\n\n<figure class=\"wp-block-image size-large\"><img loading=\"lazy\" decoding=\"async\" width=\"1024\" height=\"636\" src=\"http:\/\/wushuelorn.fr\/wp-content\/uploads\/2024\/06\/fete-wushu-2024-77-1024x636.jpg\" alt=\"\" class=\"wp-image-485\" srcset=\"https:\/\/wushuelorn.fr\/wp-content\/uploads\/2024\/06\/fete-wushu-2024-77-1024x636.jpg 1024w, https:\/\/wushuelorn.fr\/wp-content\/uploads\/2024\/06\/fete-wushu-2024-77-300x186.jpg 300w, https:\/\/wushuelorn.fr\/wp-content\/uploads\/2024\/06\/fete-wushu-2024-77-768x477.jpg 768w, https:\/\/wushuelorn.fr\/wp-content\/uploads\/2024\/06\/fete-wushu-2024-77-1536x953.jpg 1536w, https:\/\/wushuelorn.fr\/wp-content\/uploads\/2024\/06\/fete-wushu-2024-77-2048x1271.jpg 2048w\" sizes=\"auto, (max-width: 767px) 89vw, (max-width: 1000px) 54vw, (max-width: 1071px) 543px, 580px\" \/><\/figure>\n\n\n\n<figure class=\"wp-block-image size-large is-resized\"><img loading=\"lazy\" decoding=\"async\" width=\"1024\" height=\"648\" src=\"http:\/\/wushuelorn.fr\/wp-content\/uploads\/2024\/06\/0-1024x648.jpeg\" alt=\"\" class=\"wp-image-486\" style=\"width:675px;height:auto\" srcset=\"https:\/\/wushuelorn.fr\/wp-content\/uploads\/2024\/06\/0-1024x648.jpeg 1024w, https:\/\/wushuelorn.fr\/wp-content\/uploads\/2024\/06\/0-300x190.jpeg 300w, https:\/\/wushuelorn.fr\/wp-content\/uploads\/2024\/06\/0-768x486.jpeg 768w, https:\/\/wushuelorn.fr\/wp-content\/uploads\/2024\/06\/0.jpeg 1335w\" sizes=\"auto, (max-width: 767px) 89vw, (max-width: 1000px) 54vw, (max-width: 1071px) 543px, 580px\" \/><\/figure>\n\n\n\n<figure class=\"wp-block-image size-large\"><img loading=\"lazy\" decoding=\"async\" width=\"1024\" height=\"667\" src=\"http:\/\/wushuelorn.fr\/wp-content\/uploads\/2024\/06\/fete-wushu-2024-144-1024x667.jpg\" alt=\"\" class=\"wp-image-487\" srcset=\"https:\/\/wushuelorn.fr\/wp-content\/uploads\/2024\/06\/fete-wushu-2024-144-1024x667.jpg 1024w, https:\/\/wushuelorn.fr\/wp-content\/uploads\/2024\/06\/fete-wushu-2024-144-300x195.jpg 300w, https:\/\/wushuelorn.fr\/wp-content\/uploads\/2024\/06\/fete-wushu-2024-144-768x500.jpg 768w, https:\/\/wushuelorn.fr\/wp-content\/uploads\/2024\/06\/fete-wushu-2024-144-1536x1000.jpg 1536w, https:\/\/wushuelorn.fr\/wp-content\/uploads\/2024\/06\/fete-wushu-2024-144-2048x1333.jpg 2048w\" sizes=\"auto, (max-width: 767px) 89vw, (max-width: 1000px) 54vw, (max-width: 1071px) 543px, 580px\" \/><\/figure>\n\n\n\n<figure class=\"wp-block-image size-large\"><img loading=\"lazy\" decoding=\"async\" width=\"1024\" height=\"786\" src=\"http:\/\/wushuelorn.fr\/wp-content\/uploads\/2024\/06\/fete-wushu-2024-94-1024x786.jpg\" alt=\"\" class=\"wp-image-488\" srcset=\"https:\/\/wushuelorn.fr\/wp-content\/uploads\/2024\/06\/fete-wushu-2024-94-1024x786.jpg 1024w, https:\/\/wushuelorn.fr\/wp-content\/uploads\/2024\/06\/fete-wushu-2024-94-300x230.jpg 300w, https:\/\/wushuelorn.fr\/wp-content\/uploads\/2024\/06\/fete-wushu-2024-94-768x589.jpg 768w, https:\/\/wushuelorn.fr\/wp-content\/uploads\/2024\/06\/fete-wushu-2024-94-1536x1179.jpg 1536w, https:\/\/wushuelorn.fr\/wp-content\/uploads\/2024\/06\/fete-wushu-2024-94-2048x1572.jpg 2048w\" sizes=\"auto, (max-width: 767px) 89vw, (max-width: 1000px) 54vw, (max-width: 1071px) 543px, 580px\" \/><\/figure>\n\n\n\n<p>Photos :  Frederick LANCELOT<\/p>\n\n\n\n<h1 class=\"wp-block-heading\"><strong>Stage Duilian du 18 mai \u00e0 Plerin<\/strong><\/h1>\n\n\n\n<p>Le 18 mai dernier se d\u00e9roulait un stage de <strong>Duilian<\/strong> ( combat chor\u00e9graphi\u00e9 entre deux partenaires ) cette technique d&#8217;encha\u00eenement de prises et contre attaques se fait de mani\u00e8re souple et r\u00e9guli\u00e8re ,une assise et un ancrage et surtout une \u00e9coute de l&#8217;autre et de ses propres r\u00e9actions . Ce stage f\u00fbt encadr\u00e9 par le Ma\u00eetre Mathias BETTAN 3\u00e8me Duan de Wushu et Professeur \u00e0 Wushu Brest et le Ma\u00eetre Herv\u00e9 DENIS 5\u00e8me Duan de Wushu qui a mis \u00e0 disposition le Dojo du club de Plerin dont il est le Pr\u00e9sident . Ce stage a permis \u00e0 la dizaine d&#8217;\u00e9l\u00e8ves pr\u00e9sent dont votre serviteur de peaufiner cet technique en vue de futurs passages de Duans ,le tout dans une bonne humeur constante . Merci \u00e0 Mathias et Herv\u00e9 pour leur accueil .<\/p>\n\n\n\n<figure class=\"wp-block-image size-large\"><img loading=\"lazy\" decoding=\"async\" width=\"1024\" height=\"473\" src=\"http:\/\/wushuelorn.fr\/wp-content\/uploads\/2024\/06\/20240518_170306-1024x473.jpg\" alt=\"\" class=\"wp-image-475\" srcset=\"https:\/\/wushuelorn.fr\/wp-content\/uploads\/2024\/06\/20240518_170306-1024x473.jpg 1024w, https:\/\/wushuelorn.fr\/wp-content\/uploads\/2024\/06\/20240518_170306-300x139.jpg 300w, https:\/\/wushuelorn.fr\/wp-content\/uploads\/2024\/06\/20240518_170306-768x355.jpg 768w, https:\/\/wushuelorn.fr\/wp-content\/uploads\/2024\/06\/20240518_170306-1536x709.jpg 1536w, https:\/\/wushuelorn.fr\/wp-content\/uploads\/2024\/06\/20240518_170306-2048x946.jpg 2048w\" sizes=\"auto, (max-width: 767px) 89vw, (max-width: 1000px) 54vw, (max-width: 1071px) 543px, 580px\" \/><\/figure>\n\n\n\n<p>Photo : anonyme<\/p>\n\n\n\n<h1 class=\"wp-block-heading\"><strong>Stage Eventail du 17 mars<\/strong><\/h1>\n\n\n\n<p>Samedi 17 mars s&#8217;est tenu un stage d&#8217;\u00e9ventail \u00e0 l&#8217;\u00e9cole Wushu Brest ,organis\u00e9 par Renfeng ,assist\u00e9e de Djoss et Sterenn . F\u00e9licitation \u00e0 tous ! surtout aux enfants de wushu Elorn accompagn\u00e9s de leurs parents ,tous  ont pratiqu\u00e9s pendant 3h  et r\u00e9ussissaient \u00e0 faire une belle d\u00e9monstration \u00e0 la fin du stage . Le b\u00e9b\u00e9 Luan quatre ans, venu de Rennes \u00e9tait au biberon avec sa maman pour bien se ressourcer et partager sa lumi\u00e8re au monde pendant la photo . A n&#8217;en pas douter l&#8217;esprit du wushu  coule d\u00e9j\u00e0 en lui !! <\/p>\n\n\n\n<figure class=\"wp-block-image size-large\"><img loading=\"lazy\" decoding=\"async\" width=\"1024\" height=\"768\" src=\"http:\/\/wushuelorn.fr\/wp-content\/uploads\/2024\/03\/IMG-20240318-WA0001-1024x768.jpg\" alt=\"\" class=\"wp-image-455\" srcset=\"https:\/\/wushuelorn.fr\/wp-content\/uploads\/2024\/03\/IMG-20240318-WA0001-1024x768.jpg 1024w, https:\/\/wushuelorn.fr\/wp-content\/uploads\/2024\/03\/IMG-20240318-WA0001-300x225.jpg 300w, https:\/\/wushuelorn.fr\/wp-content\/uploads\/2024\/03\/IMG-20240318-WA0001-768x576.jpg 768w, https:\/\/wushuelorn.fr\/wp-content\/uploads\/2024\/03\/IMG-20240318-WA0001-1536x1152.jpg 1536w, https:\/\/wushuelorn.fr\/wp-content\/uploads\/2024\/03\/IMG-20240318-WA0001.jpg 1600w\" sizes=\"auto, (max-width: 767px) 89vw, (max-width: 1000px) 54vw, (max-width: 1071px) 543px, 580px\" \/><\/figure>\n\n\n\n<blockquote class=\"wp-block-quote is-layout-flow wp-block-quote-is-layout-flow\">\n<p>Photo: Wushu Brest<\/p>\n<\/blockquote>\n\n\n\n<h1 class=\"wp-block-heading\"><strong>F\u00eate du Dragon aux Capucins \u00e0 Brest<\/strong><\/h1>\n\n\n\n<p>Le 9 mars 2024 s&#8217;est d\u00e9roul\u00e9 la f\u00eate de Dragon au plateau des Capucins \u00e0 Brest ,dans une ambiance festive ,de nombreux stands de cultures et cuisines d&#8217; Asie ont anim\u00e9s les lieux pour le bonheur des 15000 spectateurs pr\u00e9sents ; Wushu Elorn \u00e9tait bien sur partie prenante pour faire des ateliers \u00e9ventails ,Taiji et Qi gong ; des d\u00e9mos se d\u00e9roulant sur la sc\u00e8ne avec une tr\u00e8s belle performance de notre groupe de Kung Fu famille guid\u00e9 par Renfeng .<\/p>\n\n\n\n<figure class=\"wp-block-image size-large\"><img loading=\"lazy\" decoding=\"async\" width=\"1024\" height=\"472\" src=\"http:\/\/wushuelorn.fr\/wp-content\/uploads\/2024\/03\/20240309_152727-1024x472.jpg\" alt=\"\" class=\"wp-image-449\" srcset=\"https:\/\/wushuelorn.fr\/wp-content\/uploads\/2024\/03\/20240309_152727-1024x472.jpg 1024w, https:\/\/wushuelorn.fr\/wp-content\/uploads\/2024\/03\/20240309_152727-300x138.jpg 300w, https:\/\/wushuelorn.fr\/wp-content\/uploads\/2024\/03\/20240309_152727-768x354.jpg 768w, https:\/\/wushuelorn.fr\/wp-content\/uploads\/2024\/03\/20240309_152727-1536x708.jpg 1536w, https:\/\/wushuelorn.fr\/wp-content\/uploads\/2024\/03\/20240309_152727-2048x944.jpg 2048w\" sizes=\"auto, (max-width: 767px) 89vw, (max-width: 1000px) 54vw, (max-width: 1071px) 543px, 580px\" \/><\/figure>\n\n\n\n<figure class=\"wp-block-image size-large\"><img loading=\"lazy\" decoding=\"async\" width=\"1024\" height=\"473\" src=\"http:\/\/wushuelorn.fr\/wp-content\/uploads\/2024\/03\/20240309_170827-1024x473.jpg\" alt=\"\" class=\"wp-image-450\" srcset=\"https:\/\/wushuelorn.fr\/wp-content\/uploads\/2024\/03\/20240309_170827-1024x473.jpg 1024w, https:\/\/wushuelorn.fr\/wp-content\/uploads\/2024\/03\/20240309_170827-300x139.jpg 300w, https:\/\/wushuelorn.fr\/wp-content\/uploads\/2024\/03\/20240309_170827-768x355.jpg 768w, https:\/\/wushuelorn.fr\/wp-content\/uploads\/2024\/03\/20240309_170827-1536x709.jpg 1536w, https:\/\/wushuelorn.fr\/wp-content\/uploads\/2024\/03\/20240309_170827-2048x946.jpg 2048w\" sizes=\"auto, (max-width: 767px) 89vw, (max-width: 1000px) 54vw, (max-width: 1071px) 543px, 580px\" \/><\/figure>\n\n\n\n<figure class=\"wp-block-image size-large\"><img loading=\"lazy\" decoding=\"async\" width=\"1024\" height=\"473\" src=\"http:\/\/wushuelorn.fr\/wp-content\/uploads\/2024\/03\/20240309_173319-1024x473.jpg\" alt=\"\" class=\"wp-image-451\" srcset=\"https:\/\/wushuelorn.fr\/wp-content\/uploads\/2024\/03\/20240309_173319-1024x473.jpg 1024w, https:\/\/wushuelorn.fr\/wp-content\/uploads\/2024\/03\/20240309_173319-300x139.jpg 300w, https:\/\/wushuelorn.fr\/wp-content\/uploads\/2024\/03\/20240309_173319-768x355.jpg 768w, https:\/\/wushuelorn.fr\/wp-content\/uploads\/2024\/03\/20240309_173319-1536x709.jpg 1536w, https:\/\/wushuelorn.fr\/wp-content\/uploads\/2024\/03\/20240309_173319-2048x946.jpg 2048w\" sizes=\"auto, (max-width: 767px) 89vw, (max-width: 1000px) 54vw, (max-width: 1071px) 543px, 580px\" \/><\/figure>\n\n\n\n<figure class=\"wp-block-image size-large\"><img loading=\"lazy\" decoding=\"async\" width=\"1024\" height=\"473\" src=\"http:\/\/wushuelorn.fr\/wp-content\/uploads\/2024\/03\/20240309_162648-1024x473.jpg\" alt=\"\" class=\"wp-image-452\" srcset=\"https:\/\/wushuelorn.fr\/wp-content\/uploads\/2024\/03\/20240309_162648-1024x473.jpg 1024w, https:\/\/wushuelorn.fr\/wp-content\/uploads\/2024\/03\/20240309_162648-300x139.jpg 300w, https:\/\/wushuelorn.fr\/wp-content\/uploads\/2024\/03\/20240309_162648-768x355.jpg 768w, https:\/\/wushuelorn.fr\/wp-content\/uploads\/2024\/03\/20240309_162648-1536x709.jpg 1536w, https:\/\/wushuelorn.fr\/wp-content\/uploads\/2024\/03\/20240309_162648-2048x946.jpg 2048w\" sizes=\"auto, (max-width: 767px) 89vw, (max-width: 1000px) 54vw, (max-width: 1071px) 543px, 580px\" \/><\/figure>\n\n\n\n<blockquote class=\"wp-block-quote is-layout-flow wp-block-quote-is-layout-flow\">\n<p>Photos: Claude LARREUR<\/p>\n<\/blockquote>\n\n\n\n<h1 class=\"wp-block-heading\"><strong>Animation pour une soir\u00e9e culturelle chinoise <\/strong><\/h1>\n\n\n\n<blockquote class=\"wp-block-quote is-layout-flow wp-block-quote-is-layout-flow\">\n<p>Le samedi 2 mars une petite \u00e9quipe bien motiv\u00e9e s&#8217;est d\u00e9plac\u00e9e \u00e0 Concarneau \u00e0 la r\u00e9sidence seniors  Domytis pour animer une soir\u00e9e culturelle chinoise ,les 52 r\u00e9sidents et leurs familles ont bien appr\u00e9ci\u00e9s les d\u00e9monstrations de Qi gong ,Taiji \u00e9ventail et \u00e9p\u00e9e pr\u00e9sent\u00e9es de main de ma\u00eetre par Renfeng ,Djoss assist\u00e9s de Florence ,Myl\u00e8ne et Yves ( qui a r\u00e9alis\u00e9 les beaux clich\u00e9s ) . Sur la photo une dame de 101 ans d\u00e9montre toute sa joie de vivre et de partage ,un beau clin d&#8217;oeil pour tous ;le repas partag\u00e9 ensuite a aussi permis un bel \u00e9change . <\/p>\n\n\n\n<p>Merci \u00e0 toute cette \u00e9quipe pour cette belle initiative .<\/p>\n\n\n\n<figure class=\"wp-block-image size-large\"><img loading=\"lazy\" decoding=\"async\" width=\"1024\" height=\"461\" src=\"http:\/\/wushuelorn.fr\/wp-content\/uploads\/2024\/03\/IMG-20240303-WA0002-1024x461.jpg\" alt=\"\" class=\"wp-image-442\" srcset=\"https:\/\/wushuelorn.fr\/wp-content\/uploads\/2024\/03\/IMG-20240303-WA0002-1024x461.jpg 1024w, https:\/\/wushuelorn.fr\/wp-content\/uploads\/2024\/03\/IMG-20240303-WA0002-300x135.jpg 300w, https:\/\/wushuelorn.fr\/wp-content\/uploads\/2024\/03\/IMG-20240303-WA0002-768x346.jpg 768w, https:\/\/wushuelorn.fr\/wp-content\/uploads\/2024\/03\/IMG-20240303-WA0002-1536x691.jpg 1536w, https:\/\/wushuelorn.fr\/wp-content\/uploads\/2024\/03\/IMG-20240303-WA0002.jpg 1600w\" sizes=\"auto, (max-width: 767px) 89vw, (max-width: 1000px) 54vw, (max-width: 1071px) 543px, 580px\" \/><\/figure>\n\n\n\n<figure class=\"wp-block-image size-large\"><img loading=\"lazy\" decoding=\"async\" width=\"461\" height=\"1024\" src=\"http:\/\/wushuelorn.fr\/wp-content\/uploads\/2024\/03\/IMG-20240303-WA0003-461x1024.jpg\" alt=\"\" class=\"wp-image-443\" srcset=\"https:\/\/wushuelorn.fr\/wp-content\/uploads\/2024\/03\/IMG-20240303-WA0003-461x1024.jpg 461w, https:\/\/wushuelorn.fr\/wp-content\/uploads\/2024\/03\/IMG-20240303-WA0003-135x300.jpg 135w, https:\/\/wushuelorn.fr\/wp-content\/uploads\/2024\/03\/IMG-20240303-WA0003-691x1536.jpg 691w, https:\/\/wushuelorn.fr\/wp-content\/uploads\/2024\/03\/IMG-20240303-WA0003.jpg 720w\" sizes=\"auto, (max-width: 461px) 100vw, 461px\" \/><\/figure>\n\n\n\n<p>Photos :Yves QUIDEAU<\/p>\n<\/blockquote>\n\n\n\n<h1 class=\"wp-block-heading\"><strong>Stage de Tuishou \u00e0 Brest<\/strong><\/h1>\n\n\n\n<p>Le samedi 2 mars s&#8217;est d\u00e9roul\u00e9 \u00e0 Brest un stage de Tuishou ,organis\u00e9 par la FFK et Wushu Brest \u00e0 la salle Guegueniat . Ce stage ouvert \u00e0 tous \u00e9tait dirig\u00e9s par le Ma\u00eetre HONG HAI YAN  8\u00e8me Duan et le Ma\u00eetre GILLES MICHEL RIO 6 \u00e8me Duan . Une journ\u00e9e bien remplie pour les \u00e9l\u00e8ves pr\u00e9sents , la pratique de la pouss\u00e9e des mains et de la circulation du Chi avec des puits de science fut riche en d\u00e9couverte . Wushu Elorn \u00e9tait repr\u00e9sent\u00e9e par quatre \u00e9l\u00e8ves accompagn\u00e9s de notre Professeur Renfeng .<\/p>\n\n\n\n<figure class=\"wp-block-image size-large\"><img loading=\"lazy\" decoding=\"async\" width=\"1024\" height=\"473\" src=\"http:\/\/wushuelorn.fr\/wp-content\/uploads\/2024\/03\/20240302_172054-1024x473.jpg\" alt=\"\" class=\"wp-image-438\" srcset=\"https:\/\/wushuelorn.fr\/wp-content\/uploads\/2024\/03\/20240302_172054-1024x473.jpg 1024w, https:\/\/wushuelorn.fr\/wp-content\/uploads\/2024\/03\/20240302_172054-300x139.jpg 300w, https:\/\/wushuelorn.fr\/wp-content\/uploads\/2024\/03\/20240302_172054-768x355.jpg 768w, https:\/\/wushuelorn.fr\/wp-content\/uploads\/2024\/03\/20240302_172054-1536x709.jpg 1536w, https:\/\/wushuelorn.fr\/wp-content\/uploads\/2024\/03\/20240302_172054-2048x946.jpg 2048w\" sizes=\"auto, (max-width: 767px) 89vw, (max-width: 1000px) 54vw, (max-width: 1071px) 543px, 580px\" \/><\/figure>\n\n\n\n<figure class=\"wp-block-image size-large\"><img loading=\"lazy\" decoding=\"async\" width=\"1024\" height=\"473\" src=\"http:\/\/wushuelorn.fr\/wp-content\/uploads\/2024\/03\/20240302_172130-1024x473.jpg\" alt=\"\" class=\"wp-image-439\" srcset=\"https:\/\/wushuelorn.fr\/wp-content\/uploads\/2024\/03\/20240302_172130-1024x473.jpg 1024w, https:\/\/wushuelorn.fr\/wp-content\/uploads\/2024\/03\/20240302_172130-300x139.jpg 300w, https:\/\/wushuelorn.fr\/wp-content\/uploads\/2024\/03\/20240302_172130-768x355.jpg 768w, https:\/\/wushuelorn.fr\/wp-content\/uploads\/2024\/03\/20240302_172130-1536x709.jpg 1536w, https:\/\/wushuelorn.fr\/wp-content\/uploads\/2024\/03\/20240302_172130-2048x946.jpg 2048w\" sizes=\"auto, (max-width: 767px) 89vw, (max-width: 1000px) 54vw, (max-width: 1071px) 543px, 580px\" \/><\/figure>\n\n\n\n<p>Photos : Claude LARREUR<\/p>\n\n\n\n<h1 class=\"wp-block-heading\"><strong>Rencontre  Interclubs de Wushu \u00e0 Perin 22<\/strong><\/h1>\n\n\n\n<p>Le Dimanche 11 f\u00e9vrier 2024 s&#8217;est d\u00e9roul\u00e9 \u00e0 PLERIN dans les c\u00f4tes d&#8217;Armor une Rencontre Interclubs de Bretagne , cette belle journ\u00e9e organis\u00e9e de main de ma\u00eetre par le club &#8221; La Voie du Tao &#8221; et pr\u00e9sent\u00e9e dynamiquement au micro par Herv\u00e9 Denis leur Professeur . Wushu Elorn \u00e9tait repr\u00e9sent\u00e9e par sept \u00e9l\u00e8ves accompagnant Renfeng et des \u00e9l\u00e8ves de Wushu Brest pour des ateliers de d\u00e9couverte le matin et des d\u00e9monstrations l&#8217;apr\u00e8s-midi en Yang 24 mains nues ,yang \u00e9ventails et yang arme longue ( B\u00e2ton ) ainsi qu&#8217;en Qi gong &#8221;  les huit tr\u00e9sors &#8221; Merci encore \u00e0 tous pour ce beau moment de circulation du Chi .<\/p>\n\n\n\n<figure class=\"wp-block-image size-large\"><img loading=\"lazy\" decoding=\"async\" width=\"1024\" height=\"768\" src=\"http:\/\/wushuelorn.fr\/wp-content\/uploads\/2024\/02\/0-1024x768.jpeg\" alt=\"\" class=\"wp-image-431\" srcset=\"https:\/\/wushuelorn.fr\/wp-content\/uploads\/2024\/02\/0-1024x768.jpeg 1024w, https:\/\/wushuelorn.fr\/wp-content\/uploads\/2024\/02\/0-300x225.jpeg 300w, https:\/\/wushuelorn.fr\/wp-content\/uploads\/2024\/02\/0-768x576.jpeg 768w, https:\/\/wushuelorn.fr\/wp-content\/uploads\/2024\/02\/0.jpeg 1203w\" sizes=\"auto, (max-width: 767px) 89vw, (max-width: 1000px) 54vw, (max-width: 1071px) 543px, 580px\" \/><\/figure>\n\n\n\n<figure class=\"wp-block-image size-large\"><img loading=\"lazy\" decoding=\"async\" width=\"1024\" height=\"768\" src=\"http:\/\/wushuelorn.fr\/wp-content\/uploads\/2024\/02\/0-1-1024x768.jpeg\" alt=\"\" class=\"wp-image-432\" srcset=\"https:\/\/wushuelorn.fr\/wp-content\/uploads\/2024\/02\/0-1-1024x768.jpeg 1024w, https:\/\/wushuelorn.fr\/wp-content\/uploads\/2024\/02\/0-1-300x225.jpeg 300w, https:\/\/wushuelorn.fr\/wp-content\/uploads\/2024\/02\/0-1-768x576.jpeg 768w, https:\/\/wushuelorn.fr\/wp-content\/uploads\/2024\/02\/0-1.jpeg 1203w\" sizes=\"auto, (max-width: 767px) 89vw, (max-width: 1000px) 54vw, (max-width: 1071px) 543px, 580px\" \/><\/figure>\n\n\n\n<figure class=\"wp-block-image size-full\"><img loading=\"lazy\" decoding=\"async\" width=\"848\" height=\"478\" src=\"http:\/\/wushuelorn.fr\/wp-content\/uploads\/2024\/02\/0-2.jpeg\" alt=\"\" class=\"wp-image-433\" srcset=\"https:\/\/wushuelorn.fr\/wp-content\/uploads\/2024\/02\/0-2.jpeg 848w, https:\/\/wushuelorn.fr\/wp-content\/uploads\/2024\/02\/0-2-300x169.jpeg 300w, https:\/\/wushuelorn.fr\/wp-content\/uploads\/2024\/02\/0-2-768x433.jpeg 768w\" sizes=\"auto, (max-width: 767px) 89vw, (max-width: 1000px) 54vw, (max-width: 1071px) 543px, 580px\" \/><\/figure>\n\n\n\n<p>Photos : Brigitte GRAF et Sandrine VALIDZIC<\/p>\n\n\n\n<h1 class=\"wp-block-heading\"><strong>Galette des Rois au Dojo <\/strong><\/h1>\n\n\n\n<figure class=\"wp-block-image size-large\"><img loading=\"lazy\" decoding=\"async\" width=\"1024\" height=\"473\" src=\"http:\/\/wushuelorn.fr\/wp-content\/uploads\/2024\/01\/IMG-20240120-WA0000-1024x473.jpg\" alt=\"\" class=\"wp-image-425\" srcset=\"https:\/\/wushuelorn.fr\/wp-content\/uploads\/2024\/01\/IMG-20240120-WA0000-1024x473.jpg 1024w, https:\/\/wushuelorn.fr\/wp-content\/uploads\/2024\/01\/IMG-20240120-WA0000-300x139.jpg 300w, https:\/\/wushuelorn.fr\/wp-content\/uploads\/2024\/01\/IMG-20240120-WA0000-768x355.jpg 768w, https:\/\/wushuelorn.fr\/wp-content\/uploads\/2024\/01\/IMG-20240120-WA0000-1536x709.jpg 1536w, https:\/\/wushuelorn.fr\/wp-content\/uploads\/2024\/01\/IMG-20240120-WA0000.jpg 1600w\" sizes=\"auto, (max-width: 767px) 89vw, (max-width: 1000px) 54vw, (max-width: 1071px) 543px, 580px\" \/><\/figure>\n\n\n\n<p>Photo: Cecile LOIRE<\/p>\n\n\n\n<figure class=\"wp-block-image size-large\"><img loading=\"lazy\" decoding=\"async\" width=\"1024\" height=\"473\" src=\"http:\/\/wushuelorn.fr\/wp-content\/uploads\/2024\/01\/20240120_153414-1024x473.jpg\" alt=\"\" class=\"wp-image-426\" srcset=\"https:\/\/wushuelorn.fr\/wp-content\/uploads\/2024\/01\/20240120_153414-1024x473.jpg 1024w, https:\/\/wushuelorn.fr\/wp-content\/uploads\/2024\/01\/20240120_153414-300x139.jpg 300w, https:\/\/wushuelorn.fr\/wp-content\/uploads\/2024\/01\/20240120_153414-768x355.jpg 768w, https:\/\/wushuelorn.fr\/wp-content\/uploads\/2024\/01\/20240120_153414-1536x709.jpg 1536w, https:\/\/wushuelorn.fr\/wp-content\/uploads\/2024\/01\/20240120_153414-2048x946.jpg 2048w\" sizes=\"auto, (max-width: 767px) 89vw, (max-width: 1000px) 54vw, (max-width: 1071px) 543px, 580px\" \/><\/figure>\n\n\n\n<p>Photo: Claude LARREUR<\/p>\n\n\n\n<p>Le samedi 20 janvier , notre association a partag\u00e9 une galette des rois bien conviviale au Dojo de Coat Mez et la trentaine de personnes pr\u00e9sentes a ensuite re\u00e7u des mains de notre pr\u00e9sidente Brigitte, les nouveaux tee-shirt au couleurs de Wushu Elorn ,la bonne humeur \u00e9tait de mise . <\/p>\n\n\n\n<h1 class=\"wp-block-heading\"><strong>Stage de Massage Chinois &#8221; Tui Na &#8220;<\/strong><\/h1>\n\n\n\n<figure class=\"wp-block-image size-full\"><img loading=\"lazy\" decoding=\"async\" width=\"1024\" height=\"768\" src=\"http:\/\/wushuelorn.fr\/wp-content\/uploads\/2024\/01\/IMG-20240113-WA0001.jpg\" alt=\"\" class=\"wp-image-421\" srcset=\"https:\/\/wushuelorn.fr\/wp-content\/uploads\/2024\/01\/IMG-20240113-WA0001.jpg 1024w, https:\/\/wushuelorn.fr\/wp-content\/uploads\/2024\/01\/IMG-20240113-WA0001-300x225.jpg 300w, https:\/\/wushuelorn.fr\/wp-content\/uploads\/2024\/01\/IMG-20240113-WA0001-768x576.jpg 768w\" sizes=\"auto, (max-width: 767px) 89vw, (max-width: 1000px) 54vw, (max-width: 1071px) 543px, 580px\" \/><\/figure>\n\n\n\n<figure class=\"wp-block-image size-full\"><img loading=\"lazy\" decoding=\"async\" width=\"1024\" height=\"768\" src=\"http:\/\/wushuelorn.fr\/wp-content\/uploads\/2024\/01\/IMG-20240113-WA0002.jpg\" alt=\"\" class=\"wp-image-422\" srcset=\"https:\/\/wushuelorn.fr\/wp-content\/uploads\/2024\/01\/IMG-20240113-WA0002.jpg 1024w, https:\/\/wushuelorn.fr\/wp-content\/uploads\/2024\/01\/IMG-20240113-WA0002-300x225.jpg 300w, https:\/\/wushuelorn.fr\/wp-content\/uploads\/2024\/01\/IMG-20240113-WA0002-768x576.jpg 768w\" sizes=\"auto, (max-width: 767px) 89vw, (max-width: 1000px) 54vw, (max-width: 1071px) 543px, 580px\" \/><\/figure>\n\n\n\n<p>Photos : Brigitte GRAF<\/p>\n\n\n\n<p>Le 13 janvier 2024 s&#8217;est d\u00e9roul\u00e9e \u00e0 la salle du club house de Dirinon ,la deuxi\u00e8me partie du stage de massages chinois  Tui Na par Renfeng  SU et Djoss, ce stage suivi par une quinzaine de personne a permis de d\u00e9couvrir une nouvelle facette du wushu .<\/p>\n\n\n\n<h1 class=\"wp-block-heading\"><strong>Une Grande Ma\u00eetre Chinoise \u00e0 Dirinon<\/strong><\/h1>\n\n\n\n<figure class=\"wp-block-image size-full\"><img loading=\"lazy\" decoding=\"async\" width=\"960\" height=\"600\" src=\"http:\/\/wushuelorn.fr\/wp-content\/uploads\/2023\/09\/6508026211da634ac74c66cb.1.jpeg\" alt=\"\" class=\"wp-image-404\" srcset=\"https:\/\/wushuelorn.fr\/wp-content\/uploads\/2023\/09\/6508026211da634ac74c66cb.1.jpeg 960w, https:\/\/wushuelorn.fr\/wp-content\/uploads\/2023\/09\/6508026211da634ac74c66cb.1-300x188.jpeg 300w, https:\/\/wushuelorn.fr\/wp-content\/uploads\/2023\/09\/6508026211da634ac74c66cb.1-768x480.jpeg 768w\" sizes=\"auto, (max-width: 767px) 89vw, (max-width: 1000px) 54vw, (max-width: 1071px) 543px, 580px\" \/><figcaption class=\"wp-element-caption\">Zhang Laoshi a prodigu\u00e9 ses conseils au cours de Tai Chi de ce samedi (en compagnie de sa fille Renfeng)<\/figcaption><\/figure>\n\n\n\n<blockquote class=\"wp-block-quote is-layout-flow wp-block-quote-is-layout-flow\">\n<p>L\u2019association&nbsp;<a href=\"https:\/\/www.letelegramme.fr\/finistere\/dirinon-29460\/quarante-adherents-a-wushu-elorn-a-dirinon-4032345.php\">Wushu Elorn<\/a>&nbsp;a accueilli, samedi 16 septembre, une grande ma\u00eetre du Wushu, Zhang Laoshi. Elle a form\u00e9 des nombreux champions et ses deux filles, Renping et Renfeng, qui sont professeures \u00e0 Brest et \u00e0 Dirinon.<\/p>\n<\/blockquote>\n\n\n\n<blockquote class=\"wp-block-quote is-layout-flow wp-block-quote-is-layout-flow\">\n<p>Photo et Article : Remerciement \u00e0 Mr le Bot et au journal Le t\u00e9l\u00e9gramme du 19\/09\/2023<\/p>\n<\/blockquote>\n\n\n\n<h1 class=\"wp-block-heading\"><strong>Participations aux Forums des Associations <\/strong><\/h1>\n\n\n\n<p>Comme chaque ann\u00e9e ,les b\u00e9n\u00e9voles de Wushu Elorn, \u00e9taient sur le pont et on assur\u00e9s permanences et d\u00e9mos ainsi que distributions d&#8217;affiches et flyers sur toutes les communes et  lors des diff\u00e9rents Forums du 2,8 et 9 septembre 2023 \u00e0 Dirinon,l&#8217;H\u00f4pital Camfrout ,Daoulas, St Urbain et Loperhet , assurant une visibilit\u00e9 de nos activit\u00e9s pour la saison \u00e0 venir . le tout coordonn\u00e9 par Renfeng Su et Josu\u00e9 Jean-Baptiste nos Professeurs principaux ainsi que Brigitte Graf notre Pr\u00e9sidente . Les demandes de renseignement ont \u00e9t\u00e9 nombreuses ,gage d&#8217;une rentr\u00e9e r\u00e9ussie .  Il est \u00e0 noter notre nouvelle signalitique gr\u00e2ce \u00e0 un un magnifique panneau r\u00e9alis\u00e9 par Josu\u00e9  Jean- Baptiste                                                                 <\/p>\n\n\n\n<p><\/p>\n\n\n\n<figure class=\"wp-block-image size-large\"><img loading=\"lazy\" decoding=\"async\" width=\"1024\" height=\"473\" src=\"http:\/\/wushuelorn.fr\/wp-content\/uploads\/2023\/09\/20230902_120527-1024x473.jpg\" alt=\"\" class=\"wp-image-400\" srcset=\"https:\/\/wushuelorn.fr\/wp-content\/uploads\/2023\/09\/20230902_120527-1024x473.jpg 1024w, https:\/\/wushuelorn.fr\/wp-content\/uploads\/2023\/09\/20230902_120527-300x139.jpg 300w, https:\/\/wushuelorn.fr\/wp-content\/uploads\/2023\/09\/20230902_120527-768x355.jpg 768w, https:\/\/wushuelorn.fr\/wp-content\/uploads\/2023\/09\/20230902_120527-1536x709.jpg 1536w, https:\/\/wushuelorn.fr\/wp-content\/uploads\/2023\/09\/20230902_120527-2048x946.jpg 2048w\" sizes=\"auto, (max-width: 767px) 89vw, (max-width: 1000px) 54vw, (max-width: 1071px) 543px, 580px\" \/><\/figure>\n\n\n\n<figure class=\"wp-block-image size-large\"><img loading=\"lazy\" decoding=\"async\" width=\"1024\" height=\"473\" src=\"http:\/\/wushuelorn.fr\/wp-content\/uploads\/2023\/09\/20230909_152304-1024x473.jpg\" alt=\"\" class=\"wp-image-401\" srcset=\"https:\/\/wushuelorn.fr\/wp-content\/uploads\/2023\/09\/20230909_152304-1024x473.jpg 1024w, https:\/\/wushuelorn.fr\/wp-content\/uploads\/2023\/09\/20230909_152304-300x139.jpg 300w, https:\/\/wushuelorn.fr\/wp-content\/uploads\/2023\/09\/20230909_152304-768x355.jpg 768w, https:\/\/wushuelorn.fr\/wp-content\/uploads\/2023\/09\/20230909_152304-1536x709.jpg 1536w, https:\/\/wushuelorn.fr\/wp-content\/uploads\/2023\/09\/20230909_152304-2048x946.jpg 2048w\" sizes=\"auto, (max-width: 767px) 89vw, (max-width: 1000px) 54vw, (max-width: 1071px) 543px, 580px\" \/><\/figure>\n\n\n\n<h2 class=\"wp-block-heading\">Photos : Anonyme et Claude LARREUR<\/h2>\n\n\n\n<h1 class=\"wp-block-heading\"><strong>Gala 2023 Ecole Wushu Brest<\/strong><\/h1>\n\n\n\n<p>Tous les \u00e9l\u00e8ves de Wushu Elorn sont invit\u00e9s au Gala 2023 de l&#8217;\u00e9cole Wushu Brest . Cette manifestation de notre club partenaires sera le moment de partage dans une belle ambiance o\u00f9 chacun d\u00e9montrera son savoir faire et sa progression dans de beaux ensembles des diff\u00e9rents  Styles de Wushu . Lieu gymnase Foch de Brest de 14H \u00e0 16H .<\/p>\n\n\n\n<figure class=\"wp-block-image size-large\"><img loading=\"lazy\" decoding=\"async\" width=\"722\" height=\"1024\" src=\"http:\/\/wushuelorn.fr\/wp-content\/uploads\/2023\/06\/image-722x1024.png\" alt=\"\" class=\"wp-image-376\" srcset=\"https:\/\/wushuelorn.fr\/wp-content\/uploads\/2023\/06\/image-722x1024.png 722w, https:\/\/wushuelorn.fr\/wp-content\/uploads\/2023\/06\/image-212x300.png 212w, https:\/\/wushuelorn.fr\/wp-content\/uploads\/2023\/06\/image-768x1089.png 768w, https:\/\/wushuelorn.fr\/wp-content\/uploads\/2023\/06\/image.png 824w\" sizes=\"auto, (max-width: 722px) 100vw, 722px\" \/><\/figure>\n\n\n\n<p><\/p>\n\n\n\n<h2 class=\"wp-block-heading\"><strong>5 \u00e8me et dernier stage de Taiji Eventail <\/strong><\/h2>\n\n\n\n<p>Le Dimanche 11 Juin 2023  \u00e0 Dirinon se d\u00e9roulait le dernier stage de Taiji Eventail sous la houlette de Renfeng accompagn\u00e9e de Djoss , le th\u00e8me \u00e9tait &#8221; Eventail et Kung Fu &#8221; ,sur la photo ci-dessous  du groupe en pratique ,transparait bien le c\u00f4t\u00e9 martial des postures . Ces stages seront suivis d&#8217;autres \u00e0 venir durant la saison 2023\/2024 .<\/p>\n\n\n\n<figure class=\"wp-block-image size-large\"><img loading=\"lazy\" decoding=\"async\" width=\"1024\" height=\"768\" src=\"http:\/\/wushuelorn.fr\/wp-content\/uploads\/2023\/06\/IMG-20230611-WA0002-2-1024x768.jpg\" alt=\"\" class=\"wp-image-373\" srcset=\"https:\/\/wushuelorn.fr\/wp-content\/uploads\/2023\/06\/IMG-20230611-WA0002-2-1024x768.jpg 1024w, https:\/\/wushuelorn.fr\/wp-content\/uploads\/2023\/06\/IMG-20230611-WA0002-2-300x225.jpg 300w, https:\/\/wushuelorn.fr\/wp-content\/uploads\/2023\/06\/IMG-20230611-WA0002-2-768x576.jpg 768w, https:\/\/wushuelorn.fr\/wp-content\/uploads\/2023\/06\/IMG-20230611-WA0002-2-1536x1152.jpg 1536w, https:\/\/wushuelorn.fr\/wp-content\/uploads\/2023\/06\/IMG-20230611-WA0002-2.jpg 1600w\" sizes=\"auto, (max-width: 767px) 89vw, (max-width: 1000px) 54vw, (max-width: 1071px) 543px, 580px\" \/><\/figure>\n\n\n\n<p>Photo : Nathalie Tromeur-DERVOOT<\/p>\n\n\n\n<p><\/p>\n\n\n\n<h1 class=\"wp-block-heading\"><strong>F\u00eate des Bateaux Dragons <\/strong><\/h1>\n\n\n\n<p>Le samedi 10 juin 2023 Wushu Elorn guid\u00e9 par Djoss , a anim\u00e9 avec Wushu Brest une aire de d\u00e9couverte du Wushu ouverte \u00e0 tous dans le cadre magnifique de la plage du Moulin Blanc pour la F\u00eate des Bateaux Dragons . Une belle journ\u00e9e ensoleill\u00e9e de partage ou de premiers pas dans le QI GONG ou le TAIJI  !<\/p>\n\n\n\n<figure class=\"wp-block-image size-large\"><img loading=\"lazy\" decoding=\"async\" width=\"1024\" height=\"685\" src=\"http:\/\/wushuelorn.fr\/wp-content\/uploads\/2023\/06\/DSC01002-1024x685.jpg\" alt=\"\" class=\"wp-image-371\" srcset=\"https:\/\/wushuelorn.fr\/wp-content\/uploads\/2023\/06\/DSC01002-1024x685.jpg 1024w, https:\/\/wushuelorn.fr\/wp-content\/uploads\/2023\/06\/DSC01002-300x201.jpg 300w, https:\/\/wushuelorn.fr\/wp-content\/uploads\/2023\/06\/DSC01002-768x514.jpg 768w, https:\/\/wushuelorn.fr\/wp-content\/uploads\/2023\/06\/DSC01002-1536x1028.jpg 1536w, https:\/\/wushuelorn.fr\/wp-content\/uploads\/2023\/06\/DSC01002-2048x1371.jpg 2048w\" sizes=\"auto, (max-width: 767px) 89vw, (max-width: 1000px) 54vw, (max-width: 1071px) 543px, 580px\" \/><figcaption class=\"wp-element-caption\">SONY DSC<\/figcaption><\/figure>\n\n\n\n<figure class=\"wp-block-image size-large\"><img loading=\"lazy\" decoding=\"async\" width=\"1024\" height=\"685\" src=\"http:\/\/wushuelorn.fr\/wp-content\/uploads\/2023\/06\/DSC01015-1024x685.jpg\" alt=\"\" class=\"wp-image-370\" srcset=\"https:\/\/wushuelorn.fr\/wp-content\/uploads\/2023\/06\/DSC01015-1024x685.jpg 1024w, https:\/\/wushuelorn.fr\/wp-content\/uploads\/2023\/06\/DSC01015-300x201.jpg 300w, https:\/\/wushuelorn.fr\/wp-content\/uploads\/2023\/06\/DSC01015-768x514.jpg 768w, https:\/\/wushuelorn.fr\/wp-content\/uploads\/2023\/06\/DSC01015-1536x1028.jpg 1536w, https:\/\/wushuelorn.fr\/wp-content\/uploads\/2023\/06\/DSC01015-2048x1371.jpg 2048w\" sizes=\"auto, (max-width: 767px) 89vw, (max-width: 1000px) 54vw, (max-width: 1071px) 543px, 580px\" \/><figcaption class=\"wp-element-caption\"><strong>Photos : Frederic GRAF<\/strong><\/figcaption><\/figure>\n\n\n\n<h1 class=\"wp-block-heading\"><strong>Porte Ouverte<\/strong><\/h1>\n\n\n\n<p><\/p>\n\n\n\n<p>Wushu Elorn organise sa porte ouverte le samedi 17 juin 2023 au Dojo de Coat Mez pr\u00e8s du coll\u00e8ge de Daoulas\/Dirinon<\/p>\n\n\n\n<figure class=\"wp-block-image size-large\"><img loading=\"lazy\" decoding=\"async\" width=\"724\" height=\"1024\" src=\"http:\/\/wushuelorn.fr\/wp-content\/uploads\/2023\/06\/unnamed-724x1024.jpg\" alt=\"\" class=\"wp-image-359\" srcset=\"https:\/\/wushuelorn.fr\/wp-content\/uploads\/2023\/06\/unnamed-724x1024.jpg 724w, https:\/\/wushuelorn.fr\/wp-content\/uploads\/2023\/06\/unnamed-212x300.jpg 212w, https:\/\/wushuelorn.fr\/wp-content\/uploads\/2023\/06\/unnamed-768x1087.jpg 768w, https:\/\/wushuelorn.fr\/wp-content\/uploads\/2023\/06\/unnamed-1085x1536.jpg 1085w, https:\/\/wushuelorn.fr\/wp-content\/uploads\/2023\/06\/unnamed-1447x2048.jpg 1447w, https:\/\/wushuelorn.fr\/wp-content\/uploads\/2023\/06\/unnamed-scaled.jpg 1809w\" sizes=\"auto, (max-width: 724px) 100vw, 724px\" \/><\/figure>\n\n\n\n<h1 class=\"wp-block-heading\"><strong>Dernier Stage Eventails de la saison 2022\/2023 \u00e0 la salle Polyvalente de DIRINON le Dimanche 11 Juin 2023 \u00e0 partir de 9H30<\/strong><\/h1>\n\n\n\n<figure class=\"wp-block-image size-large\"><img loading=\"lazy\" decoding=\"async\" width=\"768\" height=\"1024\" src=\"http:\/\/wushuelorn.fr\/wp-content\/uploads\/2023\/06\/RF-20223-Stages-02-12-03-23-768x1024.jpg\" alt=\"\" class=\"wp-image-366\" srcset=\"https:\/\/wushuelorn.fr\/wp-content\/uploads\/2023\/06\/RF-20223-Stages-02-12-03-23-768x1024.jpg 768w, https:\/\/wushuelorn.fr\/wp-content\/uploads\/2023\/06\/RF-20223-Stages-02-12-03-23-225x300.jpg 225w, https:\/\/wushuelorn.fr\/wp-content\/uploads\/2023\/06\/RF-20223-Stages-02-12-03-23-1152x1536.jpg 1152w, https:\/\/wushuelorn.fr\/wp-content\/uploads\/2023\/06\/RF-20223-Stages-02-12-03-23-1536x2048.jpg 1536w, https:\/\/wushuelorn.fr\/wp-content\/uploads\/2023\/06\/RF-20223-Stages-02-12-03-23-scaled.jpg 1920w\" sizes=\"auto, (max-width: 767px) 89vw, (max-width: 1000px) 54vw, (max-width: 1071px) 543px, 580px\" \/><\/figure>\n\n\n\n<h2 class=\"wp-block-heading\"><strong>Compte rendu du journal le  T\u00e9l\u00e9gramme sur notre AG<\/strong><\/h2>\n\n\n\n<h1 class=\"wp-block-heading\"><strong>\u00c0 Dirinon, Brigitte Graf devient la nouvelle pr\u00e9sidente de Wushu \u00c9lorn<\/strong><\/h1>\n\n\n\n<p>Le 05 juin 2023 \u00e0 16h17<\/p>\n\n\n\n<figure class=\"wp-block-image\"><img decoding=\"async\" src=\"https:\/\/media.letelegramme.fr\/api\/v1\/images\/view\/647dee77979a1446880dc1c9\/web_golden_xl\/647dee77979a1446880dc1c9.1\" alt=\"Les adh\u00e9rents pr\u00e9sents \u00e0 l\u2019assembl\u00e9e g\u00e9n\u00e9rale, avec Claude Larreur (assis, troisi\u00e8me \u00e0 droite en bleu) et Brigitte Graf (assise, quatri\u00e8me \u00e0 droite).\"\/><figcaption class=\"wp-element-caption\">Les adh\u00e9rents pr\u00e9sents \u00e0 l\u2019assembl\u00e9e g\u00e9n\u00e9rale, avec Claude Larreur (assis, troisi\u00e8me \u00e0 droite en bleu) et Brigitte Graf (assise, quatri\u00e8me \u00e0 droite).<\/figcaption><\/figure>\n\n\n\n<p>Une nouvelle assembl\u00e9e g\u00e9n\u00e9rale de l\u2019association&nbsp;<a href=\"https:\/\/www.letelegramme.fr\/finistere\/dirinon\/quarante-adherents-a-wushu-elorn-a-dirinon-10-01-2023-13255602.php\">Wushu \u00c9lorn<\/a>&nbsp;s\u2019est tenue samedi 3 juin, \u00e0 la salle de Coat-Mez en pr\u00e9sence d\u2019Aline Deroze, adjointe au maire. Claude Larreur, tout en restant membre actif, a souhait\u00e9 passer le relais, apr\u00e8s sept ans de mandat. La Daoulasienne, Brigitte Graf, a \u00e9t\u00e9 \u00e9lue pr\u00e9sidente&nbsp;; la tr\u00e9sorerie est confi\u00e9e \u00e0 Jean-Baptiste Djoss (qui remplace Janine Le Gall) et Fr\u00e9d\u00e9ric Lancelot est r\u00e9\u00e9lu secr\u00e9taire. Le CA compos\u00e9 de dix membres enregistre l\u2019entr\u00e9e de Sylvie Le Guen. La nouvelle pr\u00e9sidente a pr\u00e9sent\u00e9 sa vision sur les projets pour l\u2019avenir.<\/p>\n\n\n\n<p><strong>Source \/<\/strong> <em>Article et Photo : Journal Le T\u00e9l\u00e9gramme du mardi 6 juin 2023 ,Secteur DIRINON <\/em><\/p>\n\n\n\n<h1 class=\"wp-block-heading\"> <strong>Invitation \u00e0 l&#8217;Assembl\u00e9e G\u00e9n\u00e9rale de Wushu Elorn<\/strong><\/h1>\n\n\n\n<p>L&#8217;association vous invite \u00e0 son AG le samedi 3 juin 2023 \u00e0 partir de 16H10 au Dojo de Coat Mez<\/p>\n\n\n\n<figure class=\"wp-block-image size-large\"><img loading=\"lazy\" decoding=\"async\" width=\"1024\" height=\"724\" src=\"http:\/\/wushuelorn.fr\/wp-content\/uploads\/2023\/06\/Invitation-AG-Wushu-Elorn-1024x724.png\" alt=\"\" class=\"wp-image-356\" srcset=\"https:\/\/wushuelorn.fr\/wp-content\/uploads\/2023\/06\/Invitation-AG-Wushu-Elorn-1024x724.png 1024w, https:\/\/wushuelorn.fr\/wp-content\/uploads\/2023\/06\/Invitation-AG-Wushu-Elorn-300x212.png 300w, https:\/\/wushuelorn.fr\/wp-content\/uploads\/2023\/06\/Invitation-AG-Wushu-Elorn-768x543.png 768w, https:\/\/wushuelorn.fr\/wp-content\/uploads\/2023\/06\/Invitation-AG-Wushu-Elorn-1536x1086.png 1536w, https:\/\/wushuelorn.fr\/wp-content\/uploads\/2023\/06\/Invitation-AG-Wushu-Elorn-2048x1448.png 2048w\" sizes=\"auto, (max-width: 767px) 89vw, (max-width: 1000px) 54vw, (max-width: 1071px) 543px, 580px\" \/><\/figure>\n\n\n\n<h1 class=\"wp-block-heading\"><strong>Stage Eventails ( 4\u00e8me partie )<\/strong><\/h1>\n\n\n\n<p><strong>Titre : Taiji Eventail<\/strong><\/p>\n\n\n\n<p>Le 14 mai la quatri\u00e8me partie des stages \u00e9ventails s&#8217;est d\u00e9roul\u00e9e dans une ambiance studieuse \u00e0 l&#8217;\u00e9cole Wushu Brest ,les 17 \u00e9l\u00e8ves assidus dont 4 de Wushu Elorn guid\u00e9s par Ma\u00eetre Renfeng SU, ont progress\u00e9s dans la technique de l&#8217;\u00e9ventail en Taiji  .Le dernier stage de la saison 2022\/2023 aura lieu \u00e0 Dirinon \u00e0 la salle Polyvalente le 11 juin prochain et aura pour th\u00e8me &#8221; Kung Fu \u00e9ventail &#8220;<\/p>\n\n\n\n<figure class=\"wp-block-image size-large\"><img loading=\"lazy\" decoding=\"async\" width=\"1024\" height=\"461\" src=\"http:\/\/wushuelorn.fr\/wp-content\/uploads\/2023\/05\/IMG-20230516-WA0001-1024x461.jpg\" alt=\"\" class=\"wp-image-353\" srcset=\"https:\/\/wushuelorn.fr\/wp-content\/uploads\/2023\/05\/IMG-20230516-WA0001-1024x461.jpg 1024w, https:\/\/wushuelorn.fr\/wp-content\/uploads\/2023\/05\/IMG-20230516-WA0001-300x135.jpg 300w, https:\/\/wushuelorn.fr\/wp-content\/uploads\/2023\/05\/IMG-20230516-WA0001-768x346.jpg 768w, https:\/\/wushuelorn.fr\/wp-content\/uploads\/2023\/05\/IMG-20230516-WA0001-1536x691.jpg 1536w, https:\/\/wushuelorn.fr\/wp-content\/uploads\/2023\/05\/IMG-20230516-WA0001.jpg 2000w\" sizes=\"auto, (max-width: 767px) 89vw, (max-width: 1000px) 54vw, (max-width: 1071px) 543px, 580px\" \/><\/figure>\n\n\n\n<p><strong>Photo<\/strong> : Wushu Brest<\/p>\n\n\n\n<h1 class=\"wp-block-heading\"><strong>Stage Eventails (3  \u00e8me partie )<\/strong><\/h1>\n\n\n\n<p><strong>Titre<\/strong>: <strong>Sur le fil de l\u2019\u00e9ventail&nbsp;<\/strong><\/p>\n\n\n\n<p>Le 16 avril avec Wushu Elorn, c\u2019est plus d&#8217;une&nbsp;vingtaine de participants, enfants et adultes, d\u00e9butants et confirm\u00e9s, qui se sont retrouv\u00e9s dans la nature, suivi d\u2019un repas pique-nique convivial en commun. Le th\u00e8me du jour \u00e9tait le Qi \u00c9ventail. Comment comprendre les deux dimensions mental et physique qui sont li\u00e9es par le Qi. Et comment appliquer la nation du Qi pour obtenir la stabilit\u00e9 du corps physique par la concentration et l\u2019apaisement de l\u2019esprit. Encha\u00eener ensuite sur la fluidit\u00e9 du mouvement par la bonne circulation du Qi.&nbsp;<\/p>\n\n\n\n<p>Venez nous rejoindre avec Maitre SU Renfeng, 7e Duan de Wushu (Qi Gong, Taiji et Kung Fu) pour les 2 prochains stages le 14 mai \u00e0 Brest et le 11 juin \u00e0 Dirinon. Contact:&nbsp;<a href=\"http:\/\/wushuelorn.fr\/\" target=\"_blank\" rel=\"noreferrer noopener\">wushuelorn.fr<\/a>&nbsp;Tel: 06 29 93 78 78<\/p>\n\n\n\n<figure class=\"wp-block-image size-large\"><img loading=\"lazy\" decoding=\"async\" width=\"1024\" height=\"768\" src=\"http:\/\/wushuelorn.fr\/wp-content\/uploads\/2023\/04\/IMG_5963-1024x768.jpg\" alt=\"\" class=\"wp-image-336\" srcset=\"https:\/\/wushuelorn.fr\/wp-content\/uploads\/2023\/04\/IMG_5963-1024x768.jpg 1024w, https:\/\/wushuelorn.fr\/wp-content\/uploads\/2023\/04\/IMG_5963-300x225.jpg 300w, https:\/\/wushuelorn.fr\/wp-content\/uploads\/2023\/04\/IMG_5963-768x576.jpg 768w, https:\/\/wushuelorn.fr\/wp-content\/uploads\/2023\/04\/IMG_5963-1536x1152.jpg 1536w, https:\/\/wushuelorn.fr\/wp-content\/uploads\/2023\/04\/IMG_5963-2048x1536.jpg 2048w\" sizes=\"auto, (max-width: 767px) 89vw, (max-width: 1000px) 54vw, (max-width: 1071px) 543px, 580px\" \/><\/figure>\n\n\n\n<p><strong>Photo<\/strong> : Anne BRANDON <\/p>\n\n\n\n<figure class=\"wp-block-image size-large\"><img loading=\"lazy\" decoding=\"async\" width=\"1024\" height=\"768\" src=\"http:\/\/wushuelorn.fr\/wp-content\/uploads\/2023\/04\/IMG-20230416-WA0009-1024x768.jpg\" alt=\"\" class=\"wp-image-337\" srcset=\"https:\/\/wushuelorn.fr\/wp-content\/uploads\/2023\/04\/IMG-20230416-WA0009-1024x768.jpg 1024w, https:\/\/wushuelorn.fr\/wp-content\/uploads\/2023\/04\/IMG-20230416-WA0009-300x225.jpg 300w, https:\/\/wushuelorn.fr\/wp-content\/uploads\/2023\/04\/IMG-20230416-WA0009-768x576.jpg 768w, https:\/\/wushuelorn.fr\/wp-content\/uploads\/2023\/04\/IMG-20230416-WA0009-1536x1152.jpg 1536w, https:\/\/wushuelorn.fr\/wp-content\/uploads\/2023\/04\/IMG-20230416-WA0009.jpg 2048w\" sizes=\"auto, (max-width: 767px) 89vw, (max-width: 1000px) 54vw, (max-width: 1071px) 543px, 580px\" \/><\/figure>\n\n\n\n<p><strong>Photo<\/strong> : Renfeng SU<\/p>\n\n\n\n<p><\/p>\n\n\n\n<p><\/p>\n\n\n\n<h1 class=\"wp-block-heading\"><strong>Rencontres Interclubs Bretons de Wushu le 2 avril \u00e0 Brest<\/strong><\/h1>\n\n\n\n<p>Le dimanche &nbsp;2 avril, impressionnante d\u00e9monstration de l\u2019association Wushu Elorn qui \u00e9tait compos\u00e9e de 23 membres &nbsp;dans le cadre des rencontres interclubs de Bretagne qui ont r\u00e9uni plus de 120 participants &nbsp;, organis\u00e9e par la FFK. Au programme: Trois groupes&nbsp;&nbsp;en Taiji style Yang main nue, Taiji style Yang \u00e9ventail et Taiji style Chen; en individuel, les Taiji b\u00e2ton, \u00e9p\u00e9e et \u00e9ventail, ainsi que les formes de kungfu pr\u00e9sent\u00e9es par les enfants dans une ambiance festive et color\u00e9e. La journ\u00e9e s&nbsp;\u2018est conclue par un partage de tous et le plaisir de pratiquer ensemble apr\u00e8s cette longue p\u00e9riode de distance li\u00e9e au COVID. Rendez-vous est pr\u00e9vu pour 2024.<\/p>\n\n\n\n<figure class=\"wp-block-image size-large\"><img loading=\"lazy\" decoding=\"async\" width=\"1024\" height=\"570\" src=\"http:\/\/wushuelorn.fr\/wp-content\/uploads\/2023\/04\/IMG_5917-1024x570.jpg\" alt=\"\" class=\"wp-image-331\" srcset=\"https:\/\/wushuelorn.fr\/wp-content\/uploads\/2023\/04\/IMG_5917-1024x570.jpg 1024w, https:\/\/wushuelorn.fr\/wp-content\/uploads\/2023\/04\/IMG_5917-300x167.jpg 300w, https:\/\/wushuelorn.fr\/wp-content\/uploads\/2023\/04\/IMG_5917-768x428.jpg 768w, https:\/\/wushuelorn.fr\/wp-content\/uploads\/2023\/04\/IMG_5917-1536x855.jpg 1536w, https:\/\/wushuelorn.fr\/wp-content\/uploads\/2023\/04\/IMG_5917.jpg 2048w\" sizes=\"auto, (max-width: 767px) 89vw, (max-width: 1000px) 54vw, (max-width: 1071px) 543px, 580px\" \/><\/figure>\n\n\n\n<p><strong>Photo<\/strong> : Wushu Brest<\/p>\n\n\n\n<figure class=\"wp-block-image size-large is-resized\"><img loading=\"lazy\" decoding=\"async\" width=\"1024\" height=\"768\" src=\"http:\/\/wushuelorn.fr\/wp-content\/uploads\/2023\/04\/IMG_5881-1024x768.jpg\" alt=\"\" class=\"wp-image-332\" style=\"width:674px;height:505px\" srcset=\"https:\/\/wushuelorn.fr\/wp-content\/uploads\/2023\/04\/IMG_5881-1024x768.jpg 1024w, https:\/\/wushuelorn.fr\/wp-content\/uploads\/2023\/04\/IMG_5881-300x225.jpg 300w, https:\/\/wushuelorn.fr\/wp-content\/uploads\/2023\/04\/IMG_5881-768x576.jpg 768w, https:\/\/wushuelorn.fr\/wp-content\/uploads\/2023\/04\/IMG_5881-1536x1152.jpg 1536w, https:\/\/wushuelorn.fr\/wp-content\/uploads\/2023\/04\/IMG_5881-2048x1536.jpg 2048w\" sizes=\"auto, (max-width: 767px) 89vw, (max-width: 1000px) 54vw, (max-width: 1071px) 543px, 580px\" \/><\/figure>\n\n\n\n<p><strong>Photo<\/strong> : Renfeng SU<\/p>\n\n\n\n<figure class=\"wp-block-image size-full is-resized\"><img loading=\"lazy\" decoding=\"async\" width=\"416\" height=\"618\" src=\"http:\/\/wushuelorn.fr\/wp-content\/uploads\/2023\/04\/IMG-20230404-WA0003.jpg\" alt=\"\" class=\"wp-image-333\" style=\"width:416px;height:618px\" srcset=\"https:\/\/wushuelorn.fr\/wp-content\/uploads\/2023\/04\/IMG-20230404-WA0003.jpg 416w, https:\/\/wushuelorn.fr\/wp-content\/uploads\/2023\/04\/IMG-20230404-WA0003-202x300.jpg 202w\" sizes=\"auto, (max-width: 416px) 100vw, 416px\" \/><\/figure>\n\n\n\n<p><strong>Photo<\/strong> : Nathalie Tromeur-DERVOOT<\/p>\n\n\n\n<blockquote class=\"wp-block-quote is-layout-flow wp-block-quote-is-layout-flow\">\n<figure class=\"wp-block-image size-large\"><img loading=\"lazy\" decoding=\"async\" width=\"1024\" height=\"1024\" src=\"http:\/\/wushuelorn.fr\/wp-content\/uploads\/2023\/04\/IMG-20230406-WA0000-1024x1024.jpg\" alt=\"\" class=\"wp-image-338\" srcset=\"https:\/\/wushuelorn.fr\/wp-content\/uploads\/2023\/04\/IMG-20230406-WA0000-1024x1024.jpg 1024w, https:\/\/wushuelorn.fr\/wp-content\/uploads\/2023\/04\/IMG-20230406-WA0000-300x300.jpg 300w, https:\/\/wushuelorn.fr\/wp-content\/uploads\/2023\/04\/IMG-20230406-WA0000-150x150.jpg 150w, https:\/\/wushuelorn.fr\/wp-content\/uploads\/2023\/04\/IMG-20230406-WA0000-768x768.jpg 768w, https:\/\/wushuelorn.fr\/wp-content\/uploads\/2023\/04\/IMG-20230406-WA0000-100x100.jpg 100w, https:\/\/wushuelorn.fr\/wp-content\/uploads\/2023\/04\/IMG-20230406-WA0000.jpg 1496w\" sizes=\"auto, (max-width: 767px) 89vw, (max-width: 1000px) 54vw, (max-width: 1071px) 543px, 580px\" \/><\/figure>\n<cite><strong>Article et Photo \/  journal Le t\u00e9l\u00e9gramme <\/strong><\/cite><\/blockquote>\n\n\n\n<p><\/p>\n\n\n\n<p><\/p>\n\n\n\n<h1 class=\"wp-block-heading\"><strong>Village d&#8217;\u00e9t\u00e9 d&#8217;Arts Martiaux Chinois<\/strong><\/h1>\n\n\n\n<p>Un beau stage pour tous ,dans un cadre magnifique ,pour tous les renseignements ,allez sur le site de l&#8217;\u00e9cole Wushu Brest: <strong>wushubrest.fr <\/strong> ; des vid\u00e9os de pr\u00e9sentation vous y attendent ainsi que toutes les infos sur l&#8217;inscription et l&#8217;h\u00e9bergement .<\/p>\n\n\n\n<h2 class=\"wp-block-heading\"><strong>  &#8211; Du 13 au 19 Ao\u00fbt 2023 &#8211;<\/strong> <strong>Domaine de Lembrun<\/strong> &#8211; <strong>Agen &#8211; Rives du Lot<\/strong><\/h2>\n\n\n\n<figure class=\"wp-block-image size-large\"><img loading=\"lazy\" decoding=\"async\" width=\"1024\" height=\"768\" src=\"http:\/\/wushuelorn.fr\/wp-content\/uploads\/2022\/07\/20220717_193817-1024x768.jpg\" alt=\"\" class=\"wp-image-200\" srcset=\"https:\/\/wushuelorn.fr\/wp-content\/uploads\/2022\/07\/20220717_193817-1024x768.jpg 1024w, https:\/\/wushuelorn.fr\/wp-content\/uploads\/2022\/07\/20220717_193817-300x225.jpg 300w, https:\/\/wushuelorn.fr\/wp-content\/uploads\/2022\/07\/20220717_193817-768x576.jpg 768w, https:\/\/wushuelorn.fr\/wp-content\/uploads\/2022\/07\/20220717_193817-1536x1152.jpg 1536w, https:\/\/wushuelorn.fr\/wp-content\/uploads\/2022\/07\/20220717_193817-2048x1536.jpg 2048w\" sizes=\"auto, (max-width: 767px) 89vw, (max-width: 1000px) 54vw, (max-width: 1071px) 543px, 580px\" \/><\/figure>\n\n\n\n<p><strong>photo<\/strong> : Claude LARREUR <\/p>\n\n\n\n<div data-wp-interactive=\"core\/file\" class=\"wp-block-file\"><object data-wp-bind--hidden=\"!state.hasPdfPreview\" hidden class=\"wp-block-file__embed\" data=\"http:\/\/wushuelorn.fr\/wp-content\/uploads\/2023\/04\/Village-dete-darts-martiaux-chinois.pdf\" type=\"application\/pdf\" style=\"width:100%;height:600px\" aria-label=\"Embed of Village-dete-darts-martiaux-chinois.\"><\/object><a id=\"wp-block-file--media-1a1ae992-61cb-4018-bd9c-d204fa156d4f\" href=\"http:\/\/wushuelorn.fr\/wp-content\/uploads\/2023\/04\/Village-dete-darts-martiaux-chinois.pdf\">Village-dete-darts-martiaux-chinois<\/a><a href=\"http:\/\/wushuelorn.fr\/wp-content\/uploads\/2023\/04\/Village-dete-darts-martiaux-chinois.pdf\" class=\"wp-block-file__button wp-element-button\" download aria-describedby=\"wp-block-file--media-1a1ae992-61cb-4018-bd9c-d204fa156d4f\">T\u00e9l\u00e9charger<\/a><\/div>\n\n\n\n<h1 class=\"wp-block-heading\"><strong>Stage Eventails ( 2\u00e8me partie )<\/strong><\/h1>\n\n\n\n<p>Ce dimanche 12 mars, l\u2019\u00e9cole Wushu Brest a accueilli un stage consacr\u00e9 \u00e0 la pratique de l\u2019\u00e9ventail , 13 \u00e9l\u00e8ves de Wushu Elorn ont partag\u00e9s avec beaucoup d&#8217;autres venus de toute la Bretagne \u00e0 ce beau moment de pratique riche en couleurs . Situ\u00e9e dans un cycle de 5 stages, cette session \u00e9tait intitul\u00e9e \u00ab&nbsp;l\u2019harmonie du corps&nbsp;\u00bb. En effet, les mouvements du corps et la manipulation de l\u2019\u00e9ventail sont au service d\u2019un art chinois ancestral, une pratique de sant\u00e9 qui a fait ses preuves. Un travail tout en finesse autour des notions de doux et de fort.&nbsp;<\/p>\n\n\n\n<p>Anim\u00e9e par Ma\u00eetre SU Renfeng, 7e Duan de Wushu, plus d\u2019une trentaine de participants de tous niveaux ont pu d\u00e9couvrir ou approfondir cette pratique \u00e0 la fois martiale et \u00e9nerg\u00e9tique.<\/p>\n\n\n\n<p>Au programme des stages \u00e0 venir&nbsp;: \u00ab&nbsp;Harmonie, Joie, Equilibre, Progr\u00e8s et Partage&nbsp;\u00bb<\/p>\n\n\n\n<p><strong>Le prochain RDV est fix\u00e9 au 16 avril \u00e0 la salle polyvalente de Dirinon. Info contact:&nbsp;<a href=\"http:\/\/wushuelorn.fr\/\" target=\"_blank\" rel=\"noreferrer noopener\">wushuelorn.fr<\/a>, Tel&nbsp;: 06 29 93 78 78<\/strong><\/p>\n\n\n\n<figure class=\"wp-block-image size-large\"><img loading=\"lazy\" decoding=\"async\" width=\"1024\" height=\"768\" src=\"http:\/\/wushuelorn.fr\/wp-content\/uploads\/2023\/03\/IMG_5694-1-1024x768.jpg\" alt=\"\" class=\"wp-image-300\" srcset=\"https:\/\/wushuelorn.fr\/wp-content\/uploads\/2023\/03\/IMG_5694-1-1024x768.jpg 1024w, https:\/\/wushuelorn.fr\/wp-content\/uploads\/2023\/03\/IMG_5694-1-300x225.jpg 300w, https:\/\/wushuelorn.fr\/wp-content\/uploads\/2023\/03\/IMG_5694-1-768x576.jpg 768w, https:\/\/wushuelorn.fr\/wp-content\/uploads\/2023\/03\/IMG_5694-1-1536x1152.jpg 1536w, https:\/\/wushuelorn.fr\/wp-content\/uploads\/2023\/03\/IMG_5694-1-2048x1536.jpg 2048w\" sizes=\"auto, (max-width: 767px) 89vw, (max-width: 1000px) 54vw, (max-width: 1071px) 543px, 580px\" \/><\/figure>\n\n\n\n<p><strong>Photo<\/strong> : Wushu Brest<\/p>\n\n\n\n<p><\/p>\n\n\n\n<p><\/p>\n\n\n\n<h1 class=\"wp-block-heading\"><strong>Stage \u00e9ventails \u00e0 Dirinon <\/strong><\/h1>\n\n\n\n<p><strong>( 1\u00e8re partie )<\/strong><\/p>\n\n\n\n<p>Le dimanche 12 f\u00e9vrier 2023 s&#8217;est d\u00e9roul\u00e9 le premier stage de Wushu \u00e9ventails dirig\u00e9 par Ma\u00eetre Renfeng SU ( 7\u00e8me Duan de Wushu ) , apr\u00e8s un \u00e9chauffement en salle et une premi\u00e8re prise de contact de l&#8217;\u00e9ventail ,le stage s&#8217;est poursuivi en ext\u00e9rieur sous le beau soleil . Les 26 participants d\u00e9butants et confirm\u00e9s venaient de tout le d\u00e9partement et du Morbihan voisin . Ce f\u00fbt une matin\u00e9e bien studieuse avec cette d\u00e9couverte d&#8217;une nouvelle dimension du Wushu riche en couleurs et en \u00e9nergie .<\/p>\n\n\n\n<figure class=\"wp-block-image size-large\"><img loading=\"lazy\" decoding=\"async\" width=\"1024\" height=\"766\" src=\"http:\/\/wushuelorn.fr\/wp-content\/uploads\/2023\/02\/IMG_20230212_114557-1024x766.jpg\" alt=\"\" class=\"wp-image-278\" srcset=\"https:\/\/wushuelorn.fr\/wp-content\/uploads\/2023\/02\/IMG_20230212_114557-1024x766.jpg 1024w, https:\/\/wushuelorn.fr\/wp-content\/uploads\/2023\/02\/IMG_20230212_114557-300x224.jpg 300w, https:\/\/wushuelorn.fr\/wp-content\/uploads\/2023\/02\/IMG_20230212_114557-768x574.jpg 768w, https:\/\/wushuelorn.fr\/wp-content\/uploads\/2023\/02\/IMG_20230212_114557-1536x1149.jpg 1536w, https:\/\/wushuelorn.fr\/wp-content\/uploads\/2023\/02\/IMG_20230212_114557-2048x1532.jpg 2048w\" sizes=\"auto, (max-width: 767px) 89vw, (max-width: 1000px) 54vw, (max-width: 1071px) 543px, 580px\" \/><\/figure>\n\n\n\n<p><strong>Photo<\/strong> : Eric VASSEUR<\/p>\n\n\n\n<figure class=\"wp-block-image size-large\"><img loading=\"lazy\" decoding=\"async\" width=\"1024\" height=\"473\" src=\"http:\/\/wushuelorn.fr\/wp-content\/uploads\/2023\/02\/20230212_111901-1024x473.jpg\" alt=\"\" class=\"wp-image-280\" srcset=\"https:\/\/wushuelorn.fr\/wp-content\/uploads\/2023\/02\/20230212_111901-1024x473.jpg 1024w, https:\/\/wushuelorn.fr\/wp-content\/uploads\/2023\/02\/20230212_111901-300x139.jpg 300w, https:\/\/wushuelorn.fr\/wp-content\/uploads\/2023\/02\/20230212_111901-768x355.jpg 768w, https:\/\/wushuelorn.fr\/wp-content\/uploads\/2023\/02\/20230212_111901-1536x709.jpg 1536w, https:\/\/wushuelorn.fr\/wp-content\/uploads\/2023\/02\/20230212_111901-2048x946.jpg 2048w\" sizes=\"auto, (max-width: 767px) 89vw, (max-width: 1000px) 54vw, (max-width: 1071px) 543px, 580px\" \/><\/figure>\n\n\n\n<p><strong>Photo<\/strong> : Claude LARREUR<\/p>\n\n\n\n<p><\/p>\n\n\n\n<p><\/p>\n\n\n\n<h1 class=\"wp-block-heading\"><strong>NOUVEL AN LUNAIRE<\/strong><\/h1>\n\n\n\n<figure class=\"wp-block-image size-full\"><img loading=\"lazy\" decoding=\"async\" width=\"1024\" height=\"768\" src=\"http:\/\/wushuelorn.fr\/wp-content\/uploads\/2023\/02\/IMG-20230128-WA0003.jpg\" alt=\"\" class=\"wp-image-244\" srcset=\"https:\/\/wushuelorn.fr\/wp-content\/uploads\/2023\/02\/IMG-20230128-WA0003.jpg 1024w, https:\/\/wushuelorn.fr\/wp-content\/uploads\/2023\/02\/IMG-20230128-WA0003-300x225.jpg 300w, https:\/\/wushuelorn.fr\/wp-content\/uploads\/2023\/02\/IMG-20230128-WA0003-768x576.jpg 768w\" sizes=\"auto, (max-width: 767px) 89vw, (max-width: 1000px) 54vw, (max-width: 1071px) 543px, 580px\" \/><\/figure>\n\n\n\n<figure class=\"wp-block-gallery has-nested-images columns-default is-cropped wp-block-gallery-3 is-layout-flex wp-block-gallery-is-layout-flex\">\n<figure class=\"wp-block-image size-large\"><img loading=\"lazy\" decoding=\"async\" width=\"1024\" height=\"768\" data-id=\"245\" src=\"http:\/\/wushuelorn.fr\/wp-content\/uploads\/2023\/02\/IMG-20230128-WA0004.jpg\" alt=\"\" class=\"wp-image-245\" srcset=\"https:\/\/wushuelorn.fr\/wp-content\/uploads\/2023\/02\/IMG-20230128-WA0004.jpg 1024w, https:\/\/wushuelorn.fr\/wp-content\/uploads\/2023\/02\/IMG-20230128-WA0004-300x225.jpg 300w, https:\/\/wushuelorn.fr\/wp-content\/uploads\/2023\/02\/IMG-20230128-WA0004-768x576.jpg 768w\" sizes=\"auto, (max-width: 767px) 89vw, (max-width: 1000px) 54vw, (max-width: 1071px) 543px, 580px\" \/><\/figure>\n<\/figure>\n\n\n\n<figure class=\"wp-block-image size-large\"><img loading=\"lazy\" decoding=\"async\" width=\"1024\" height=\"768\" src=\"http:\/\/wushuelorn.fr\/wp-content\/uploads\/2023\/02\/IMG-20230128-WA0011-1-1024x768.jpg\" alt=\"\" class=\"wp-image-247\" srcset=\"https:\/\/wushuelorn.fr\/wp-content\/uploads\/2023\/02\/IMG-20230128-WA0011-1-1024x768.jpg 1024w, https:\/\/wushuelorn.fr\/wp-content\/uploads\/2023\/02\/IMG-20230128-WA0011-1-300x225.jpg 300w, https:\/\/wushuelorn.fr\/wp-content\/uploads\/2023\/02\/IMG-20230128-WA0011-1-768x576.jpg 768w, https:\/\/wushuelorn.fr\/wp-content\/uploads\/2023\/02\/IMG-20230128-WA0011-1-1536x1152.jpg 1536w, https:\/\/wushuelorn.fr\/wp-content\/uploads\/2023\/02\/IMG-20230128-WA0011-1.jpg 2048w\" sizes=\"auto, (max-width: 767px) 89vw, (max-width: 1000px) 54vw, (max-width: 1071px) 543px, 580px\" \/><figcaption class=\"wp-element-caption\"><br><br>Le Samedi 28 Janvier 2023 ,une joyeuse troupe d&#8217;\u00e9l\u00e8ves de Wushu Elorn \u00e0 particip\u00e9 au Nouvel An Lunaire organis\u00e9 par L&#8217;Institut Confucius de Bretagne aux Ateliers des Capucins de Brest . Un beau partage  de D\u00e9mos de Qi Gong ,Taiji et Kung Fu avec Les Professeurs Renfeng ,Djoss et Yvan ainsi que nos amis de Wushu Brest . Cette journ\u00e9e dans ce magnifique lieu f\u00fbt l&#8217;occasion pour beaucoup de d\u00e9couvrir toutes les facettes de l&#8217;Asie dans une ambiance d\u00e9tendue .<br><br><strong>Photos : Merci \u00e0 Renfeng SU  pour ces beaux clich\u00e9s <\/strong><br><br><br>  .<\/figcaption><\/figure>\n\n\n\n<h1 class=\"wp-block-heading\"><strong>ASSEMBLEE GENERALE WUSHU ELORN<\/strong><\/h1>\n\n\n\n<p>Le Samedi 3 Janvier 2023 s&#8217;est tenu notre Assembl\u00e9e G\u00e9n\u00e9rale au Dojo de Coat mez ,suivie par une trentaine de participants avec la pr\u00e9sence d&#8217;\u00e9lus de Dirinon, Daoulas et St Urbain . Cette AG \u00e0 vu des modifications au niveau de notre CA avec  Laure LAUVERGEAT adh\u00e9rente depuis 6 ans ,ne se repr\u00e9sentant pas au poste de secr\u00e9taire  et l&#8217;arriv\u00e9e de St\u00e9phane CORRE . Les bilans Moral et Financier \u00e9tant vot\u00e9s ,les Professeurs ont pr\u00e9sent\u00e9s les projets pour l&#8217;avenir( stages ,formations ,comp\u00e9titions , f\u00eate de la lune aux Capucins. &#8230;.  ),Un  r\u00e9capitulatif des changements de salles de pratique li\u00e9 \u00e0 la demande du mardi soir a aussi \u00e9t\u00e9 pr\u00e9sent\u00e9 \u00e0 tous . <\/p>\n\n\n\n<p>l&#8217;AG a \u00e9t\u00e9 suivie d&#8217;un pot convivial ,beau moment de partage entre tous .<\/p>\n\n\n\n<figure class=\"wp-block-gallery has-nested-images columns-default is-cropped wp-block-gallery-4 is-layout-flex wp-block-gallery-is-layout-flex\">\n<figure class=\"wp-block-image size-large\"><img loading=\"lazy\" decoding=\"async\" width=\"676\" height=\"507\" data-id=\"230\" src=\"http:\/\/wushuelorn.fr\/wp-content\/uploads\/2023\/01\/apres-le-cours-de-samedi-apres-midi-a-la-salle-du-dojo-de_7181269_676x507p.jpg\" alt=\"\" class=\"wp-image-230\" srcset=\"https:\/\/wushuelorn.fr\/wp-content\/uploads\/2023\/01\/apres-le-cours-de-samedi-apres-midi-a-la-salle-du-dojo-de_7181269_676x507p.jpg 676w, https:\/\/wushuelorn.fr\/wp-content\/uploads\/2023\/01\/apres-le-cours-de-samedi-apres-midi-a-la-salle-du-dojo-de_7181269_676x507p-300x225.jpg 300w\" sizes=\"auto, (max-width: 676px) 100vw, 676px\" \/><figcaption class=\"wp-element-caption\">Apr\u00e8s le cours de l&#8217;apr\u00e8s-midi \u00e0 la salle du dojo de Coat-Mez, les adh\u00e9rents(es) originaires du territoire et du pays de Landerneau-Daoulas, se sont r\u00e9unis en assembl\u00e9e g\u00e9n\u00e9rale<\/figcaption><\/figure>\n<\/figure>\n\n\n\n<p><a href=\"https:\/\/www.letelegramme.fr\/finistere\/dirinon\/quarante-adherents-a-wushu-elorn-a-dirinon-10-01-2023-13255602.php\">https:\/\/www.letelegramme.fr\/finistere\/dirinon\/quarante-adherents-a-wushu-elorn-a-dirinon-10-01-2023-13255602.php<\/a><\/p>\n\n\n\n<h1 class=\"wp-block-heading\"><strong>TELETHON  11 d\u00e9cembre 2022 <\/strong> <strong>\u00e0 Dirinon<\/strong><\/h1>\n\n\n\n<p><\/p>\n\n\n\n<p>Le 11 d\u00e9cembre 2022 a eu lieu \u00e0 la salle polyvalente de Dirinon le T\u00e9l\u00e9thon organis\u00e9 de main de ma\u00eetre par Marie Odile Le Roux ,plusieurs associations de la commune y ont particip\u00e9 dont Wushu Elorn avec Renfeng et Djoss comme guides et sans oublier bien s\u00fbr nos amis venus de Wushu Brest ,pour de belles d\u00e9mos qui ont plu aux nombreux spectateurs pr\u00e9sents . Une belle manifestation au service d&#8217;une belle cause !<\/p>\n\n\n\n<p><strong>Photos<\/strong> : Maysoli SYTHONGBAY<\/p>\n\n\n\n<figure class=\"wp-block-image size-large\"><img loading=\"lazy\" decoding=\"async\" width=\"1024\" height=\"768\" src=\"http:\/\/wushuelorn.fr\/wp-content\/uploads\/2023\/05\/IMG-20221211-WA0016-1024x768.jpg\" alt=\"\" class=\"wp-image-344\" srcset=\"https:\/\/wushuelorn.fr\/wp-content\/uploads\/2023\/05\/IMG-20221211-WA0016-1024x768.jpg 1024w, https:\/\/wushuelorn.fr\/wp-content\/uploads\/2023\/05\/IMG-20221211-WA0016-300x225.jpg 300w, https:\/\/wushuelorn.fr\/wp-content\/uploads\/2023\/05\/IMG-20221211-WA0016-768x576.jpg 768w, https:\/\/wushuelorn.fr\/wp-content\/uploads\/2023\/05\/IMG-20221211-WA0016-1536x1152.jpg 1536w, https:\/\/wushuelorn.fr\/wp-content\/uploads\/2023\/05\/IMG-20221211-WA0016.jpg 2016w\" sizes=\"auto, (max-width: 767px) 89vw, (max-width: 1000px) 54vw, (max-width: 1071px) 543px, 580px\" \/><\/figure>\n\n\n\n<figure class=\"wp-block-image size-large\"><img loading=\"lazy\" decoding=\"async\" width=\"768\" height=\"1024\" src=\"http:\/\/wushuelorn.fr\/wp-content\/uploads\/2023\/05\/IMG-20221211-WA0003-768x1024.jpg\" alt=\"\" class=\"wp-image-345\" srcset=\"https:\/\/wushuelorn.fr\/wp-content\/uploads\/2023\/05\/IMG-20221211-WA0003-768x1024.jpg 768w, https:\/\/wushuelorn.fr\/wp-content\/uploads\/2023\/05\/IMG-20221211-WA0003-225x300.jpg 225w, https:\/\/wushuelorn.fr\/wp-content\/uploads\/2023\/05\/IMG-20221211-WA0003-1152x1536.jpg 1152w, https:\/\/wushuelorn.fr\/wp-content\/uploads\/2023\/05\/IMG-20221211-WA0003.jpg 1512w\" sizes=\"auto, (max-width: 767px) 89vw, (max-width: 1000px) 54vw, (max-width: 1071px) 543px, 580px\" \/><\/figure>\n\n\n\n<h1 class=\"wp-block-heading\"><strong>Stage Wushu au Domaine de LEMBRUN<\/strong><\/h1>\n\n\n\n<p>Du 17 au 23 juillet 2022 ,cinq \u00e9l\u00e8ves de Wushu Elorn ont particip\u00e9 avec leur professeur Renfeng \u00e0 un&nbsp;stage au village d&#8217;arts martiaux chinois ,au Domaine de Lembrun dans le Lot &nbsp;.<\/p>\n\n\n\n<p>&nbsp;Ce f\u00fbt intense sur une dur\u00e9e de 6 jours ,avec la d\u00e9couverte de nombreuses techniques du Wushu allant du Qigong \u00e0 la m\u00e9ditation en passant par le Taiji,les massages ,la calligraphie ,le kung fu ,la pr\u00e9paration physique et mentale ,ainsi que de nombreuses conf\u00e9rences et ateliers .&nbsp;<\/p>\n\n\n\n<p>&nbsp; Ce stage tr\u00e8s qualifiant et enrichissant d\u00e9butait \u00e0 7H00 pour les plus matinaux et se terminait \u00e0 19H00 , de belles rencontres avec de nombreux experts et professeurs &nbsp;venus de tout l&#8217;hexagone et des pays voisins .&nbsp;<\/p>\n\n\n\n<p>&nbsp; Les ma\u00eetres mots furent la convivialit\u00e9 et le fabuleux partage de savoir entre tous et ce en toute simplicit\u00e9 !&nbsp;<\/p>\n\n\n\n<p>&nbsp; Le prochain stage au Domaine de Lembrun dans le Lot se d\u00e9roulera du 13 au 19 ao\u00fbt 2023<\/p>\n\n\n\n<p><strong>Photos :<\/strong> Organisation Stage de L&#8217;Embrun<\/p>\n\n\n\n<figure class=\"wp-block-image size-full\"><img loading=\"lazy\" decoding=\"async\" width=\"978\" height=\"379\" src=\"http:\/\/wushuelorn.fr\/wp-content\/uploads\/2022\/12\/WZL9859LIN-QITING-et-WANG-ZHELUN7\u6708-20-2022-min.jpg\" alt=\"\" class=\"wp-image-220\" srcset=\"https:\/\/wushuelorn.fr\/wp-content\/uploads\/2022\/12\/WZL9859LIN-QITING-et-WANG-ZHELUN7\u6708-20-2022-min.jpg 978w, https:\/\/wushuelorn.fr\/wp-content\/uploads\/2022\/12\/WZL9859LIN-QITING-et-WANG-ZHELUN7\u6708-20-2022-min-300x116.jpg 300w, https:\/\/wushuelorn.fr\/wp-content\/uploads\/2022\/12\/WZL9859LIN-QITING-et-WANG-ZHELUN7\u6708-20-2022-min-768x298.jpg 768w\" sizes=\"auto, (max-width: 767px) 89vw, (max-width: 1000px) 54vw, (max-width: 1071px) 543px, 580px\" \/><\/figure>\n\n\n\n<figure class=\"wp-block-image size-full\"><img loading=\"lazy\" decoding=\"async\" width=\"560\" height=\"418\" src=\"http:\/\/wushuelorn.fr\/wp-content\/uploads\/2022\/12\/WZL0450WANGZHELUN199705257\u6708-22-2022.jpg\" alt=\"\" class=\"wp-image-221\" srcset=\"https:\/\/wushuelorn.fr\/wp-content\/uploads\/2022\/12\/WZL0450WANGZHELUN199705257\u6708-22-2022.jpg 560w, https:\/\/wushuelorn.fr\/wp-content\/uploads\/2022\/12\/WZL0450WANGZHELUN199705257\u6708-22-2022-300x224.jpg 300w\" sizes=\"auto, (max-width: 560px) 100vw, 560px\" \/><\/figure>\n\n\n\n<figure class=\"wp-block-image size-large\"><img loading=\"lazy\" decoding=\"async\" width=\"1024\" height=\"473\" src=\"http:\/\/wushuelorn.fr\/wp-content\/uploads\/2022\/12\/0-1-1024x473.jpeg\" alt=\"\" class=\"wp-image-222\" srcset=\"https:\/\/wushuelorn.fr\/wp-content\/uploads\/2022\/12\/0-1-1024x473.jpeg 1024w, https:\/\/wushuelorn.fr\/wp-content\/uploads\/2022\/12\/0-1-300x139.jpeg 300w, https:\/\/wushuelorn.fr\/wp-content\/uploads\/2022\/12\/0-1-768x355.jpeg 768w, https:\/\/wushuelorn.fr\/wp-content\/uploads\/2022\/12\/0-1.jpeg 1324w\" sizes=\"auto, (max-width: 767px) 89vw, (max-width: 1000px) 54vw, (max-width: 1071px) 543px, 580px\" \/><\/figure>\n\n\n\n<figure class=\"wp-block-image size-large\"><img loading=\"lazy\" decoding=\"async\" width=\"1024\" height=\"768\" src=\"http:\/\/wushuelorn.fr\/wp-content\/uploads\/2022\/12\/0-1024x768.jpeg\" alt=\"\" class=\"wp-image-223\" srcset=\"https:\/\/wushuelorn.fr\/wp-content\/uploads\/2022\/12\/0-1024x768.jpeg 1024w, https:\/\/wushuelorn.fr\/wp-content\/uploads\/2022\/12\/0-300x225.jpeg 300w, https:\/\/wushuelorn.fr\/wp-content\/uploads\/2022\/12\/0-768x576.jpeg 768w, https:\/\/wushuelorn.fr\/wp-content\/uploads\/2022\/12\/0.jpeg 1169w\" sizes=\"auto, (max-width: 767px) 89vw, (max-width: 1000px) 54vw, (max-width: 1071px) 543px, 580px\" \/><\/figure>\n\n\n\n<figure class=\"wp-block-image size-full is-resized\"><img loading=\"lazy\" decoding=\"async\" width=\"674\" height=\"432\" src=\"http:\/\/wushuelorn.fr\/wp-content\/uploads\/2022\/12\/WZL0936WANGZHELUN199705257\u6708-22-2022.jpg\" alt=\"\" class=\"wp-image-224\" style=\"width:674px;height:432px\" srcset=\"https:\/\/wushuelorn.fr\/wp-content\/uploads\/2022\/12\/WZL0936WANGZHELUN199705257\u6708-22-2022.jpg 674w, https:\/\/wushuelorn.fr\/wp-content\/uploads\/2022\/12\/WZL0936WANGZHELUN199705257\u6708-22-2022-300x192.jpg 300w\" sizes=\"auto, (max-width: 674px) 100vw, 674px\" \/><\/figure>\n\n\n\n<h1 class=\"wp-block-heading\"><strong>Master Class<\/strong><\/h1>\n\n\n\n<h2 class=\"wp-block-heading\"><strong>Photos<\/strong> : Renfeng SU , Claude LARREUR<\/h2>\n\n\n\n<figure class=\"wp-block-image size-large\"><img loading=\"lazy\" decoding=\"async\" width=\"1024\" height=\"768\" src=\"http:\/\/wushuelorn.fr\/wp-content\/uploads\/2022\/06\/20220627_154840-1-1024x768.jpg\" alt=\"\" class=\"wp-image-188\" srcset=\"https:\/\/wushuelorn.fr\/wp-content\/uploads\/2022\/06\/20220627_154840-1-1024x768.jpg 1024w, https:\/\/wushuelorn.fr\/wp-content\/uploads\/2022\/06\/20220627_154840-1-300x225.jpg 300w, https:\/\/wushuelorn.fr\/wp-content\/uploads\/2022\/06\/20220627_154840-1-768x576.jpg 768w, https:\/\/wushuelorn.fr\/wp-content\/uploads\/2022\/06\/20220627_154840-1-1536x1152.jpg 1536w, https:\/\/wushuelorn.fr\/wp-content\/uploads\/2022\/06\/20220627_154840-1-2048x1536.jpg 2048w\" sizes=\"auto, (max-width: 767px) 89vw, (max-width: 1000px) 54vw, (max-width: 1071px) 543px, 580px\" \/><figcaption class=\"wp-element-caption\">Le lundi 27 juin et 2 juillet 2022 s&#8217;est tenu le stage de Master Class sur deux demi-journ\u00e9es organis\u00e9 par Renfeng et Djoss \u00e0 la salle polyvalente de Dirinon ainsi qu&#8217;au Dojo de Coat mez . Cette formation destin\u00e9e \u00e0 former les futurs assistants de wushu elorn f\u00fbt studieuse et sera suivie par d&#8217;autres journ\u00e9es au cours de saison \u00e0 venir .<\/figcaption><\/figure>\n\n\n\n<figure class=\"wp-block-image size-large\"><img loading=\"lazy\" decoding=\"async\" width=\"1024\" height=\"768\" src=\"http:\/\/wushuelorn.fr\/wp-content\/uploads\/2022\/07\/IMG-20220704-WA0000-1024x768.jpg\" alt=\"\" class=\"wp-image-192\" srcset=\"https:\/\/wushuelorn.fr\/wp-content\/uploads\/2022\/07\/IMG-20220704-WA0000-1024x768.jpg 1024w, https:\/\/wushuelorn.fr\/wp-content\/uploads\/2022\/07\/IMG-20220704-WA0000-300x225.jpg 300w, https:\/\/wushuelorn.fr\/wp-content\/uploads\/2022\/07\/IMG-20220704-WA0000-768x576.jpg 768w, https:\/\/wushuelorn.fr\/wp-content\/uploads\/2022\/07\/IMG-20220704-WA0000-1536x1152.jpg 1536w, https:\/\/wushuelorn.fr\/wp-content\/uploads\/2022\/07\/IMG-20220704-WA0000.jpg 1600w\" sizes=\"auto, (max-width: 767px) 89vw, (max-width: 1000px) 54vw, (max-width: 1071px) 543px, 580px\" \/><\/figure>\n\n\n\n<h1 class=\"wp-block-heading\"><strong>F\u00eate de fin d&#8217;ann\u00e9e&nbsp;25e \u00e9dition<\/strong><\/h1>\n\n\n\n<p><\/p>\n\n\n\n<figure class=\"wp-block-image size-full\"><img loading=\"lazy\" decoding=\"async\" width=\"500\" height=\"707\" src=\"http:\/\/wushuelorn.fr\/wp-content\/uploads\/2022\/06\/unnamed.png\" alt=\"\" class=\"wp-image-140\" srcset=\"https:\/\/wushuelorn.fr\/wp-content\/uploads\/2022\/06\/unnamed.png 500w, https:\/\/wushuelorn.fr\/wp-content\/uploads\/2022\/06\/unnamed-212x300.png 212w\" sizes=\"auto, (max-width: 500px) 100vw, 500px\" \/><\/figure>\n\n\n\n<p><\/p>\n\n\n\n<div class=\"wp-block-group\"><div class=\"wp-block-group__inner-container is-layout-flow wp-block-group-is-layout-flow\">\n<div class=\"wp-block-columns is-layout-flex wp-container-core-columns-is-layout-9d6595d7 wp-block-columns-is-layout-flex\">\n<div class=\"wp-block-column is-layout-flow wp-block-column-is-layout-flow\"><\/div>\n\n\n\n<div class=\"wp-block-column is-layout-flow wp-block-column-is-layout-flow\"><\/div>\n<\/div>\n<\/div><\/div>\n\n\n\n<p id=\"gmail-m_-6669127725417073283docs-internal-guid-aade9bbb-7fff-d0c3-0fde-493aa99b44b0\"><\/p>\n\n\n\n<h1 class=\"wp-block-heading\"><strong>Porte ouverte samedi 11 Juin 2022<\/strong><\/h1>\n\n\n\n<p>Le samedi 11 juin dernier , sous un beau soleil une porte ouverte de notre association a attir\u00e9 une trentaine de personnes pour des ateliers et d\u00e9mos en Qigong et Taiji en ext\u00e9rieur au dojo de Coat mez , chacun ayant pu sous la direction de nos deux professeurs Renfeng et Djoss partager ce bon moment de convivialit\u00e9 qui s&#8217;est termin\u00e9 par un pot en pr\u00e9sence du Maire de Daoulas et de l&#8217;Adjointe au maire de Dirinon .<br>         Ce fut aussi l&#8217;occasion de f\u00e9liciter les deux \u00e9l\u00e8ves Florence Pouppeville et Claude Larreur pour l&#8217;obtention de leur 1er Duan en Taiji  et de notre Professeur Jean-Baptiste Josu\u00e9  pour son 3 eme Duan en Taiji .<\/p>\n\n\n\n<figure class=\"wp-block-image size-large\"><img loading=\"lazy\" decoding=\"async\" width=\"1024\" height=\"768\" src=\"http:\/\/wushuelorn.fr\/wp-content\/uploads\/2022\/06\/20220611_151414-3-1024x768.jpg\" alt=\"\" class=\"wp-image-119\" srcset=\"https:\/\/wushuelorn.fr\/wp-content\/uploads\/2022\/06\/20220611_151414-3-1024x768.jpg 1024w, https:\/\/wushuelorn.fr\/wp-content\/uploads\/2022\/06\/20220611_151414-3-300x225.jpg 300w, https:\/\/wushuelorn.fr\/wp-content\/uploads\/2022\/06\/20220611_151414-3-768x576.jpg 768w, https:\/\/wushuelorn.fr\/wp-content\/uploads\/2022\/06\/20220611_151414-3-1536x1152.jpg 1536w, https:\/\/wushuelorn.fr\/wp-content\/uploads\/2022\/06\/20220611_151414-3-2048x1536.jpg 2048w\" sizes=\"auto, (max-width: 767px) 89vw, (max-width: 1000px) 54vw, (max-width: 1071px) 543px, 580px\" \/><\/figure>\n\n\n\n<p><strong>photo<\/strong> : Claude LARREUR<\/p>\n\n\n\n<p><\/p>\n\n\n\n<h1 class=\"wp-block-heading\"><strong>Passage de Grade Wushu le 5 juin 2022<\/strong><\/h1>\n\n\n\n<figure class=\"wp-block-image size-large is-resized\"><img loading=\"lazy\" decoding=\"async\" width=\"1024\" height=\"768\" src=\"http:\/\/wushuelorn.fr\/wp-content\/uploads\/2022\/06\/64215ca6-999d-4910-a5df-ccd4d3f1effc-1024x768.jpg\" alt=\"\" class=\"wp-image-100\" style=\"width:674px;height:505px\" srcset=\"https:\/\/wushuelorn.fr\/wp-content\/uploads\/2022\/06\/64215ca6-999d-4910-a5df-ccd4d3f1effc-1024x768.jpg 1024w, https:\/\/wushuelorn.fr\/wp-content\/uploads\/2022\/06\/64215ca6-999d-4910-a5df-ccd4d3f1effc-300x225.jpg 300w, https:\/\/wushuelorn.fr\/wp-content\/uploads\/2022\/06\/64215ca6-999d-4910-a5df-ccd4d3f1effc-768x576.jpg 768w, https:\/\/wushuelorn.fr\/wp-content\/uploads\/2022\/06\/64215ca6-999d-4910-a5df-ccd4d3f1effc-1536x1152.jpg 1536w, https:\/\/wushuelorn.fr\/wp-content\/uploads\/2022\/06\/64215ca6-999d-4910-a5df-ccd4d3f1effc.jpg 1600w\" sizes=\"auto, (max-width: 767px) 89vw, (max-width: 1000px) 54vw, (max-width: 1071px) 543px, 580px\" \/><figcaption class=\"wp-element-caption\"><br>F\u00e9licitations pour notre prof Josu\u00e8 Jean Baptiste (Djoss) 3e Duan, notre pr\u00e9sident Claude Larreur et Florence Pouppeville 1e Duan, et aussi les r\u00e9ussites du club de Wushu Brest<\/figcaption><\/figure>\n\n\n\n<p><\/p>\n\n\n\n<p><\/p>\n\n\n\n<h1 class=\"wp-block-heading\"><strong>F\u00eate Des  BATEAUX DRAGONS<\/strong><\/h1>\n\n\n\n<p>Le samedi 4 juin 2022 , Wushu Elorn \u00e0 particip\u00e9 avec nos amis de Wushu Brest \u00e0 la la f\u00eate des Bateaux Dragons au Moulin Blanc \u00e0 Brest  , le Soleil \u00e9tait de la partie et l&#8217;ambiance f\u00fbt conviviale mais aussi studieuse . de nombreuses personnes ont ainsi pu d\u00e9couvrir avec les \u00e9l\u00e8ves pr\u00e9sents et Djoss les bienfaits du QiGong et du TaiJi <\/p>\n\n\n\n<p>Une belle mani\u00e8re de partager entre tous , pieds nus dans le sable ,que d&#8217;agr\u00e9ables sensations <\/p>\n\n\n\n<p>( Merci \u00e0 Frederick Tabriz pour ses photos  )<\/p>\n\n\n\n<figure class=\"wp-block-image size-large\"><img loading=\"lazy\" decoding=\"async\" width=\"1024\" height=\"415\" src=\"http:\/\/wushuelorn.fr\/wp-content\/uploads\/2022\/06\/sans-titre-12-sur-12-1-1024x415.jpg\" alt=\"\" class=\"wp-image-151\" srcset=\"https:\/\/wushuelorn.fr\/wp-content\/uploads\/2022\/06\/sans-titre-12-sur-12-1-1024x415.jpg 1024w, https:\/\/wushuelorn.fr\/wp-content\/uploads\/2022\/06\/sans-titre-12-sur-12-1-300x122.jpg 300w, https:\/\/wushuelorn.fr\/wp-content\/uploads\/2022\/06\/sans-titre-12-sur-12-1-768x312.jpg 768w, https:\/\/wushuelorn.fr\/wp-content\/uploads\/2022\/06\/sans-titre-12-sur-12-1-1536x623.jpg 1536w, https:\/\/wushuelorn.fr\/wp-content\/uploads\/2022\/06\/sans-titre-12-sur-12-1-2048x831.jpg 2048w\" sizes=\"auto, (max-width: 767px) 89vw, (max-width: 1000px) 54vw, (max-width: 1071px) 543px, 580px\" \/><\/figure>\n\n\n\n<figure class=\"wp-block-image size-large\"><img loading=\"lazy\" decoding=\"async\" width=\"1024\" height=\"683\" src=\"http:\/\/wushuelorn.fr\/wp-content\/uploads\/2022\/06\/sans-titre-3-sur-12-1024x683.jpg\" alt=\"\" class=\"wp-image-150\" srcset=\"https:\/\/wushuelorn.fr\/wp-content\/uploads\/2022\/06\/sans-titre-3-sur-12-1024x683.jpg 1024w, https:\/\/wushuelorn.fr\/wp-content\/uploads\/2022\/06\/sans-titre-3-sur-12-300x200.jpg 300w, https:\/\/wushuelorn.fr\/wp-content\/uploads\/2022\/06\/sans-titre-3-sur-12-768x512.jpg 768w, https:\/\/wushuelorn.fr\/wp-content\/uploads\/2022\/06\/sans-titre-3-sur-12-1536x1024.jpg 1536w, https:\/\/wushuelorn.fr\/wp-content\/uploads\/2022\/06\/sans-titre-3-sur-12-2048x1365.jpg 2048w\" sizes=\"auto, (max-width: 767px) 89vw, (max-width: 1000px) 54vw, (max-width: 1071px) 543px, 580px\" \/><\/figure>\n\n\n\n<h2 class=\"wp-block-heading\"><\/h2>\n","protected":false},"excerpt":{"rendered":"<p>Journ\u00e9e Sport\/Sant\u00e9 \u00e0 la Cimenterie de Landerneau Le jeudi 16 Avril 2026 , notre association participait \u00e0 une journ\u00e9e Sport \/sant\u00e9 \u00e0 la cimenterie de Landerneau , cette pr\u00e9sence par la tenue d&#8217;un stand \u00e0 permis quelques contacts avec des personnes ou structures en recherches d&#8217;\u00e9ventuels cours leur apportant une reprise du sport apr\u00e8s une &hellip; <\/p>\n<p class=\"link-more\"><a href=\"https:\/\/wushuelorn.fr\/?page_id=99\" class=\"more-link\">Continue reading<span class=\"screen-reader-text\"> &#8220;vie de l&#8217;association&#8221;<\/span><\/a><\/p>\n","protected":false},"author":1,"featured_media":0,"parent":0,"menu_order":0,"comment_status":"closed","ping_status":"closed","template":"","meta":{"footnotes":""},"class_list":["post-99","page","type-page","status-publish","hentry"],"yoast_head":"<!-- This site is optimized with the Yoast SEO plugin v19.8 - https:\/\/yoast.com\/wordpress\/plugins\/seo\/ -->\n<title>vie de l&#039;association - Wushu Elorn: Taiji QiGong Kungfu<\/title>\n<meta name=\"robots\" content=\"index, follow, max-snippet:-1, max-image-preview:large, max-video-preview:-1\" \/>\n<link rel=\"canonical\" href=\"https:\/\/wushuelorn.fr\/?page_id=99\" \/>\n<meta property=\"og:locale\" content=\"en_US\" \/>\n<meta property=\"og:type\" content=\"article\" \/>\n<meta property=\"og:title\" content=\"vie de l&#039;association - Wushu Elorn: Taiji QiGong Kungfu\" \/>\n<meta property=\"og:description\" content=\"Journ\u00e9e Sport\/Sant\u00e9 \u00e0 la Cimenterie de Landerneau Le jeudi 16 Avril 2026 , notre association participait \u00e0 une journ\u00e9e Sport \/sant\u00e9 \u00e0 la cimenterie de Landerneau , cette pr\u00e9sence par la tenue d&#8217;un stand \u00e0 permis quelques contacts avec des personnes ou structures en recherches d&#8217;\u00e9ventuels cours leur apportant une reprise du sport apr\u00e8s une &hellip; Continue reading &quot;vie de l&#8217;association&quot;\" \/>\n<meta property=\"og:url\" content=\"https:\/\/wushuelorn.fr\/?page_id=99\" \/>\n<meta property=\"og:site_name\" content=\"Wushu Elorn: Taiji QiGong Kungfu\" \/>\n<meta property=\"article:publisher\" content=\"https:\/\/www.facebook.com\/WushuElorn\/\" \/>\n<meta property=\"article:modified_time\" content=\"2026-04-18T09:14:26+00:00\" \/>\n<meta property=\"og:image\" content=\"https:\/\/wushuelorn.fr\/wp-content\/uploads\/2026\/04\/20260416_140832-1-1024x577.jpg\" \/>\n<meta name=\"twitter:card\" content=\"summary_large_image\" \/>\n<meta name=\"twitter:label1\" content=\"Est. reading time\" \/>\n\t<meta name=\"twitter:data1\" content=\"62 minutes\" \/>\n<script type=\"application\/ld+json\" class=\"yoast-schema-graph\">{\"@context\":\"https:\/\/schema.org\",\"@graph\":[{\"@type\":\"WebPage\",\"@id\":\"https:\/\/wushuelorn.fr\/?page_id=99\",\"url\":\"https:\/\/wushuelorn.fr\/?page_id=99\",\"name\":\"vie de l'association - Wushu Elorn: Taiji QiGong Kungfu\",\"isPartOf\":{\"@id\":\"https:\/\/wushuelorn.fr\/#website\"},\"datePublished\":\"2022-06-12T20:50:22+00:00\",\"dateModified\":\"2026-04-18T09:14:26+00:00\",\"breadcrumb\":{\"@id\":\"https:\/\/wushuelorn.fr\/?page_id=99#breadcrumb\"},\"inLanguage\":\"en-US\",\"potentialAction\":[{\"@type\":\"ReadAction\",\"target\":[\"https:\/\/wushuelorn.fr\/?page_id=99\"]}]},{\"@type\":\"BreadcrumbList\",\"@id\":\"https:\/\/wushuelorn.fr\/?page_id=99#breadcrumb\",\"itemListElement\":[{\"@type\":\"ListItem\",\"position\":1,\"name\":\"Accueil\",\"item\":\"https:\/\/wushuelorn.fr\/\"},{\"@type\":\"ListItem\",\"position\":2,\"name\":\"vie de l&rsquo;association\"}]},{\"@type\":\"WebSite\",\"@id\":\"https:\/\/wushuelorn.fr\/#website\",\"url\":\"https:\/\/wushuelorn.fr\/\",\"name\":\"Wushu Elorn: Taiji QiGong Kungfu\",\"description\":\"Pays de Landerneau Daoulas\",\"publisher\":{\"@id\":\"https:\/\/wushuelorn.fr\/#organization\"},\"potentialAction\":[{\"@type\":\"SearchAction\",\"target\":{\"@type\":\"EntryPoint\",\"urlTemplate\":\"https:\/\/wushuelorn.fr\/?s={search_term_string}\"},\"query-input\":\"required name=search_term_string\"}],\"inLanguage\":\"en-US\"},{\"@type\":\"Organization\",\"@id\":\"https:\/\/wushuelorn.fr\/#organization\",\"name\":\"Wushu Elorn\",\"url\":\"https:\/\/wushuelorn.fr\/\",\"sameAs\":[\"https:\/\/www.facebook.com\/WushuElorn\/\"],\"logo\":{\"@type\":\"ImageObject\",\"inLanguage\":\"en-US\",\"@id\":\"https:\/\/wushuelorn.fr\/#\/schema\/logo\/image\/\",\"url\":\"https:\/\/wushuelorn.fr\/wp-content\/uploads\/2022\/06\/wushuLogo.jpeg\",\"contentUrl\":\"https:\/\/wushuelorn.fr\/wp-content\/uploads\/2022\/06\/wushuLogo.jpeg\",\"width\":768,\"height\":711,\"caption\":\"Wushu Elorn\"},\"image\":{\"@id\":\"https:\/\/wushuelorn.fr\/#\/schema\/logo\/image\/\"}}]}<\/script>\n<!-- \/ Yoast SEO plugin. -->","yoast_head_json":{"title":"vie de l'association - Wushu Elorn: Taiji QiGong Kungfu","robots":{"index":"index","follow":"follow","max-snippet":"max-snippet:-1","max-image-preview":"max-image-preview:large","max-video-preview":"max-video-preview:-1"},"canonical":"https:\/\/wushuelorn.fr\/?page_id=99","og_locale":"en_US","og_type":"article","og_title":"vie de l'association - Wushu Elorn: Taiji QiGong Kungfu","og_description":"Journ\u00e9e Sport\/Sant\u00e9 \u00e0 la Cimenterie de Landerneau Le jeudi 16 Avril 2026 , notre association participait \u00e0 une journ\u00e9e Sport \/sant\u00e9 \u00e0 la cimenterie de Landerneau , cette pr\u00e9sence par la tenue d&#8217;un stand \u00e0 permis quelques contacts avec des personnes ou structures en recherches d&#8217;\u00e9ventuels cours leur apportant une reprise du sport apr\u00e8s une &hellip; Continue reading \"vie de l&#8217;association\"","og_url":"https:\/\/wushuelorn.fr\/?page_id=99","og_site_name":"Wushu Elorn: Taiji QiGong Kungfu","article_publisher":"https:\/\/www.facebook.com\/WushuElorn\/","article_modified_time":"2026-04-18T09:14:26+00:00","og_image":[{"url":"https:\/\/wushuelorn.fr\/wp-content\/uploads\/2026\/04\/20260416_140832-1-1024x577.jpg"}],"twitter_card":"summary_large_image","twitter_misc":{"Est. reading time":"62 minutes"},"schema":{"@context":"https:\/\/schema.org","@graph":[{"@type":"WebPage","@id":"https:\/\/wushuelorn.fr\/?page_id=99","url":"https:\/\/wushuelorn.fr\/?page_id=99","name":"vie de l'association - Wushu Elorn: Taiji QiGong Kungfu","isPartOf":{"@id":"https:\/\/wushuelorn.fr\/#website"},"datePublished":"2022-06-12T20:50:22+00:00","dateModified":"2026-04-18T09:14:26+00:00","breadcrumb":{"@id":"https:\/\/wushuelorn.fr\/?page_id=99#breadcrumb"},"inLanguage":"en-US","potentialAction":[{"@type":"ReadAction","target":["https:\/\/wushuelorn.fr\/?page_id=99"]}]},{"@type":"BreadcrumbList","@id":"https:\/\/wushuelorn.fr\/?page_id=99#breadcrumb","itemListElement":[{"@type":"ListItem","position":1,"name":"Accueil","item":"https:\/\/wushuelorn.fr\/"},{"@type":"ListItem","position":2,"name":"vie de l&rsquo;association"}]},{"@type":"WebSite","@id":"https:\/\/wushuelorn.fr\/#website","url":"https:\/\/wushuelorn.fr\/","name":"Wushu Elorn: Taiji QiGong Kungfu","description":"Pays de Landerneau Daoulas","publisher":{"@id":"https:\/\/wushuelorn.fr\/#organization"},"potentialAction":[{"@type":"SearchAction","target":{"@type":"EntryPoint","urlTemplate":"https:\/\/wushuelorn.fr\/?s={search_term_string}"},"query-input":"required name=search_term_string"}],"inLanguage":"en-US"},{"@type":"Organization","@id":"https:\/\/wushuelorn.fr\/#organization","name":"Wushu Elorn","url":"https:\/\/wushuelorn.fr\/","sameAs":["https:\/\/www.facebook.com\/WushuElorn\/"],"logo":{"@type":"ImageObject","inLanguage":"en-US","@id":"https:\/\/wushuelorn.fr\/#\/schema\/logo\/image\/","url":"https:\/\/wushuelorn.fr\/wp-content\/uploads\/2022\/06\/wushuLogo.jpeg","contentUrl":"https:\/\/wushuelorn.fr\/wp-content\/uploads\/2022\/06\/wushuLogo.jpeg","width":768,"height":711,"caption":"Wushu Elorn"},"image":{"@id":"https:\/\/wushuelorn.fr\/#\/schema\/logo\/image\/"}}]}},"_links":{"self":[{"href":"https:\/\/wushuelorn.fr\/index.php?rest_route=\/wp\/v2\/pages\/99","targetHints":{"allow":["GET"]}}],"collection":[{"href":"https:\/\/wushuelorn.fr\/index.php?rest_route=\/wp\/v2\/pages"}],"about":[{"href":"https:\/\/wushuelorn.fr\/index.php?rest_route=\/wp\/v2\/types\/page"}],"author":[{"embeddable":true,"href":"https:\/\/wushuelorn.fr\/index.php?rest_route=\/wp\/v2\/users\/1"}],"replies":[{"embeddable":true,"href":"https:\/\/wushuelorn.fr\/index.php?rest_route=%2Fwp%2Fv2%2Fcomments&post=99"}],"version-history":[{"count":139,"href":"https:\/\/wushuelorn.fr\/index.php?rest_route=\/wp\/v2\/pages\/99\/revisions"}],"predecessor-version":[{"id":1079,"href":"https:\/\/wushuelorn.fr\/index.php?rest_route=\/wp\/v2\/pages\/99\/revisions\/1079"}],"wp:attachment":[{"href":"https:\/\/wushuelorn.fr\/index.php?rest_route=%2Fwp%2Fv2%2Fmedia&parent=99"}],"curies":[{"name":"wp","href":"https:\/\/api.w.org\/{rel}","templated":true}]}}