{"id":128,"date":"2022-06-17T15:34:44","date_gmt":"2022-06-17T13:34:44","guid":{"rendered":"http:\/\/wushuelorn.fr\/?page_id=128"},"modified":"2026-04-11T10:24:10","modified_gmt":"2026-04-11T08:24:10","slug":"presse","status":"publish","type":"page","link":"https:\/\/wushuelorn.fr\/?page_id=128","title":{"rendered":"Ev\u00e9nements \u00e0 venir"},"content":{"rendered":"\n<h2 class=\"wp-block-heading\"><strong>Les stages de Ma\u00eetre Faye Li &#8211; Yip  sont annul\u00e9s <\/strong><\/h2>\n\n\n\n<figure class=\"wp-block-image size-large is-resized\"><img loading=\"lazy\" decoding=\"async\" width=\"732\" height=\"1024\" src=\"http:\/\/wushuelorn.fr\/wp-content\/uploads\/2025\/03\/IMG-20250325-WA0000-732x1024.jpg\" alt=\"\" class=\"wp-image-800\" style=\"aspect-ratio:0.7148572107577138;width:433px;height:auto\" srcset=\"https:\/\/wushuelorn.fr\/wp-content\/uploads\/2025\/03\/IMG-20250325-WA0000-732x1024.jpg 732w, https:\/\/wushuelorn.fr\/wp-content\/uploads\/2025\/03\/IMG-20250325-WA0000-215x300.jpg 215w, https:\/\/wushuelorn.fr\/wp-content\/uploads\/2025\/03\/IMG-20250325-WA0000-768x1074.jpg 768w, https:\/\/wushuelorn.fr\/wp-content\/uploads\/2025\/03\/IMG-20250325-WA0000.jpg 811w\" sizes=\"auto, (max-width: 732px) 100vw, 732px\" \/><\/figure>\n\n\n\n<h2 class=\"wp-block-heading\"><strong>Stage de Taiji et de Qigong de  Ma\u00eetre Renfeng SU le 17 mai 2026 \u00e0 Bures-sur-Yvette<\/strong><\/h2>\n\n\n\n<figure class=\"wp-block-image size-large\"><img loading=\"lazy\" decoding=\"async\" width=\"1024\" height=\"538\" src=\"https:\/\/wushuelorn.fr\/wp-content\/uploads\/2026\/04\/IMG-20260403-WA0001-1024x538.jpg\" alt=\"\" class=\"wp-image-1002\" srcset=\"https:\/\/wushuelorn.fr\/wp-content\/uploads\/2026\/04\/IMG-20260403-WA0001-1024x538.jpg 1024w, https:\/\/wushuelorn.fr\/wp-content\/uploads\/2026\/04\/IMG-20260403-WA0001-300x158.jpg 300w, https:\/\/wushuelorn.fr\/wp-content\/uploads\/2026\/04\/IMG-20260403-WA0001-768x403.jpg 768w, https:\/\/wushuelorn.fr\/wp-content\/uploads\/2026\/04\/IMG-20260403-WA0001.jpg 1200w\" sizes=\"auto, (max-width: 767px) 89vw, (max-width: 1000px) 54vw, (max-width: 1071px) 543px, 580px\" \/><\/figure>\n\n\n\n<h2 class=\"wp-block-heading\"><strong><strong>Stage de Daoyin Yang shen Gong France<\/strong><\/strong><\/h2>\n\n\n\n<p><strong><br><\/strong><\/p>\n\n\n\n<p>Voici l&#8217;affiche du stage de Daoying Yang Sheng Gong France organis\u00e9 \u00e0 Combrit &#8211; Ste Marine le 23 et 24 mai 2026 ,tous les renseignements sont sur le QR code pr\u00e9sent sur l&#8217;affiche <\/p>\n\n\n\n<figure class=\"wp-block-image size-large\"><img loading=\"lazy\" decoding=\"async\" width=\"724\" height=\"1024\" src=\"https:\/\/wushuelorn.fr\/wp-content\/uploads\/2026\/03\/le-Week_End-4-724x1024.png\" alt=\"\" class=\"wp-image-995\" srcset=\"https:\/\/wushuelorn.fr\/wp-content\/uploads\/2026\/03\/le-Week_End-4-724x1024.png 724w, https:\/\/wushuelorn.fr\/wp-content\/uploads\/2026\/03\/le-Week_End-4-212x300.png 212w, https:\/\/wushuelorn.fr\/wp-content\/uploads\/2026\/03\/le-Week_End-4-768x1086.png 768w, https:\/\/wushuelorn.fr\/wp-content\/uploads\/2026\/03\/le-Week_End-4-1086x1536.png 1086w, https:\/\/wushuelorn.fr\/wp-content\/uploads\/2026\/03\/le-Week_End-4-1448x2048.png 1448w, https:\/\/wushuelorn.fr\/wp-content\/uploads\/2026\/03\/le-Week_End-4.png 1587w\" sizes=\"auto, (max-width: 724px) 100vw, 724px\" \/><\/figure>\n\n\n\n<h2 class=\"wp-block-heading\"><strong>Village d&#8217;\u00e9t\u00e9 des arts martiaux chinois dans le LOT<\/strong><\/h2>\n\n\n\n<figure class=\"wp-block-gallery has-nested-images columns-default is-cropped wp-block-gallery-1 is-layout-flex wp-block-gallery-is-layout-flex\">\n<figure class=\"wp-block-image size-large\"><img loading=\"lazy\" decoding=\"async\" width=\"722\" height=\"1024\" data-id=\"964\" src=\"https:\/\/wushuelorn.fr\/wp-content\/uploads\/2026\/02\/PDFReader_20260226_1211_01-722x1024.jpg\" alt=\"\" class=\"wp-image-964\" srcset=\"https:\/\/wushuelorn.fr\/wp-content\/uploads\/2026\/02\/PDFReader_20260226_1211_01-722x1024.jpg 722w, https:\/\/wushuelorn.fr\/wp-content\/uploads\/2026\/02\/PDFReader_20260226_1211_01-212x300.jpg 212w, https:\/\/wushuelorn.fr\/wp-content\/uploads\/2026\/02\/PDFReader_20260226_1211_01-768x1089.jpg 768w, https:\/\/wushuelorn.fr\/wp-content\/uploads\/2026\/02\/PDFReader_20260226_1211_01-1083x1536.jpg 1083w, https:\/\/wushuelorn.fr\/wp-content\/uploads\/2026\/02\/PDFReader_20260226_1211_01-1445x2048.jpg 1445w, https:\/\/wushuelorn.fr\/wp-content\/uploads\/2026\/02\/PDFReader_20260226_1211_01-scaled.jpg 1806w\" sizes=\"auto, (max-width: 722px) 100vw, 722px\" \/><\/figure>\n<\/figure>\n\n\n\n<p>Pour tout renseignements et inscription consulter le site : wushubrest.fr<\/p>\n\n\n\n<h2 class=\"wp-block-heading\"> <strong>3 \u00e8me Rencontre des Arts Energ\u00e9tiques et Martiaux Chinois ( 28 mars 2026 \u00e0 Quimper) <\/strong><\/h2>\n\n\n\n<figure class=\"wp-block-image size-large is-resized\"><img loading=\"lazy\" decoding=\"async\" width=\"724\" height=\"1024\" src=\"https:\/\/wushuelorn.fr\/wp-content\/uploads\/2026\/02\/IMG-20260203-WA0001-724x1024.jpg\" alt=\"\" class=\"wp-image-956\" style=\"aspect-ratio:0.7070316341583347;width:477px;height:auto\" srcset=\"https:\/\/wushuelorn.fr\/wp-content\/uploads\/2026\/02\/IMG-20260203-WA0001-724x1024.jpg 724w, https:\/\/wushuelorn.fr\/wp-content\/uploads\/2026\/02\/IMG-20260203-WA0001-212x300.jpg 212w, https:\/\/wushuelorn.fr\/wp-content\/uploads\/2026\/02\/IMG-20260203-WA0001-768x1086.jpg 768w, https:\/\/wushuelorn.fr\/wp-content\/uploads\/2026\/02\/IMG-20260203-WA0001-1087x1536.jpg 1087w, https:\/\/wushuelorn.fr\/wp-content\/uploads\/2026\/02\/IMG-20260203-WA0001.jpg 1132w\" sizes=\"auto, (max-width: 724px) 100vw, 724px\" \/><\/figure>\n\n\n\n<h2 class=\"wp-block-heading\"><strong>F\u00eate aux Capucins \u00e0 Brest &#8221; Voyage en Asie &#8220;<\/strong> <strong>le 7 et 8 Mars 2026<\/strong><\/h2>\n\n\n\n<figure class=\"wp-block-image size-full is-resized\"><img loading=\"lazy\" decoding=\"async\" width=\"480\" height=\"600\" src=\"https:\/\/wushuelorn.fr\/wp-content\/uploads\/2026\/02\/voyage_en_asie_affiche_-__institut_confucius_de_bzh_-_2025_2_\u526f\u672c.jpg.webp\" alt=\"\" class=\"wp-image-960\" style=\"width:477px;height:auto\" srcset=\"https:\/\/wushuelorn.fr\/wp-content\/uploads\/2026\/02\/voyage_en_asie_affiche_-__institut_confucius_de_bzh_-_2025_2_\u526f\u672c.jpg.webp 480w, https:\/\/wushuelorn.fr\/wp-content\/uploads\/2026\/02\/voyage_en_asie_affiche_-__institut_confucius_de_bzh_-_2025_2_\u526f\u672c.jpg-240x300.webp 240w\" sizes=\"auto, (max-width: 480px) 100vw, 480px\" \/><\/figure>\n\n\n\n<p><\/p>\n\n\n\n<h2 class=\"wp-block-heading\"><strong>Nouvel an Chinois 2026 des \u00e9coles d&#8217;Arts Martiaux de Chine<\/strong> <strong>( 22 f\u00e9vrier 2026 \u00e0 Ploufragan )<\/strong><\/h2>\n\n\n\n<figure class=\"wp-block-image size-large is-resized\"><img loading=\"lazy\" decoding=\"async\" width=\"724\" height=\"1024\" src=\"https:\/\/wushuelorn.fr\/wp-content\/uploads\/2026\/02\/nouvelan21-724x1024.jpg\" alt=\"\" class=\"wp-image-955\" style=\"aspect-ratio:0.7070316341583347;width:479px;height:auto\" srcset=\"https:\/\/wushuelorn.fr\/wp-content\/uploads\/2026\/02\/nouvelan21-724x1024.jpg 724w, https:\/\/wushuelorn.fr\/wp-content\/uploads\/2026\/02\/nouvelan21-212x300.jpg 212w, https:\/\/wushuelorn.fr\/wp-content\/uploads\/2026\/02\/nouvelan21-768x1086.jpg 768w, https:\/\/wushuelorn.fr\/wp-content\/uploads\/2026\/02\/nouvelan21-1086x1536.jpg 1086w, https:\/\/wushuelorn.fr\/wp-content\/uploads\/2026\/02\/nouvelan21.jpg 1131w\" sizes=\"auto, (max-width: 724px) 100vw, 724px\" \/><\/figure>\n\n\n\n<figure class=\"wp-block-gallery has-nested-images columns-default is-cropped wp-block-gallery-2 is-layout-flex wp-block-gallery-is-layout-flex\">\n<figure class=\"wp-block-image size-large\"><img loading=\"lazy\" decoding=\"async\" width=\"724\" height=\"1024\" data-id=\"931\" src=\"https:\/\/wushuelorn.fr\/wp-content\/uploads\/2026\/01\/decembre-25-janvier-26-724x1024.jpg\" alt=\"\" class=\"wp-image-931\" srcset=\"https:\/\/wushuelorn.fr\/wp-content\/uploads\/2026\/01\/decembre-25-janvier-26-724x1024.jpg 724w, https:\/\/wushuelorn.fr\/wp-content\/uploads\/2026\/01\/decembre-25-janvier-26-212x300.jpg 212w, https:\/\/wushuelorn.fr\/wp-content\/uploads\/2026\/01\/decembre-25-janvier-26-768x1086.jpg 768w, https:\/\/wushuelorn.fr\/wp-content\/uploads\/2026\/01\/decembre-25-janvier-26-1086x1536.jpg 1086w, https:\/\/wushuelorn.fr\/wp-content\/uploads\/2026\/01\/decembre-25-janvier-26.jpg 1240w\" sizes=\"auto, (max-width: 724px) 100vw, 724px\" \/><\/figure>\n<\/figure>\n\n\n\n<figure class=\"wp-block-image size-large\"><img loading=\"lazy\" decoding=\"async\" width=\"724\" height=\"1024\" src=\"https:\/\/wushuelorn.fr\/wp-content\/uploads\/2026\/01\/decembre-25-janvier-2026-724x1024.jpg\" alt=\"\" class=\"wp-image-932\" srcset=\"https:\/\/wushuelorn.fr\/wp-content\/uploads\/2026\/01\/decembre-25-janvier-2026-724x1024.jpg 724w, https:\/\/wushuelorn.fr\/wp-content\/uploads\/2026\/01\/decembre-25-janvier-2026-212x300.jpg 212w, https:\/\/wushuelorn.fr\/wp-content\/uploads\/2026\/01\/decembre-25-janvier-2026-768x1086.jpg 768w, https:\/\/wushuelorn.fr\/wp-content\/uploads\/2026\/01\/decembre-25-janvier-2026-1086x1536.jpg 1086w, https:\/\/wushuelorn.fr\/wp-content\/uploads\/2026\/01\/decembre-25-janvier-2026.jpg 1240w\" sizes=\"auto, (max-width: 724px) 100vw, 724px\" \/><\/figure>\n\n\n\n<h1 class=\"wp-block-heading\"><strong>Stages saison 2025\/2026  \u00e0 venir <\/strong><\/h1>\n\n\n\n<figure class=\"wp-block-image size-large is-resized\"><img loading=\"lazy\" decoding=\"async\" width=\"723\" height=\"1024\" src=\"https:\/\/wushuelorn.fr\/wp-content\/uploads\/2025\/08\/flyer_massage_eventail_2025_2026-723x1024.jpg\" alt=\"\" class=\"wp-image-880\" style=\"width:469px;height:auto\" srcset=\"https:\/\/wushuelorn.fr\/wp-content\/uploads\/2025\/08\/flyer_massage_eventail_2025_2026-723x1024.jpg 723w, https:\/\/wushuelorn.fr\/wp-content\/uploads\/2025\/08\/flyer_massage_eventail_2025_2026-212x300.jpg 212w, https:\/\/wushuelorn.fr\/wp-content\/uploads\/2025\/08\/flyer_massage_eventail_2025_2026-768x1087.jpg 768w, https:\/\/wushuelorn.fr\/wp-content\/uploads\/2025\/08\/flyer_massage_eventail_2025_2026-1085x1536.jpg 1085w, https:\/\/wushuelorn.fr\/wp-content\/uploads\/2025\/08\/flyer_massage_eventail_2025_2026.jpg 1239w\" sizes=\"auto, (max-width: 723px) 100vw, 723px\" \/><\/figure>\n\n\n\n<figure class=\"wp-block-image size-large is-resized\"><img loading=\"lazy\" decoding=\"async\" width=\"724\" height=\"1024\" src=\"http:\/\/wushuelorn.fr\/wp-content\/uploads\/2025\/09\/texte-pour-stage-massage-eventail_V03-724x1024.jpg\" alt=\"\" class=\"wp-image-886\" style=\"width:548px;height:auto\" srcset=\"https:\/\/wushuelorn.fr\/wp-content\/uploads\/2025\/09\/texte-pour-stage-massage-eventail_V03-724x1024.jpg 724w, https:\/\/wushuelorn.fr\/wp-content\/uploads\/2025\/09\/texte-pour-stage-massage-eventail_V03-212x300.jpg 212w, https:\/\/wushuelorn.fr\/wp-content\/uploads\/2025\/09\/texte-pour-stage-massage-eventail_V03-768x1086.jpg 768w, https:\/\/wushuelorn.fr\/wp-content\/uploads\/2025\/09\/texte-pour-stage-massage-eventail_V03-1087x1536.jpg 1087w, https:\/\/wushuelorn.fr\/wp-content\/uploads\/2025\/09\/texte-pour-stage-massage-eventail_V03.jpg 1240w\" sizes=\"auto, (max-width: 724px) 100vw, 724px\" \/><\/figure>\n\n\n\n<figure class=\"wp-block-image size-large is-resized\"><img loading=\"lazy\" decoding=\"async\" width=\"723\" height=\"1024\" src=\"http:\/\/wushuelorn.fr\/wp-content\/uploads\/2025\/09\/masterclasse_Wushuelorn_2025-723x1024.jpg\" alt=\"\" class=\"wp-image-883\" style=\"width:497px;height:auto\" srcset=\"https:\/\/wushuelorn.fr\/wp-content\/uploads\/2025\/09\/masterclasse_Wushuelorn_2025-723x1024.jpg 723w, https:\/\/wushuelorn.fr\/wp-content\/uploads\/2025\/09\/masterclasse_Wushuelorn_2025-212x300.jpg 212w, https:\/\/wushuelorn.fr\/wp-content\/uploads\/2025\/09\/masterclasse_Wushuelorn_2025-768x1087.jpg 768w, https:\/\/wushuelorn.fr\/wp-content\/uploads\/2025\/09\/masterclasse_Wushuelorn_2025-1085x1536.jpg 1085w, https:\/\/wushuelorn.fr\/wp-content\/uploads\/2025\/09\/masterclasse_Wushuelorn_2025.jpg 1239w\" sizes=\"auto, (max-width: 723px) 100vw, 723px\" \/><\/figure>\n\n\n\n<figure class=\"wp-block-image size-large is-resized\"><img loading=\"lazy\" decoding=\"async\" width=\"723\" height=\"1024\" src=\"http:\/\/wushuelorn.fr\/wp-content\/uploads\/2025\/09\/texte-master-classe-sabre_V03-723x1024.jpg\" alt=\"\" class=\"wp-image-902\" style=\"width:554px;height:auto\" srcset=\"https:\/\/wushuelorn.fr\/wp-content\/uploads\/2025\/09\/texte-master-classe-sabre_V03-723x1024.jpg 723w, https:\/\/wushuelorn.fr\/wp-content\/uploads\/2025\/09\/texte-master-classe-sabre_V03-212x300.jpg 212w, https:\/\/wushuelorn.fr\/wp-content\/uploads\/2025\/09\/texte-master-classe-sabre_V03-768x1087.jpg 768w, https:\/\/wushuelorn.fr\/wp-content\/uploads\/2025\/09\/texte-master-classe-sabre_V03-1085x1536.jpg 1085w, https:\/\/wushuelorn.fr\/wp-content\/uploads\/2025\/09\/texte-master-classe-sabre_V03.jpg 1239w\" sizes=\"auto, (max-width: 723px) 100vw, 723px\" \/><\/figure>\n\n\n\n<h1 class=\"wp-block-heading\"><strong>Porte ouverte et Assembl\u00e9e G\u00e9n\u00e9rale de l&#8217;association<\/strong><\/h1>\n\n\n\n<h2 class=\"wp-block-heading\"><\/h2>\n\n\n\n<p><strong>QI GONG&nbsp;,TA\u00cf CHI<\/strong>,<strong>KUNG FU<\/strong> : <strong>LE SAMEDI 7 JUIN 25 DE 14H \u00c0 17H<\/strong> <\/p>\n\n\n\n<p><strong>DOJO COAT MEZ<\/strong> , <strong>DIRINON\/DAOULAS (PRES DU COLLEGE COLLEGE DE DAOULAS )<\/strong><\/p>\n\n\n\n<figure class=\"wp-block-image size-large\"><img loading=\"lazy\" decoding=\"async\" width=\"1024\" height=\"577\" src=\"http:\/\/wushuelorn.fr\/wp-content\/uploads\/2025\/09\/20250607_172513-1024x577.jpg\" alt=\"\" class=\"wp-image-888\" srcset=\"https:\/\/wushuelorn.fr\/wp-content\/uploads\/2025\/09\/20250607_172513-1024x577.jpg 1024w, https:\/\/wushuelorn.fr\/wp-content\/uploads\/2025\/09\/20250607_172513-300x169.jpg 300w, https:\/\/wushuelorn.fr\/wp-content\/uploads\/2025\/09\/20250607_172513-768x432.jpg 768w, https:\/\/wushuelorn.fr\/wp-content\/uploads\/2025\/09\/20250607_172513-1536x865.jpg 1536w, https:\/\/wushuelorn.fr\/wp-content\/uploads\/2025\/09\/20250607_172513-2048x1153.jpg 2048w\" sizes=\"auto, (max-width: 767px) 89vw, (max-width: 1000px) 54vw, (max-width: 1071px) 543px, 580px\" \/><\/figure>\n\n\n\n<p>&nbsp;<\/p>\n\n\n\n<p><\/p>\n\n\n\n<p>Venez nombreux d\u00e9couvrir les pratiques d&#8217;Arts Martiaux et Energ\u00e9tiques Chinois tel le Qi Gong ,le Taiji ,le Kung Fu l<strong>e samedi 7 juin 2025 \u00e0 partir de 14H00 au Dojo de Coat Mez<\/strong> pr\u00e8s du coll\u00e8ge de Daoulas . Les Professeurs et \u00e9l\u00e8ves pr\u00e9sents se feront un plaisir d&#8217;\u00e9changer avec vous pour vous faire d\u00e9couvrir les subtilit\u00e9s de ces arts de bien-\u00eatre et de d\u00e9veloppement personnel . \u00e0 <strong>17H00<\/strong> se d\u00e9roulera ensuite <strong>notre assembl\u00e9e g\u00e9n\u00e9rale ouvert aux adh\u00e9rents<\/strong> \u00e0 jour de leur cotisation ,l&#8217;Ag sera suivie d&#8217;un pot et d&#8217;un buffet o\u00f9 chacun am\u00e8nera un petit plat pour partager dans une belle ambiance .<\/p>\n\n\n\n<p><\/p>\n\n\n\n<h1 class=\"wp-block-heading\"><strong>Grand stage International avec Ma\u00eetre Faye Li-Yip<\/strong><\/h1>\n\n\n\n<figure class=\"wp-block-image size-large is-resized\"><img loading=\"lazy\" decoding=\"async\" width=\"732\" height=\"1024\" src=\"http:\/\/wushuelorn.fr\/wp-content\/uploads\/2025\/03\/IMG-20250325-WA0000-732x1024.jpg\" alt=\"\" class=\"wp-image-800\" style=\"width:564px;height:auto\" srcset=\"https:\/\/wushuelorn.fr\/wp-content\/uploads\/2025\/03\/IMG-20250325-WA0000-732x1024.jpg 732w, https:\/\/wushuelorn.fr\/wp-content\/uploads\/2025\/03\/IMG-20250325-WA0000-215x300.jpg 215w, https:\/\/wushuelorn.fr\/wp-content\/uploads\/2025\/03\/IMG-20250325-WA0000-768x1074.jpg 768w, https:\/\/wushuelorn.fr\/wp-content\/uploads\/2025\/03\/IMG-20250325-WA0000.jpg 811w\" sizes=\"auto, (max-width: 732px) 100vw, 732px\" \/><\/figure>\n\n\n\n<p><strong>17 mai 2025. 10h-16h \u00e0 Dirinon salle polyvalente<\/strong>&nbsp;. <\/p>\n\n\n\n<p>Profitons de la pr\u00e9sence de Maitre Faye pour gouter au taijiquan style Sun.&nbsp;<\/p>\n\n\n\n<p>Ma\u00eetre Faye \u00e9tait tr\u00e8s proche et a beaucoup appris de Maitre Sun Jianyun, la fille de Maitre Sun Lutang, cr\u00e9ateur du style. La journ\u00e9e sera riche en nouveaut\u00e9s.<\/p>\n\n\n\n<p>&nbsp;<strong>17h30-18h30&nbsp; \u00e0 wushu brest<\/strong>&nbsp;<\/p>\n\n\n\n<p>discussion ap\u00e9ritif avec Maitre Faye Li-Yip, prolong\u00e9 par un diner.<\/p>\n\n\n\n<p><strong>18 mai 2025. 10h-16h<\/strong> <strong>\u00e0 Wushu Brest<\/strong>&nbsp;<\/p>\n\n\n\n<p>D\u00e9couvrez et\/ou Perfectionnez votre taiji-kunfu-shan avec Maitre Faye, une grande experte de cette art. Cr\u00e9\u00e9 par le p\u00e8re de Maitre Faye, Professeur Li Deyin, en 2001, il a servi de c\u00e9l\u00e9bration aux Jeux olympiques de P\u00e9kin 2008 et a depuis acquis une immense popularit\u00e9 \u00e0 travers le monde.<\/p>\n\n\n\n<p><\/p>\n\n\n\n<p><\/p>\n\n\n\n<h1 class=\"wp-block-heading\"><strong>Stage d&#8217;\u00e9t\u00e9 d&#8217; Arts Martiaux Chinois  au Domaine de Lembrun dans le LOT<\/strong> <strong>4\u00e8me \u00e9dition<\/strong><\/h1>\n\n\n\n<p><\/p>\n\n\n\n<p>Le stage de Lembrun pour l&#8217;ann\u00e9e 2025 se d\u00e9roulera en Ao\u00fbt dans le Lot ,il n&#8217;est pas trop tard pour s&#8217;inscrire ,les places \u00e9tant limit\u00e9es . <strong>toutes infos et documents d&#8217;inscriptions sont sur le site de Wushu Brest<\/strong> ( inscription en ligne cette ann\u00e9e ) <\/p>\n\n\n\n<figure class=\"wp-block-image size-large is-resized\"><img loading=\"lazy\" decoding=\"async\" width=\"724\" height=\"1024\" src=\"http:\/\/wushuelorn.fr\/wp-content\/uploads\/2025\/03\/plaquette_veamc_2025_-_fevrier-finale-glissees-724x1024.jpg\" alt=\"\" class=\"wp-image-797\" style=\"width:596px;height:auto\" srcset=\"https:\/\/wushuelorn.fr\/wp-content\/uploads\/2025\/03\/plaquette_veamc_2025_-_fevrier-finale-glissees-724x1024.jpg 724w, https:\/\/wushuelorn.fr\/wp-content\/uploads\/2025\/03\/plaquette_veamc_2025_-_fevrier-finale-glissees-212x300.jpg 212w, https:\/\/wushuelorn.fr\/wp-content\/uploads\/2025\/03\/plaquette_veamc_2025_-_fevrier-finale-glissees-768x1086.jpg 768w, https:\/\/wushuelorn.fr\/wp-content\/uploads\/2025\/03\/plaquette_veamc_2025_-_fevrier-finale-glissees-1087x1536.jpg 1087w, https:\/\/wushuelorn.fr\/wp-content\/uploads\/2025\/03\/plaquette_veamc_2025_-_fevrier-finale-glissees.jpg 1240w\" sizes=\"auto, (max-width: 724px) 100vw, 724px\" \/><\/figure>\n\n\n\n<h1 class=\"wp-block-heading\"><strong>Le Stage n\u00b0 3 d&#8217;\u00e9ventail &#8221; <em>l&#8217;expression du Qi dans la forme de l&#8217;\u00e9ventail &#8220;<\/em><\/strong><\/h1>\n\n\n\n<p>ce stage se d\u00e9roulera \u00e0 l&#8217;\u00e9cole Wushu Brest et sera donn\u00e9 parMa\u00eetre Renfeng SU <\/p>\n\n\n\n<figure class=\"wp-block-video\"><video height=\"480\" style=\"aspect-ratio: 848 \/ 480;\" width=\"848\" controls src=\"http:\/\/wushuelorn.fr\/wp-content\/uploads\/2025\/03\/VID-20250304-WA0000.mp4\"><\/video><\/figure>\n\n\n\n<h2 class=\"wp-block-heading\"><strong>Stages de Taiji et Qi Gong en r\u00e9gion parisienne<\/strong><\/h2>\n\n\n\n<p>Notre Professeur Renfeng SU organisera deux stages de Taiji et Qi gong le 26 et 27 avril \u00e0 Bures-sur- Yvette , prouvant ainsi sa renomm\u00e9e tant Nationale que internationale .<\/p>\n\n\n\n<figure class=\"wp-block-image size-large is-resized\"><img loading=\"lazy\" decoding=\"async\" width=\"746\" height=\"1024\" src=\"http:\/\/wushuelorn.fr\/wp-content\/uploads\/2025\/03\/IMG-20250303-WA0000-746x1024.jpg\" alt=\"\" class=\"wp-image-786\" style=\"width:490px;height:auto\" srcset=\"https:\/\/wushuelorn.fr\/wp-content\/uploads\/2025\/03\/IMG-20250303-WA0000-746x1024.jpg 746w, https:\/\/wushuelorn.fr\/wp-content\/uploads\/2025\/03\/IMG-20250303-WA0000-218x300.jpg 218w, https:\/\/wushuelorn.fr\/wp-content\/uploads\/2025\/03\/IMG-20250303-WA0000-768x1055.jpg 768w, https:\/\/wushuelorn.fr\/wp-content\/uploads\/2025\/03\/IMG-20250303-WA0000.jpg 820w\" sizes=\"auto, (max-width: 706px) 89vw, (max-width: 767px) 82vw, 740px\" \/><\/figure>\n\n\n\n<p><\/p>\n\n\n\n<p><\/p>\n\n\n\n<figure class=\"wp-block-image size-large is-resized\"><img loading=\"lazy\" decoding=\"async\" width=\"754\" height=\"1024\" src=\"http:\/\/wushuelorn.fr\/wp-content\/uploads\/2025\/03\/IMG-20250303-WA0001-754x1024.jpg\" alt=\"\" class=\"wp-image-787\" style=\"width:491px;height:auto\" srcset=\"https:\/\/wushuelorn.fr\/wp-content\/uploads\/2025\/03\/IMG-20250303-WA0001-754x1024.jpg 754w, https:\/\/wushuelorn.fr\/wp-content\/uploads\/2025\/03\/IMG-20250303-WA0001-221x300.jpg 221w, https:\/\/wushuelorn.fr\/wp-content\/uploads\/2025\/03\/IMG-20250303-WA0001-768x1043.jpg 768w, https:\/\/wushuelorn.fr\/wp-content\/uploads\/2025\/03\/IMG-20250303-WA0001.jpg 828w\" sizes=\"auto, (max-width: 706px) 89vw, (max-width: 767px) 82vw, 740px\" \/><\/figure>\n\n\n\n<p><\/p>\n\n\n\n<h1 class=\"wp-block-heading\"><strong>STAGE  D&#8217;EVENTAIL<\/strong> <strong>N\u00b02<\/strong><\/h1>\n\n\n\n<figure class=\"wp-block-image size-full\"><img loading=\"lazy\" decoding=\"async\" width=\"479\" height=\"683\" src=\"https:\/\/wushuelorn.fr\/wp-content\/uploads\/2025\/02\/Affiche-stage.png\" alt=\"\" class=\"wp-image-774\" srcset=\"https:\/\/wushuelorn.fr\/wp-content\/uploads\/2025\/02\/Affiche-stage.png 479w, https:\/\/wushuelorn.fr\/wp-content\/uploads\/2025\/02\/Affiche-stage-210x300.png 210w\" sizes=\"auto, (max-width: 479px) 100vw, 479px\" \/><\/figure>\n\n\n\n<p>Apr\u00e8s le premier stage du samedi 15 mars dirig\u00e9 par Josu\u00e9 JEAN-BAPTISTE ,Professeur 3\u00e8me Duan ,o\u00f9 furent abord\u00e9s les premiers rudiments de la pratique de l&#8217;\u00e9ventail en Taiji ;maniement ,gestuelle et bonnes positions du corps pour une meilleure fluidit\u00e9 ,conseils tr\u00e8s pr\u00e9cieux pour la suite de l&#8217;apprentissage \u00e0 venir, durant les deux prochains stages du  2 mars et 23 mars 2025  \u00e0 l&#8217;\u00e9cole Wushu Brest et du 6 avril \u00e0 Dirinon . Ma\u00eetre Renfeng SU 7\u00e8me Duan de Wushu continuera la progression des \u00e9l\u00e8ves participants dans la pratique .<\/p>\n\n\n\n<h1 class=\"wp-block-heading\"><strong>STAGES  D&#8217;EVENTAIL<\/strong> <strong>N\u00b01<\/strong><\/h1>\n\n\n\n<figure class=\"wp-block-image size-full is-resized\"><img loading=\"lazy\" decoding=\"async\" width=\"342\" height=\"484\" src=\"http:\/\/wushuelorn.fr\/wp-content\/uploads\/2025\/02\/Sans-titre-1.png\" alt=\"\" class=\"wp-image-755\" style=\"width:488px;height:auto\" srcset=\"https:\/\/wushuelorn.fr\/wp-content\/uploads\/2025\/02\/Sans-titre-1.png 342w, https:\/\/wushuelorn.fr\/wp-content\/uploads\/2025\/02\/Sans-titre-1-212x300.png 212w\" sizes=\"auto, (max-width: 342px) 100vw, 342px\" \/><\/figure>\n\n\n\n<p><strong>2025, l\u2019ann\u00e9e de l\u2019\u00e9ventail<\/strong>: Un cycle de cinq stages d\u2019\u00e9ventail<\/p>\n\n\n\n<p>Pour accueillir Ma\u00eetre Faye, fille du grand ma\u00eetre Li DeYin,&nbsp; 9e Duan, d\u00e9l\u00e9gu\u00e9 au wushu par l\u2019\u00e9tat chinois pour la cr\u00e9ation du Taiji kungfu eventail, symbolisant le wushu dans sa forme absolue.&nbsp;<\/p>\n\n\n\n<p><strong>Les dates de progression:&nbsp;<\/strong><\/p>\n\n\n\n<p><strong>15 f\u00e9vrier stage 01 <\/strong>maniement des \u00e9ventails <strong>\u00e0 Dirinon<\/strong>, par Djoss 3e Duan, champion de France, form\u00e9 par Renping Goarzin-Su et Renfeng Su<\/p>\n\n\n\n<p><strong>02 mars stage 2<\/strong> ,l\u2019harmonie du corps et du mental par l\u2019eventail, <strong>\u00e0 Brest<\/strong>, par ma\u00eetre Renfeng Su, 7e Duan, championne de chine, disciple du ma\u00eetre Li Deyin.<\/p>\n\n\n\n<p><strong>23 mars stage 3<\/strong> \u00b4l\u2019expression du Qi dans la forme de l\u2019\u00e9ventail par ma\u00eetre Renfeng Su <strong>\u00e0 Brest<\/strong><\/p>\n\n\n\n<p><strong>6 avril stage<\/strong> <strong>4<\/strong> taiji \u00e9ventail par ma\u00eetre Renfeng Su, <strong>\u00e0 Dirinon<\/strong><\/p>\n\n\n\n<p><strong>18 mai grand stage<\/strong> taiji kungfu \u00e9ventail par ma\u00eetre Faye <strong>\u00e0 Brest<\/strong><\/p>\n\n\n\n<p>Ma\u00eetre Faye, va pr\u00e9senter l\u2019histoire de la cr\u00e9ation du taiji kungfu \u00e9ventail par son p\u00e8re grand ma\u00eetre Li DeYin. Cet encha\u00eenement a \u00e9t\u00e9 cr\u00e9\u00e9 pour repr\u00e9senter le wushu pendant lors des jeux l\u2019Olympique 2008 \u00e0 Beijing. Apr\u00e8s avoir eu un grand succ\u00e8s, grand ma\u00eetre Li a cr\u00e9\u00e9 une deuxi\u00e8me s\u00e9rie.&nbsp;<\/p>\n\n\n\n<p>On va d\u00e9guster la beaut\u00e9 et la sant\u00e9 par la pratique de l\u2019\u00e9ventail.&nbsp;<\/p>\n\n\n\n<p>Les stages sont ouverts pour tous niveaux.<\/p>\n\n\n\n<p><\/p>\n\n\n\n<p><\/p>\n\n\n\n<p><strong>TELETHON \u00e0 Dirinon<\/strong><\/p>\n\n\n\n<figure class=\"wp-block-image size-large\"><img loading=\"lazy\" decoding=\"async\" width=\"724\" height=\"1024\" src=\"http:\/\/wushuelorn.fr\/wp-content\/uploads\/2024\/11\/flyer-2024-VF-recto-pdf-724x1024.jpg\" alt=\"\" class=\"wp-image-703\"\/><\/figure>\n\n\n\n<figure class=\"wp-block-image size-large\"><img loading=\"lazy\" decoding=\"async\" width=\"724\" height=\"1024\" src=\"http:\/\/wushuelorn.fr\/wp-content\/uploads\/2024\/11\/flyer-2024-VF-verso-pdf-724x1024.jpg\" alt=\"\" class=\"wp-image-706\"\/><\/figure>\n\n\n\n<h1 class=\"wp-block-heading\"><strong><strong>6 \u00e8me Rencontre Europ\u00e9enne de Qi gong Sant\u00e9 \u00e0 Vienne ( Autriche)<\/strong><\/strong><\/h1>\n\n\n\n<p>A partir du 26 septembre 2024 ,trois \u00e9l\u00e8ves de Wushu Elorn ( Brigitte,Fred et Yves ) accompagneront Renfeng et Djoss ainsi qu&#8217;un beau groupe de brestois motiv\u00e9s pour cette semaine de rencontre, comp\u00e9titions et ateliers autour du Qi gong Sant\u00e9 \u00e0 VIENNE . Bonne pratique \u00e0 eux !<\/p>\n\n\n\n<figure class=\"wp-block-image size-large\"><img loading=\"lazy\" decoding=\"async\" width=\"1024\" height=\"437\" src=\"http:\/\/wushuelorn.fr\/wp-content\/uploads\/2024\/09\/457249157_1868423696967689_920992074322112434_n-1024x437.jpg\" alt=\"\" class=\"wp-image-678\" srcset=\"https:\/\/wushuelorn.fr\/wp-content\/uploads\/2024\/09\/457249157_1868423696967689_920992074322112434_n-1024x437.jpg 1024w, https:\/\/wushuelorn.fr\/wp-content\/uploads\/2024\/09\/457249157_1868423696967689_920992074322112434_n-300x128.jpg 300w, https:\/\/wushuelorn.fr\/wp-content\/uploads\/2024\/09\/457249157_1868423696967689_920992074322112434_n-768x328.jpg 768w, https:\/\/wushuelorn.fr\/wp-content\/uploads\/2024\/09\/457249157_1868423696967689_920992074322112434_n-1536x656.jpg 1536w, https:\/\/wushuelorn.fr\/wp-content\/uploads\/2024\/09\/457249157_1868423696967689_920992074322112434_n.jpg 1920w\" sizes=\"auto, (max-width: 767px) 89vw, (max-width: 1000px) 54vw, (max-width: 1071px) 543px, 580px\" \/><\/figure>\n\n\n\n<h1 class=\"wp-block-heading\"><strong>Stage d&#8217;\u00e9t\u00e9 d&#8217; Arts Martiaux Chinois  au Domaine de Lembrun dans le LOT<\/strong><\/h1>\n\n\n\n<figure class=\"wp-block-image size-full\"><img loading=\"lazy\" decoding=\"async\" width=\"596\" height=\"842\" src=\"http:\/\/wushuelorn.fr\/wp-content\/uploads\/2024\/07\/image.png\" alt=\"\" class=\"wp-image-638\" srcset=\"https:\/\/wushuelorn.fr\/wp-content\/uploads\/2024\/07\/image.png 596w, https:\/\/wushuelorn.fr\/wp-content\/uploads\/2024\/07\/image-212x300.png 212w\" sizes=\"auto, (max-width: 596px) 100vw, 596px\" \/><\/figure>\n\n\n\n<p>Cet \u00e9t\u00e9 ce d\u00e9roulera au Domaine de LEMBRUN dans le LOT un stage d&#8217; Arts Martiaux Chinois ouvert \u00e0 tous ,la totalit\u00e9 des renseignements se trouvant sur le site de Wushu Brest . Ce stage ,le troisi\u00e8me du nom est riche d&#8217;enseignements et de d\u00e9couvertes dans un site magnifique .<\/p>\n\n\n\n<h1 class=\"wp-block-heading\"><strong><strong>La f\u00eate de fin d&#8217;ann\u00e9e de Wushu Brest le 30 juin au<\/strong> gymnase Foch \u00e0 Brest<\/strong><\/h1>\n\n\n\n<p>Pour cette grande F\u00eate de fin d&#8217;ann\u00e9e de Wushu Brest ,Wushu Elorn en tant que partenaire ,est invit\u00e9 avec tous ses adh\u00e9rents ( qu&#8217;ils soient \u00e9l\u00e8ves ou non \u00e0 Wushu Brest ) \u00e0 partager ce beau moment ensemble pour faire rayonner le wushu sur le Finist\u00e8re .<\/p>\n\n\n\n<figure class=\"wp-block-image size-large\"><img loading=\"lazy\" decoding=\"async\" width=\"730\" height=\"1024\" src=\"http:\/\/wushuelorn.fr\/wp-content\/uploads\/2024\/06\/IMG-20240615-WA0001-730x1024.jpg\" alt=\"\" class=\"wp-image-594\" srcset=\"https:\/\/wushuelorn.fr\/wp-content\/uploads\/2024\/06\/IMG-20240615-WA0001-730x1024.jpg 730w, https:\/\/wushuelorn.fr\/wp-content\/uploads\/2024\/06\/IMG-20240615-WA0001-214x300.jpg 214w, https:\/\/wushuelorn.fr\/wp-content\/uploads\/2024\/06\/IMG-20240615-WA0001-768x1077.jpg 768w, https:\/\/wushuelorn.fr\/wp-content\/uploads\/2024\/06\/IMG-20240615-WA0001.jpg 828w\" sizes=\"auto, (max-width: 730px) 100vw, 730px\" \/><\/figure>\n\n\n\n<figure class=\"wp-block-image size-large\"><img loading=\"lazy\" decoding=\"async\" width=\"758\" height=\"1024\" src=\"http:\/\/wushuelorn.fr\/wp-content\/uploads\/2024\/06\/IMG-20240615-WA0002-758x1024.jpg\" alt=\"\" class=\"wp-image-596\" srcset=\"https:\/\/wushuelorn.fr\/wp-content\/uploads\/2024\/06\/IMG-20240615-WA0002-758x1024.jpg 758w, https:\/\/wushuelorn.fr\/wp-content\/uploads\/2024\/06\/IMG-20240615-WA0002-222x300.jpg 222w, https:\/\/wushuelorn.fr\/wp-content\/uploads\/2024\/06\/IMG-20240615-WA0002-768x1038.jpg 768w, https:\/\/wushuelorn.fr\/wp-content\/uploads\/2024\/06\/IMG-20240615-WA0002.jpg 826w\" sizes=\"auto, (max-width: 706px) 89vw, (max-width: 767px) 82vw, 740px\" \/><\/figure>\n","protected":false},"excerpt":{"rendered":"<p>Les stages de Ma\u00eetre Faye Li &#8211; Yip sont annul\u00e9s Stage de Taiji et de Qigong de Ma\u00eetre Renfeng SU le 17 mai 2026 \u00e0 Bures-sur-Yvette Stage de Daoyin Yang shen Gong France Voici l&#8217;affiche du stage de Daoying Yang Sheng Gong France organis\u00e9 \u00e0 Combrit &#8211; Ste Marine le 23 et 24 mai 2026 &hellip; <\/p>\n<p class=\"link-more\"><a href=\"https:\/\/wushuelorn.fr\/?page_id=128\" class=\"more-link\">Continue reading<span class=\"screen-reader-text\"> &#8220;Ev\u00e9nements \u00e0 venir&#8221;<\/span><\/a><\/p>\n","protected":false},"author":1,"featured_media":0,"parent":0,"menu_order":0,"comment_status":"closed","ping_status":"closed","template":"","meta":{"footnotes":""},"class_list":["post-128","page","type-page","status-publish","hentry"],"yoast_head":"<!-- This site is optimized with the Yoast SEO plugin v19.8 - https:\/\/yoast.com\/wordpress\/plugins\/seo\/ -->\n<title>Ev\u00e9nements \u00e0 venir - Wushu Elorn: Taiji QiGong Kungfu<\/title>\n<meta name=\"robots\" content=\"index, follow, max-snippet:-1, max-image-preview:large, max-video-preview:-1\" \/>\n<link rel=\"canonical\" href=\"https:\/\/wushuelorn.fr\/?page_id=128\" \/>\n<meta property=\"og:locale\" content=\"en_US\" \/>\n<meta property=\"og:type\" content=\"article\" \/>\n<meta property=\"og:title\" content=\"Ev\u00e9nements \u00e0 venir - Wushu Elorn: Taiji QiGong Kungfu\" \/>\n<meta property=\"og:description\" content=\"Les stages de Ma\u00eetre Faye Li &#8211; Yip sont annul\u00e9s Stage de Taiji et de Qigong de Ma\u00eetre Renfeng SU le 17 mai 2026 \u00e0 Bures-sur-Yvette Stage de Daoyin Yang shen Gong France Voici l&#8217;affiche du stage de Daoying Yang Sheng Gong France organis\u00e9 \u00e0 Combrit &#8211; Ste Marine le 23 et 24 mai 2026 &hellip; Continue reading &quot;Ev\u00e9nements \u00e0 venir&quot;\" \/>\n<meta property=\"og:url\" content=\"https:\/\/wushuelorn.fr\/?page_id=128\" \/>\n<meta property=\"og:site_name\" content=\"Wushu Elorn: Taiji QiGong Kungfu\" \/>\n<meta property=\"article:publisher\" content=\"https:\/\/www.facebook.com\/WushuElorn\/\" \/>\n<meta property=\"article:modified_time\" content=\"2026-04-11T08:24:10+00:00\" \/>\n<meta property=\"og:image\" content=\"http:\/\/wushuelorn.fr\/wp-content\/uploads\/2025\/03\/IMG-20250325-WA0000-732x1024.jpg\" \/>\n<meta name=\"twitter:card\" content=\"summary_large_image\" \/>\n<meta name=\"twitter:label1\" content=\"Est. reading time\" \/>\n\t<meta name=\"twitter:data1\" content=\"10 minutes\" \/>\n<script type=\"application\/ld+json\" class=\"yoast-schema-graph\">{\"@context\":\"https:\/\/schema.org\",\"@graph\":[{\"@type\":\"WebPage\",\"@id\":\"https:\/\/wushuelorn.fr\/?page_id=128\",\"url\":\"https:\/\/wushuelorn.fr\/?page_id=128\",\"name\":\"Ev\u00e9nements \u00e0 venir - Wushu Elorn: Taiji QiGong Kungfu\",\"isPartOf\":{\"@id\":\"https:\/\/wushuelorn.fr\/#website\"},\"datePublished\":\"2022-06-17T13:34:44+00:00\",\"dateModified\":\"2026-04-11T08:24:10+00:00\",\"breadcrumb\":{\"@id\":\"https:\/\/wushuelorn.fr\/?page_id=128#breadcrumb\"},\"inLanguage\":\"en-US\",\"potentialAction\":[{\"@type\":\"ReadAction\",\"target\":[\"https:\/\/wushuelorn.fr\/?page_id=128\"]}]},{\"@type\":\"BreadcrumbList\",\"@id\":\"https:\/\/wushuelorn.fr\/?page_id=128#breadcrumb\",\"itemListElement\":[{\"@type\":\"ListItem\",\"position\":1,\"name\":\"Accueil\",\"item\":\"https:\/\/wushuelorn.fr\/\"},{\"@type\":\"ListItem\",\"position\":2,\"name\":\"Ev\u00e9nements \u00e0 venir\"}]},{\"@type\":\"WebSite\",\"@id\":\"https:\/\/wushuelorn.fr\/#website\",\"url\":\"https:\/\/wushuelorn.fr\/\",\"name\":\"Wushu Elorn: Taiji QiGong Kungfu\",\"description\":\"Pays de Landerneau Daoulas\",\"publisher\":{\"@id\":\"https:\/\/wushuelorn.fr\/#organization\"},\"potentialAction\":[{\"@type\":\"SearchAction\",\"target\":{\"@type\":\"EntryPoint\",\"urlTemplate\":\"https:\/\/wushuelorn.fr\/?s={search_term_string}\"},\"query-input\":\"required name=search_term_string\"}],\"inLanguage\":\"en-US\"},{\"@type\":\"Organization\",\"@id\":\"https:\/\/wushuelorn.fr\/#organization\",\"name\":\"Wushu Elorn\",\"url\":\"https:\/\/wushuelorn.fr\/\",\"sameAs\":[\"https:\/\/www.facebook.com\/WushuElorn\/\"],\"logo\":{\"@type\":\"ImageObject\",\"inLanguage\":\"en-US\",\"@id\":\"https:\/\/wushuelorn.fr\/#\/schema\/logo\/image\/\",\"url\":\"https:\/\/wushuelorn.fr\/wp-content\/uploads\/2022\/06\/wushuLogo.jpeg\",\"contentUrl\":\"https:\/\/wushuelorn.fr\/wp-content\/uploads\/2022\/06\/wushuLogo.jpeg\",\"width\":768,\"height\":711,\"caption\":\"Wushu Elorn\"},\"image\":{\"@id\":\"https:\/\/wushuelorn.fr\/#\/schema\/logo\/image\/\"}}]}<\/script>\n<!-- \/ Yoast SEO plugin. -->","yoast_head_json":{"title":"Ev\u00e9nements \u00e0 venir - Wushu Elorn: Taiji QiGong Kungfu","robots":{"index":"index","follow":"follow","max-snippet":"max-snippet:-1","max-image-preview":"max-image-preview:large","max-video-preview":"max-video-preview:-1"},"canonical":"https:\/\/wushuelorn.fr\/?page_id=128","og_locale":"en_US","og_type":"article","og_title":"Ev\u00e9nements \u00e0 venir - Wushu Elorn: Taiji QiGong Kungfu","og_description":"Les stages de Ma\u00eetre Faye Li &#8211; Yip sont annul\u00e9s Stage de Taiji et de Qigong de Ma\u00eetre Renfeng SU le 17 mai 2026 \u00e0 Bures-sur-Yvette Stage de Daoyin Yang shen Gong France Voici l&#8217;affiche du stage de Daoying Yang Sheng Gong France organis\u00e9 \u00e0 Combrit &#8211; Ste Marine le 23 et 24 mai 2026 &hellip; Continue reading \"Ev\u00e9nements \u00e0 venir\"","og_url":"https:\/\/wushuelorn.fr\/?page_id=128","og_site_name":"Wushu Elorn: Taiji QiGong Kungfu","article_publisher":"https:\/\/www.facebook.com\/WushuElorn\/","article_modified_time":"2026-04-11T08:24:10+00:00","og_image":[{"url":"http:\/\/wushuelorn.fr\/wp-content\/uploads\/2025\/03\/IMG-20250325-WA0000-732x1024.jpg"}],"twitter_card":"summary_large_image","twitter_misc":{"Est. reading time":"10 minutes"},"schema":{"@context":"https:\/\/schema.org","@graph":[{"@type":"WebPage","@id":"https:\/\/wushuelorn.fr\/?page_id=128","url":"https:\/\/wushuelorn.fr\/?page_id=128","name":"Ev\u00e9nements \u00e0 venir - Wushu Elorn: Taiji QiGong Kungfu","isPartOf":{"@id":"https:\/\/wushuelorn.fr\/#website"},"datePublished":"2022-06-17T13:34:44+00:00","dateModified":"2026-04-11T08:24:10+00:00","breadcrumb":{"@id":"https:\/\/wushuelorn.fr\/?page_id=128#breadcrumb"},"inLanguage":"en-US","potentialAction":[{"@type":"ReadAction","target":["https:\/\/wushuelorn.fr\/?page_id=128"]}]},{"@type":"BreadcrumbList","@id":"https:\/\/wushuelorn.fr\/?page_id=128#breadcrumb","itemListElement":[{"@type":"ListItem","position":1,"name":"Accueil","item":"https:\/\/wushuelorn.fr\/"},{"@type":"ListItem","position":2,"name":"Ev\u00e9nements \u00e0 venir"}]},{"@type":"WebSite","@id":"https:\/\/wushuelorn.fr\/#website","url":"https:\/\/wushuelorn.fr\/","name":"Wushu Elorn: Taiji QiGong Kungfu","description":"Pays de Landerneau Daoulas","publisher":{"@id":"https:\/\/wushuelorn.fr\/#organization"},"potentialAction":[{"@type":"SearchAction","target":{"@type":"EntryPoint","urlTemplate":"https:\/\/wushuelorn.fr\/?s={search_term_string}"},"query-input":"required name=search_term_string"}],"inLanguage":"en-US"},{"@type":"Organization","@id":"https:\/\/wushuelorn.fr\/#organization","name":"Wushu Elorn","url":"https:\/\/wushuelorn.fr\/","sameAs":["https:\/\/www.facebook.com\/WushuElorn\/"],"logo":{"@type":"ImageObject","inLanguage":"en-US","@id":"https:\/\/wushuelorn.fr\/#\/schema\/logo\/image\/","url":"https:\/\/wushuelorn.fr\/wp-content\/uploads\/2022\/06\/wushuLogo.jpeg","contentUrl":"https:\/\/wushuelorn.fr\/wp-content\/uploads\/2022\/06\/wushuLogo.jpeg","width":768,"height":711,"caption":"Wushu Elorn"},"image":{"@id":"https:\/\/wushuelorn.fr\/#\/schema\/logo\/image\/"}}]}},"_links":{"self":[{"href":"https:\/\/wushuelorn.fr\/index.php?rest_route=\/wp\/v2\/pages\/128","targetHints":{"allow":["GET"]}}],"collection":[{"href":"https:\/\/wushuelorn.fr\/index.php?rest_route=\/wp\/v2\/pages"}],"about":[{"href":"https:\/\/wushuelorn.fr\/index.php?rest_route=\/wp\/v2\/types\/page"}],"author":[{"embeddable":true,"href":"https:\/\/wushuelorn.fr\/index.php?rest_route=\/wp\/v2\/users\/1"}],"replies":[{"embeddable":true,"href":"https:\/\/wushuelorn.fr\/index.php?rest_route=%2Fwp%2Fv2%2Fcomments&post=128"}],"version-history":[{"count":42,"href":"https:\/\/wushuelorn.fr\/index.php?rest_route=\/wp\/v2\/pages\/128\/revisions"}],"predecessor-version":[{"id":1009,"href":"https:\/\/wushuelorn.fr\/index.php?rest_route=\/wp\/v2\/pages\/128\/revisions\/1009"}],"wp:attachment":[{"href":"https:\/\/wushuelorn.fr\/index.php?rest_route=%2Fwp%2Fv2%2Fmedia&parent=128"}],"curies":[{"name":"wp","href":"https:\/\/api.w.org\/{rel}","templated":true}]}}